{"id":5225,"date":"2022-03-18T10:48:08","date_gmt":"2022-03-18T10:48:08","guid":{"rendered":"https:\/\/vrigstadshembygdsforening.se\/?page_id=5225"},"modified":"2022-04-08T09:10:00","modified_gmt":"2022-04-08T09:10:00","slug":"stadgar-for-vrigstads-hembygdsforening","status":"publish","type":"page","link":"https:\/\/vrigstadshembygdsforening.se\/?page_id=5225","title":{"rendered":"Stadgar f\u00f6r Vrigstads hembygdsf\u00f6rening"},"content":{"rendered":"\n<p><strong>(Org. Nr. 827500-4771)<\/strong><\/p>\n\n\n\n<p><strong>INNEH\u00c5LLSF\u00d6RTECKNING<\/strong><\/p>\n\n\n\n<p>\u00a7 1 Namn, verksamhetsomr\u00e5de<\/p>\n\n\n\n<p>\u00a7 2 Hembygdsr\u00f6relsens grundsyn<\/p>\n\n\n\n<p>\u00a7 3 Hembygdsr\u00f6relsens \u00e4ndam\u00e5l<\/p>\n\n\n\n<p>\u00a7 4 Hembygdsf\u00f6reningens organisation<\/p>\n\n\n\n<p>\u00a7 5 Medlemsm\u00f6ten<\/p>\n\n\n\n<p>\u00a7 6 Medlemskap<\/p>\n\n\n\n<p>\u00a7 7 Avgifter<\/p>\n\n\n\n<p>\u00a7 8 Lokalt samarbete<\/p>\n\n\n\n<p>\u00a7 9 Ordinarie \u00e5rsm\u00f6te<\/p>\n\n\n\n<p>\u00a7 10 Extra \u00e5rsm\u00f6te<\/p>\n\n\n\n<p>\u00a7 11 Hembygdsf\u00f6reningens styrelse<\/p>\n\n\n\n<p>\u00a7 12 R\u00e4kenskaper och revision<\/p>\n\n\n\n<p>\u00a7 13 Stadge\u00e4ndring<\/p>\n\n\n\n<p>\u00a7 14 Uppl\u00f6sning<\/p>\n\n\n\n<p><strong>\u00a7 1<\/strong> <strong>Namn, verksamhetsomr\u00e5de<\/strong><\/p>\n\n\n\n<p>Vrigstads hembygdsf\u00f6rening, nedan kallad F\u00f6reningen, \u00e4r en allm\u00e4nnyttig, ideell f\u00f6rening som \u00e4r partipolitiskt och religi\u00f6st obunden. F\u00f6reningens verksamhetsomr\u00e5de utg\u00f6rs av Vrigstads tidigare sockengr\u00e4ns och organiserar f\u00f6reningar och m\u00e4nniskor med intressen som sammanfaller med vad som anges i \u00a7 2 och \u00a7 3 i dessa stadgar. Vrigstads hembygdsf\u00f6rening \u00e4r Sveriges hembygdsf\u00f6rbunds lokala organ.<\/p>\n\n\n\n<p><strong>\u00a7 2<\/strong> <strong>Hembygdsr\u00f6relsens grundsyn<\/strong><\/p>\n\n\n\n<p>Hembygdsr\u00f6relsen \u00e4r den del av det levande samh\u00e4llet. Den skapar broar mellan det f\u00f6rg\u00e5ngna, nutiden och framtiden. Hembygdsr\u00f6relsen har ett humanistiskt och demokratiskt syns\u00e4tt. Den \u00e4r \u00f6ppen f\u00f6r alla, oavsett bakgrund. Den respekterar kulturarvets skiftande former i tid och rum. Hembygdsarbetet skapar gemenskap, trygghet och identitet. Intresset f\u00f6r kulturarvet \u00e4r drivkraften i engagemanget f\u00f6r hembygden. H\u00e4r m\u00f6ts alla generationer.<\/p>\n\n\n\n<p><strong>\u00a7 3<\/strong> <strong>Hembygdsr\u00f6relsens \u00e4ndam\u00e5l<\/strong><\/p>\n\n\n\n<p>Hembygdsr\u00f6relsens \u00e4ndam\u00e5l \u00e4r att v\u00e5rda och synligg\u00f6ra hembygdens kultur och milj\u00f6 s\u00e5 att den blir en naturlig grund f\u00f6r ett gott liv.<\/p>\n\n\n\n<p>Hembygdsf\u00f6reningen skall i detta syfte arbeta f\u00f6r:<\/p>\n\n\n\n<ul class=\"wp-block-list\"><li>Att kunskapen om och k\u00e4nslan f\u00f6r hembygdens kultur- och naturarv f\u00f6rdjupas och f\u00f6rs vidare till kommande generationer.<\/li><li>Att kultur- och naturhistoriska minnen och milj\u00f6er tas tillvara och g\u00f6rs tillg\u00e4ngliga f\u00f6r alla.<\/li><li>Att kulturarv, milj\u00f6, tradition och h\u00e4vdvunnen sed skyddas vid planering och f\u00f6r\u00e4ndring av samh\u00e4llet.<\/li><li>Att med kunskap om kultur- och naturarvet aktivt delta i formandet av framtidens hembygd.<\/li><\/ul>\n\n\n\n<p><strong>\u00a74<\/strong> <strong>Hembygdsf\u00f6reningens organisation<\/strong><\/p>\n\n\n\n<p><strong>4:1 <\/strong>F\u00f6reningen best\u00e5r av r\u00f6stber\u00e4ttigade medlemmar som \u00e4r intresserade av att p\u00e5 olika s\u00e4tt st\u00f6dja f\u00f6reningens arbete och fr\u00e4mja hembygdsarbetet.<\/p>\n\n\n\n<p><strong>4:2 <\/strong>F\u00f6reningens h\u00f6gsta beslutande organ \u00e4r \u00e5rsm\u00f6tet som utser styrelse f\u00f6r f\u00f6reningen. Mellan \u00e5rsm\u00f6tena \u00e4r styrelsen h\u00f6gsta beslutande organ<\/p>\n\n\n\n<p><strong>4:3 <\/strong>F\u00f6reningens verksamhets\u00e5r utg\u00f6rs av kalender\u00e5ret.<\/p>\n\n\n\n<p><strong>\u00a7 5 <\/strong><strong>M\u00f6ten i f\u00f6reningens regi<\/strong><\/p>\n\n\n\n<p>Som ett inslag i f\u00f6reningens verksamhet anordnas m\u00f6ten som behandlar samh\u00e4llets historia, nutid och framtid samt angel\u00e4gna fr\u00e5gor som kan vara v\u00e4gledande f\u00f6r styrelsens avg\u00f6rande<\/p>\n\n\n\n<p><strong>\u00a7 6<\/strong> <strong>Medlemskap<\/strong><\/p>\n\n\n\n<p><strong>6:1 <\/strong>Person som delar de under \u00a72 angivna v\u00e4rderingar och vill bli medlem registreras utan s\u00e4rskild ans\u00f6kan efter det att medlemsavgiften betalts. F\u00f6reningens styrelse kan besluta att v\u00e4gra medlemskap i fall d\u00e4r person inte delar f\u00f6reningens grundsyn.<\/p>\n\n\n\n<p><strong>6:2 <\/strong>Medlem som agerar p\u00e5 s\u00e4tt som skadar f\u00f6reningen kan uteslutas av f\u00f6reningens styrelse.<\/p>\n\n\n\n<p><strong>\u00a7 7<\/strong> <strong>Avgifter<\/strong><\/p>\n\n\n\n<p>Avgifter f\u00f6r medlemmar beslutas av ordinarie \u00e5rsm\u00f6te.<\/p>\n\n\n\n<p><strong>\u00a7 8<\/strong> <strong>Lokalt samarbete<\/strong><\/p>\n\n\n\n<p>F\u00f6reningen kan efter styrelsens beslut intr\u00e4da som medlem i s\u00e5dana lokala sammanslutningar vars \u00e4ndam\u00e5l sammanfaller med f\u00f6reningens eller gagnar dess sak.<\/p>\n\n\n\n<p><strong>\u00a7 9<\/strong> <strong>Ordinarie \u00e5rsm\u00f6te<\/strong><\/p>\n\n\n\n<p><strong>9:1 <\/strong>\u00c5rsm\u00f6te med f\u00f6reningen ska h\u00e5llas senast under mars m\u00e5nad p\u00e5 tid och plats som styrelsen beslutar.<\/p>\n\n\n\n<p><strong>9:2 <\/strong>\u00c5rsm\u00f6tet best\u00e5r av f\u00f6reningens medlemmar. Alla medlemmar och styrelseledam\u00f6ter \u00e4ger f\u00f6rslag- och yttrander\u00e4tt. Ledam\u00f6terna i f\u00f6reningens styrelse \u00e4ger ej r\u00f6str\u00e4tt vid beslut i fr\u00e5gan om ansvarsfrihet f\u00f6r styrelsen.<\/p>\n\n\n\n<p><strong>9:3 <\/strong>R\u00f6str\u00e4tt kan ej ut\u00f6vas genom fullmakt.<\/p>\n\n\n\n<p><strong>9:4 <\/strong>Kallelse till \u00e5rsm\u00f6te delges medlemmarna senast fyra veckor f\u00f6re m\u00f6tet.<\/p>\n\n\n\n<p><strong>9:5 <\/strong>Medlem, som s\u00e5 beg\u00e4r, ska senast tv\u00e5 veckor f\u00f6re \u00e5rsm\u00f6tet f\u00e5 tillg\u00e5ng till \u00e5rsm\u00f6teshandlingarna.<\/p>\n\n\n\n<p><strong>9:6 <\/strong>Vid ordinarie \u00e5rsm\u00f6te ska f\u00f6ljande \u00e4renden behandlas<\/p>\n\n\n\n<p>a. Fr\u00e5ga om \u00e5rsm\u00f6tets stadgeenliga utlysande.<\/p>\n\n\n\n<p>b. Val av \u00e5rsm\u00f6tesfunktion\u00e4rer:<\/p>\n\n\n\n<p>&#8211; M\u00f6tesordf\u00f6rande<\/p>\n\n\n\n<p>&#8211; M\u00f6tessekreterare<\/p>\n\n\n\n<p>&#8211; Tv\u00e5 protokolljusterare<\/p>\n\n\n\n<p>&#8211; Tv\u00e5 r\u00f6str\u00e4knare<\/p>\n\n\n\n<p>c. Fastst\u00e4llande av dagordning<\/p>\n\n\n\n<p>d. \u00c5rsredovisning<\/p>\n\n\n\n<p>&#8211; Verksamhetsber\u00e4ttelsen<\/p>\n\n\n\n<p>&#8211; Bokslut<\/p>\n\n\n\n<p>&#8211; Fastst\u00e4llande av resultat- och balansr\u00e4kningarna<\/p>\n\n\n\n<p>&#8211; Fr\u00e5ga om ansvarsfrihet f\u00f6r styrelsens ledam\u00f6ter<\/p>\n\n\n\n<p>e. Val av :<\/p>\n\n\n\n<p>&#8211; Ordf\u00f6rande f\u00f6r n\u00e4stkommande verksamhets\u00e5r<br>&#8211; Ordinarie styrelseledam\u00f6ter f\u00f6r de tv\u00e5 n\u00e4stkommande verksamhets\u00e5ren<br>&#8211; Ers\u00e4ttare f\u00f6r de n\u00e4stkommande tv\u00e5 verksamhets\u00e5ren<br>&#8211; Tv\u00e5 revisorer f\u00f6r n\u00e4stkommande verksamhets\u00e5r<br>&#8211; Tv\u00e5 ers\u00e4ttare f\u00f6r revisorerna f\u00f6r n\u00e4stkommande verksamhets\u00e5r<br>&#8211; Valberedning om h\u00f6gst tre personer, varav en sammankallande<\/p>\n\n\n\n<p>f. Behandling av inkomna motioner och styrelsens f\u00f6rslag.<\/p>\n\n\n\n<p>g. Fastst\u00e4llande av avgifter till f\u00f6reningen.<\/p>\n\n\n\n<p><strong>9:7 <\/strong>Motion till f\u00f6reningens \u00e5rsm\u00f6te kan v\u00e4ckas av varje medlem i f\u00f6reningen. S\u00e5dan motion ska vara f\u00f6reningens styrelse tillhanda senast sex veckor f\u00f6re \u00e5rsm\u00f6tet. Styrelsen ska yttra sig \u00f6ver motionerna. I yttrandet ska \u00e5terfinnas till- eller avstyrkan av motionen och motiven f\u00f6r st\u00e4llningstagandet.<\/p>\n\n\n\n<p><strong>9:8 <\/strong>\u00c5rsm\u00f6tets beslut fattas med enkel majoritet, utom d\u00e5 dessa stadgar f\u00f6reskriver annat. Vid lika r\u00f6stetal avg\u00f6r lotten. Beg\u00e4rs votering vid personval ska denna ske genom sluten omr\u00f6stning.<\/p>\n\n\n\n<p><strong>\u00a7 10 Extra \u00e5rsm\u00f6te<\/strong><\/p>\n\n\n\n<p><strong>10:1 <\/strong>Extra \u00e5rsm\u00f6te skall h\u00e5llas n\u00e4r f\u00f6reningens styrelse eller revisorerna finner det angel\u00e4get eller n\u00e4r minst tio procent av f\u00f6reningens medlemmar beg\u00e4r det i skrivelse till f\u00f6reningens ordf\u00f6rande.<\/p>\n\n\n\n<p><strong>10:2 <\/strong>Kallelse till extra \u00e5rsm\u00f6te ska ske minst 20 dagar f\u00f6re m\u00f6tets h\u00e5llande.<\/p>\n\n\n\n<p><strong>10:3 <\/strong>Extra \u00e5rsm\u00f6te kan endast besluta i de \u00e4renden som upptagits p\u00e5 den dagordning som tillst\u00e4llts medlemmarna i samband med kallelsen.<\/p>\n\n\n\n<p><strong>10:4 <\/strong>Vid extra \u00e5rsm\u00f6te g\u00e4ller f\u00f6r \u00f6vrigt vad som stadgas f\u00f6r ordinarie \u00e5rsm\u00f6te.<\/p>\n\n\n\n<p><strong>\u00a7 11<\/strong> <strong>Hembygdsf\u00f6reningens styrelse<\/strong><\/p>\n\n\n\n<p><strong>11:1 <\/strong>Mellan \u00e5rsm\u00f6tena \u00e4r styrelsen f\u00f6reningens h\u00f6gsta beslutande organ.<\/p>\n\n\n\n<p><strong>11:2 <\/strong>Styrelsen leder f\u00f6reningens verksamhet i enlighet med dessa stadgars \u00e4ndam\u00e5lsparagraf och \u00e5rsm\u00f6tets beslut.<\/p>\n\n\n\n<p><strong>11.3 <\/strong>F\u00f6reningens styrelse ska vidare f\u00f6r \u00e5rsm\u00f6tet framl\u00e4gga s\u00e5dana \u00f6vriga f\u00f6rslag som \u00e4r av betydelse f\u00f6r f\u00f6reningens verksamhet.<\/p>\n\n\n\n<p><strong>11:4 <\/strong>F\u00f6reningens styrelse har sitt s\u00e4te d\u00e4r kansliet \u00e4r bel\u00e4get annars d\u00e4r ordf\u00f6randen \u00e4r bosatt.<\/p>\n\n\n\n<p><strong>11:5 <\/strong>F\u00f6reningens styrelse ska best\u00e5 av minst sju ordinarie ledam\u00f6ter, n\u00e4mligen ordf\u00f6randen och minst sex \u00f6vriga ledam\u00f6ter, vilka samtliga v\u00e4ljs av f\u00f6reningens \u00e5rsm\u00f6te. Antal udda antal ledam\u00f6ter efterstr\u00e4vas.<\/p>\n\n\n\n<p>Mandattiden f\u00f6r ordf\u00f6randen \u00e4r ett \u00e5r. \u00d6vriga ledam\u00f6ter och ers\u00e4ttare har en mandattid p\u00e5 tv\u00e5 \u00e5r. Dessa utses p\u00e5 s\u00e5 s\u00e4tt att h\u00e4lften v\u00e4ljs vartannat \u00e5rsm\u00f6te.<\/p>\n\n\n\n<p><strong>11:6 <\/strong>F\u00f6reningens styrelse utser bland ordinarie ledam\u00f6ter vice ordf\u00f6rande, sekreterare och kass\u00f6r.<\/p>\n\n\n\n<p><strong>11:7 <\/strong>Anst\u00e4lld av f\u00f6reningen kan inte samtidigt vara ledamot eller ers\u00e4ttare i f\u00f6reningens styrelse.<\/p>\n\n\n\n<p><strong>11:8 <\/strong>Den eller de ledam\u00f6ter av styrelsen som f\u00f6rv\u00e4gras ansvarsfrihet av f\u00f6reningens \u00e5rsm\u00f6te kan inte omv\u00e4ljas.<\/p>\n\n\n\n<p><strong>11:9 <\/strong>F\u00f6reningens styrelse sammantr\u00e4der enligt en av styrelsen fastst\u00e4lld sammantr\u00e4desplan, dock minst fyra g\u00e5nger per verksamhets\u00e5r.<\/p>\n\n\n\n<p>Sammantr\u00e4de skall alltid h\u00e5llas n\u00e4r h\u00e4lften av antalet ordinarie ledam\u00f6ter s\u00e5 beg\u00e4r.<\/p>\n\n\n\n<p>Kallelse till sammantr\u00e4de ska ske senast tv\u00e5 veckor i f\u00f6rv\u00e4g.<\/p>\n\n\n\n<p>Styrelsen \u00e4r beslutsm\u00e4ssig d\u00e5 minst halva antalet ledam\u00f6ter \u00e4r n\u00e4rvarande och deltar i beslutet. Styrelsens beslut fattas med enkel majoritet. Vid lika r\u00f6stetal har ordf\u00f6randen utslagsr\u00f6st.<\/p>\n\n\n\n<p>Vid sammantr\u00e4de f\u00f6rs protokoll som justeras p\u00e5 s\u00e4tt som styrelsen beslutar.<\/p>\n\n\n\n<p><strong>11:10 <\/strong>F\u00f6reningens firma tecknas av styrelsen utsedda tv\u00e5 personer, dels i f\u00f6rening eller enskilt.<\/p>\n\n\n\n<p><strong>11:11 <\/strong>Av hembygdsf\u00f6reningen tryckt eller digitalt producerat material, liksom s\u00e4ndningar i radio och tv, och som faller under tryckfrihetsf\u00f6rordningen, \u00e4r utgivaren ensam ansvarig. Utgivaren utses av f\u00f6reningens styrelse.<\/p>\n\n\n\n<p><strong>\u00a7 12<\/strong> <strong>R\u00e4kenskaper och revision<\/strong><\/p>\n\n\n\n<p><strong>12:1 <\/strong>F\u00f6reningens r\u00e4kenskaper f\u00f6rs per kalender\u00e5r.<\/p>\n\n\n\n<p><strong>12:2 <\/strong>F\u00f6r granskning av styrelsens f\u00f6rvaltning och f\u00f6reningens r\u00e4kenskaper utses vid \u00e5rsm\u00f6te tv\u00e5 revisorer och ers\u00e4ttare f\u00f6r dessa.<\/p>\n\n\n\n<p><strong>12:3 <\/strong>Styrelsen ska senast fyra veckor f\u00f6re \u00e5rsm\u00f6tet till revisorerna \u00f6verl\u00e4mna uppgift om f\u00f6reningens ekonomiska st\u00e4llning samt \u00f6vriga f\u00f6r revisionen erforderliga handlingar.<\/p>\n\n\n\n<p><strong>12:4 <\/strong>Revisorerna skall fortl\u00f6pande utf\u00f6ra sitt granskningsarbete. Det \u00e5ligger dem att senast tv\u00e5 veckor f\u00f6re \u00e5rsm\u00f6te till styrelsen \u00f6verl\u00e4mna revisionsber\u00e4ttelse med till- eller avstyrkan av ansvarsfrihet, att framl\u00e4ggas vid f\u00f6reningens \u00e5rsm\u00f6te.<\/p>\n\n\n\n<p><strong>\u00a7 13<\/strong> <strong>Stadge\u00e4ndring<\/strong><\/p>\n\n\n\n<p>\u00c4ndring av dessa stadgar beslutas av f\u00f6reningens ordinarie \u00e5rsm\u00f6te. S\u00e5dant beslut m\u00e5ste fattas med minst tre fj\u00e4rdedelar av avgivna r\u00f6ster.<\/p>\n\n\n\n<p><strong>\u00a7 14<\/strong> <strong>Uppl\u00f6sning<\/strong><\/p>\n\n\n\n<p><strong>14:1 <\/strong>Beslut om uppl\u00f6sning av f\u00f6reningen kan fattas endast om f\u00f6reningens styrelse framlagt s\u00e5dant f\u00f6rslag och att detta f\u00f6rlag vid tv\u00e5 p\u00e5 varandra f\u00f6ljande \u00e5rsm\u00f6te, varav det ena ska vara ett ordinarie \u00e5rsm\u00f6te. Vid vardera \u00e5rsm\u00f6te ska minst tre fj\u00e4rdedelar av de r\u00f6stber\u00e4ttigade n\u00e4rvarande godk\u00e4nna beslutet. Kallelse till det senare \u00e5rsm\u00f6tet f\u00e5r inte ske f\u00f6rr\u00e4n justerat protokoll fr\u00e5n det f\u00f6rsta \u00e5rsm\u00f6tet f\u00f6religger.<\/p>\n\n\n\n<p><strong>14:2 <\/strong>\u00c4r f\u00f6reningens uppl\u00f6sning beslutad, ska dess tillg\u00e5ngar eller skulder \u00f6verl\u00e4mnas till den instans \u00e5rsm\u00f6tet beslutar om. Hembygdsf\u00f6reningens arkivalier \u00f6verl\u00e4mnas till folkr\u00f6relsearkiv eller annat arkiv s\u00e5 n\u00e4ra ursprungsorten som m\u00f6jligt.<\/p>\n\n\n\n<p>Antagna vid f\u00f6reningens \u00e5rsm\u00f6te den 10 mars 2022 samt vid f\u00f6reningsm\u00f6te den 7 april 2022.<\/p>\n","protected":false},"excerpt":{"rendered":"<p>(Org. Nr. 827500-4771) INNEH\u00c5LLSF\u00d6RTECKNING \u00a7 1 Namn, verksamhetsomr\u00e5de \u00a7 2 Hembygdsr\u00f6relsens grundsyn \u00a7 3 Hembygdsr\u00f6relsens \u00e4ndam\u00e5l \u00a7 4 Hembygdsf\u00f6reningens organisation<\/p>\n","protected":false},"author":1,"featured_media":0,"parent":0,"menu_order":0,"comment_status":"closed","ping_status":"closed","template":"","meta":{"footnotes":""},"class_list":["post-5225","page","type-page","status-publish","hentry"],"_links":{"self":[{"href":"https:\/\/vrigstadshembygdsforening.se\/index.php?rest_route=\/wp\/v2\/pages\/5225","targetHints":{"allow":["GET"]}}],"collection":[{"href":"https:\/\/vrigstadshembygdsforening.se\/index.php?rest_route=\/wp\/v2\/pages"}],"about":[{"href":"https:\/\/vrigstadshembygdsforening.se\/index.php?rest_route=\/wp\/v2\/types\/page"}],"author":[{"embeddable":true,"href":"https:\/\/vrigstadshembygdsforening.se\/index.php?rest_route=\/wp\/v2\/users\/1"}],"replies":[{"embeddable":true,"href":"https:\/\/vrigstadshembygdsforening.se\/index.php?rest_route=%2Fwp%2Fv2%2Fcomments&post=5225"}],"version-history":[{"count":3,"href":"https:\/\/vrigstadshembygdsforening.se\/index.php?rest_route=\/wp\/v2\/pages\/5225\/revisions"}],"predecessor-version":[{"id":5255,"href":"https:\/\/vrigstadshembygdsforening.se\/index.php?rest_route=\/wp\/v2\/pages\/5225\/revisions\/5255"}],"wp:attachment":[{"href":"https:\/\/vrigstadshembygdsforening.se\/index.php?rest_route=%2Fwp%2Fv2%2Fmedia&parent=5225"}],"curies":[{"name":"wp","href":"https:\/\/api.w.org\/{rel}","templated":true}]}}