{"id":4056,"date":"2019-12-02T14:18:37","date_gmt":"2019-12-02T14:18:37","guid":{"rendered":"http:\/\/vrigstadshembygdsforening.se\/?page_id=4056"},"modified":"2019-12-02T14:18:37","modified_gmt":"2019-12-02T14:18:37","slug":"aktiviteter-2019","status":"publish","type":"page","link":"https:\/\/vrigstadshembygdsforening.se\/?page_id=4056","title":{"rendered":"Aktiviteter 2019"},"content":{"rendered":"\n<p><strong>Vrigstads Hembygdsf\u00f6rening anordnar varje \u00e5r ett antal temakv\u00e4llar och andra aktiviteter, se nedan. Under \u00e5r 2019 genomf\u00f6rdes f\u00f6ljande aktiviteter:<br><\/strong>I samband med \u00e5rets julskyltning den <strong>1 december <\/strong>s\u00e5lde vi v\u00e5r nya almanacka f\u00f6r \u00e5r 2020 &#8211; med bilder fr\u00e5n &#8221;gamla&#8221; Vrigstad. M\u00e5nga passade p\u00e5 att handla f\u00f6r eget bruk men \u00e4ven som en bra blivande julklapp.<\/p>\n\n\n\n<figure class=\"wp-block-image alignnone\"><a href=\"https:\/\/media.vrigstadshembygdsforening.se\/\/W191201.jpg\"><img loading=\"lazy\" decoding=\"async\" width=\"700\" height=\"438\" src=\"https:\/\/media.vrigstadshembygdsforening.se\/\/W191201.jpg\" alt=\"\" class=\"wp-image-4036\" srcset=\"https:\/\/media.vrigstadshembygdsforening.se\/W191201.jpg 700w, https:\/\/media.vrigstadshembygdsforening.se\/W191201-300x188.jpg 300w\" sizes=\"auto, (max-width: 700px) 100vw, 700px\" \/><\/a><figcaption>Marita Borkowski s\u00e5lde m\u00e5nga almanackor under eftermiddagen.<\/figcaption><\/figure>\n\n\n\n<p>Torsdagen den <strong>31 oktober<\/strong> bes\u00f6kte Peder Losten, tidigare reporter p\u00e5 Radio J\u00f6nk\u00f6ping, f\u00f6reningens temakv\u00e4ll. F\u00f6r sitt radioprogram &#8221;Peders program&#8221; bes\u00f6kte han under flera \u00e5r Greta Quist och hon bistod varje \u00e5r med bl.a. ber\u00e4ttelser fr\u00e5n sin ungdom. Under kv\u00e4llen l\u00e4ste Peder upp en av de m\u00e5nga ber\u00e4ttelser Greta delat med sig. Han underh\u00f6ll \u00e4ven med &#8221;Visor och ber\u00e4ttelser&#8221;, d\u00e4r han ber\u00e4ttade egna barn- och ungdomsber\u00e4ttelser samt h\u00e4ndelser fr\u00e5n sin tid som journalist.<\/p>\n\n\n\n<figure class=\"wp-block-image alignnone\"><a href=\"https:\/\/media.vrigstadshembygdsforening.se\/\/191031_Losten.jpg\"><img loading=\"lazy\" decoding=\"async\" width=\"700\" height=\"431\" src=\"https:\/\/media.vrigstadshembygdsforening.se\/\/191031_Losten.jpg\" alt=\"\" class=\"wp-image-4016\" srcset=\"https:\/\/media.vrigstadshembygdsforening.se\/191031_Losten.jpg 700w, https:\/\/media.vrigstadshembygdsforening.se\/191031_Losten-300x185.jpg 300w\" sizes=\"auto, (max-width: 700px) 100vw, 700px\" \/><\/a><figcaption>Peder Losten bj\u00f6d bl.a. p\u00e5 n\u00e5gra &#8221;v\u00e4stg\u00f6tavisor&#8221; och visor av Evert Taube.<\/figcaption><\/figure>\n\n\n\n<figure class=\"wp-block-image\"><a href=\"https:\/\/media.vrigstadshembygdsforening.se\/\/20191017_krets.jpg\"><img loading=\"lazy\" decoding=\"async\" width=\"700\" height=\"445\" src=\"https:\/\/media.vrigstadshembygdsforening.se\/\/20191017_krets.jpg\" alt=\"\" class=\"wp-image-4003\" srcset=\"https:\/\/media.vrigstadshembygdsforening.se\/20191017_krets.jpg 700w, https:\/\/media.vrigstadshembygdsforening.se\/20191017_krets-300x191.jpg 300w\" sizes=\"auto, (max-width: 700px) 100vw, 700px\" \/><\/a><\/figure>\n\n\n\n<p>Torsdagen den <strong>17 oktober<\/strong> samlades kommunens hembygdsr\u00e5d i Gamla Bankg\u00e5rden d\u00e4r hembygdsf\u00f6reningen och stiftelsen var v\u00e4rdar f\u00f6r \u00e5rets tr\u00e4ff. Vid tr\u00e4ffen deltog representanter f\u00f6r Hj\u00e4lmseryds, Hultsj\u00f6s, Hylletoftas, Stockaryds och S\u00e4vsj\u00f6s hembygdsf\u00f6reningar samt Stiftelsen Komstad kvarn. Vid tr\u00e4ffen delade f\u00f6reningarna med sig information om sina aktiviteter och planer, deltagarna fick \u00e4ven information fr\u00e5n hembygdsf\u00f6rbundet och ett par projekt diskuterades.<br><br>Torsdagen den <strong>3 oktober<\/strong> anordnade vi en temakv\u00e4ll under rubriken &#8221;R\u00e4ddningstj\u00e4nsten &#8211; f\u00f6rr och nu&#8221;. Tre deltidsanst\u00e4llda fr\u00e5n tidigare brandk\u00e5ren i Vrigstad samt tre fr\u00e5n nuvarande R\u00e4ddningstj\u00e4nsten medverkade. Hembygdsf\u00f6reningen visade bilder fr\u00e5n br\u00e4nder i Vrigstad samt gav presenterade hur brandk\u00e5ren v\u00e4xte i Vrigstad efter starten 1921. Det ber\u00e4ttades anekdoter och fakta om brandk\u00e5rens utveckling till den breda verksamhet som R\u00e4ddningstj\u00e4nsten bedriver idag.<\/p>\n\n\n\n<figure class=\"wp-block-image alignnone\"><a href=\"https:\/\/media.vrigstadshembygdsforening.se\/\/191003_1.jpg\"><img loading=\"lazy\" decoding=\"async\" width=\"800\" height=\"512\" src=\"https:\/\/media.vrigstadshembygdsforening.se\/\/191003_1.jpg\" alt=\"\" class=\"wp-image-3991\" srcset=\"https:\/\/media.vrigstadshembygdsforening.se\/191003_1.jpg 800w, https:\/\/media.vrigstadshembygdsforening.se\/191003_1-300x192.jpg 300w, https:\/\/media.vrigstadshembygdsforening.se\/191003_1-768x492.jpg 768w\" sizes=\"auto, (max-width: 800px) 100vw, 800px\" \/><\/a><figcaption>Lennart Fyhrlund, Peter Lindsten och Sten-Anders Karlsson ber\u00e4ttade personliga minnen fr\u00e5n brandk\u00e5ren.<\/figcaption><\/figure>\n\n\n\n<figure class=\"wp-block-image alignnone\"><a href=\"https:\/\/media.vrigstadshembygdsforening.se\/\/191003_2.jpg\"><img loading=\"lazy\" decoding=\"async\" width=\"800\" height=\"543\" src=\"https:\/\/media.vrigstadshembygdsforening.se\/\/191003_2.jpg\" alt=\"\" class=\"wp-image-3990\" srcset=\"https:\/\/media.vrigstadshembygdsforening.se\/191003_2.jpg 800w, https:\/\/media.vrigstadshembygdsforening.se\/191003_2-300x204.jpg 300w, https:\/\/media.vrigstadshembygdsforening.se\/191003_2-768x521.jpg 768w\" sizes=\"auto, (max-width: 800px) 100vw, 800px\" \/><\/a><figcaption>Markus Lundberg, Tommy Wallin och Kalle Torstensson \u00e4r stationerade i Vrigstad och tillh\u00f6r styrkan i Stockaryd.<\/figcaption><\/figure>\n\n\n\n<p>Torsdagen den <strong>12 september<\/strong> visade Stig Marz en film, inspelad i maj 2015, d\u00e4r Inka Dahlquist bl.a. ber\u00e4ttar om sin tid i koncentrationsl\u00e4gret Ravenbruck. Skeppet i Missionskyrkan var fyllt&nbsp;till mer \u00e4n sista plats s\u00e5 visningen fick ske parallellt i Skeppet och i kyrksalen&nbsp;f\u00f6r att alla skulle kunna se filmen.<\/p>\n\n\n\n<figure class=\"wp-block-image alignnone\"><a href=\"https:\/\/media.vrigstadshembygdsforening.se\/\/190912_Inka.jpg\"><img loading=\"lazy\" decoding=\"async\" width=\"800\" height=\"496\" src=\"https:\/\/media.vrigstadshembygdsforening.se\/\/190912_Inka.jpg\" alt=\"\" class=\"wp-image-3968\" srcset=\"https:\/\/media.vrigstadshembygdsforening.se\/190912_Inka.jpg 800w, https:\/\/media.vrigstadshembygdsforening.se\/190912_Inka-300x186.jpg 300w, https:\/\/media.vrigstadshembygdsforening.se\/190912_Inka-768x476.jpg 768w\" sizes=\"auto, (max-width: 800px) 100vw, 800px\" \/><\/a><figcaption>Inka Dahlquist och Stig Marz presenterar filmen.<\/figcaption><\/figure>\n\n\n\n<p>Inka Dahlquist ber\u00e4ttade gripande om hur hon f\u00e4ngslades f\u00f6r att hennes br\u00f6der var partisaner. Hon f\u00e4ngslades och fick tillsammans med ett antal andra kvinnor vistas i en tom lokal med cementgolv och tegelv\u00e4ggar. Morgon och kv\u00e4ll fick man g\u00e5 p\u00e5 toaletten och sovplatsen var direkt p\u00e5 cementgolvet. Gruppen f\u00f6rflyttades senare till ett st\u00f6rre f\u00e4ngelse, men n\u00e4r ryska trupper n\u00e4rmade sig f\u00f6rdes de till koncentrationsl\u00e4gret i Ravensbruck. De grymma handlingar de f\u00e4ngslade utsattes f\u00f6r&nbsp;var enorma och Inka gav en rak och saklig bild av de oftast vidriga f\u00f6rh\u00e5llandena de levde under och vad utsattes f\u00f6r. F\u00f6r Inkas del slutade upplevelsen i Tyskland med att de med godst\u00e5g f\u00f6rdes till den danska gr\u00e4nsen d\u00e4r R\u00f6da korset tog emot dem och de \u00e4ntligen var befriade.<\/p>\n\n\n\n<p>S\u00f6ndagen den <strong>4 augusti<\/strong> h\u00f6ll hembygdsf\u00f6reningen traditionsenligt \u00d6ppet hus p\u00e5 Gr\u00f6ndal. Trots mulet v\u00e4der till en b\u00f6rjan ansl\u00f6t ett 50-tal personer och eftermiddagen avslutades i str\u00e5lande solsken. Bengt Tellgren svarade f\u00f6r uppskattad musikunderh\u00e5llning med en blandad repertoar. F\u00f6reningen visade upp sitt klipparkiv och delar av bildarkivet och bes\u00f6karna kunde njuta av kaffe och ostkaka.<\/p>\n\n\n\n<figure class=\"wp-block-image alignnone\"><a href=\"https:\/\/media.vrigstadshembygdsforening.se\/\/190804_1.jpg\"><img loading=\"lazy\" decoding=\"async\" width=\"700\" height=\"426\" src=\"https:\/\/media.vrigstadshembygdsforening.se\/\/190804_1.jpg\" alt=\"\" class=\"wp-image-3955\" srcset=\"https:\/\/media.vrigstadshembygdsforening.se\/190804_1.jpg 700w, https:\/\/media.vrigstadshembygdsforening.se\/190804_1-300x183.jpg 300w\" sizes=\"auto, (max-width: 700px) 100vw, 700px\" \/><\/a><figcaption>Bengt Tellgren svarade f\u00f6r musikunderh\u00e5llningen.<\/figcaption><\/figure>\n\n\n\n<p>Onsdagen den <strong>24 juli&nbsp;<\/strong>anordnade Vrigstads hembygdsf\u00f6rening en kyrkog\u00e5rdsvandring, med ett 40-tal \u00e5h\u00f6rare,&nbsp;d\u00e4r Stig Marz och B\u00f6rje Cronvall ber\u00e4ttade om n\u00e5gra personer begravda p\u00e5 Vrigstad kyrkog\u00e5rd.<\/p>\n\n\n\n<p>Stig Marz inledde med att ber\u00e4tta om <a href=\"https:\/\/vrigstadshembygdsforening.se\/?page_id=3921\">fyra kvinnor<\/a> &#8211;&nbsp;Sveriges f\u00f6rsta kvinnliga l\u00e4kare Karolina Widerstr\u00f6m och Gerda Wigstr\u00f6m, sjuksk\u00f6terska som arbetade tillsammans med Karolina. Gerda bodde bl.a. i Granebo och har f\u00e5tt en v\u00e4g uppkallad efter sig i Vrigstad, \u00f6ster om skolan. Gerda hade ett f\u00f6rh\u00e5llande med Fredrique Runstedt, men detta br\u00f6ts och f\u00f6rfattarinnan Ulla Linder flyttade 1909 in hos Fredrique. Om Fredrique ber\u00e4ttas det bl.a i ett brev \u201d<em>Fr\u00f6ken Runstedt hon b\u00e5de h\u00f6rdes och syntes n\u00e4r hon var ute. D\u00e4r satt hon i sin gigg, karlklippt och med cigarr i munnen och den stora gulf\u00e4rgade Ulmerdoggen springande runt ekipaget, under ideliga skall.\u201d<\/em><\/p>\n\n\n\n<p>Ulla som flyttade till Vrigstad har bl.a. skrivit nyckelromanen Byarumskungen med handling fr\u00e5n Vrigstad. Hon var en kreativ kvinna som gjorde ett f\u00f6rs\u00f6k att bilda en \u201dVrigstadgrupp\u201d av konstn\u00e4rer, f\u00f6rfattare och andra kulturarbetare.<\/p>\n\n\n\n<p>Vid n\u00e4sta grav ber\u00e4ttade Stig om <a href=\"https:\/\/vrigstadshembygdsforening.se\/?page_id=3919\">Carl Jacobsson<\/a>, som \u00e5r 1886 k\u00f6pte Stenshults Kvarnag\u00e5rd. Hans s\u00f6ner Anton och Fritiof installerade en vattenturbin med en effekt av 110 h\u00e4stkrafter som gjorde att kvarn och s\u00e5g nu drevs med elektrisk kraft. Det byggdes en h\u00f6gsp\u00e4nningsledning in till samh\u00e4llet och det blev d\u00e4rmed br\u00f6derna Jacobsson som s\u00e5g till att Vrigstadborna fick elektriskt ljus p\u00e5 gator och i hemmen f\u00f6r 101 \u00e5r sedan.<\/p>\n\n\n\n<figure class=\"wp-block-image alignnone\"><a href=\"https:\/\/media.vrigstadshembygdsforening.se\/\/190724.jpg\"><img loading=\"lazy\" decoding=\"async\" width=\"700\" height=\"389\" src=\"https:\/\/media.vrigstadshembygdsforening.se\/\/190724.jpg\" alt=\"\" class=\"wp-image-3917\" srcset=\"https:\/\/media.vrigstadshembygdsforening.se\/190724.jpg 700w, https:\/\/media.vrigstadshembygdsforening.se\/190724-300x167.jpg 300w\" sizes=\"auto, (max-width: 700px) 100vw, 700px\" \/><\/a><figcaption>Stig Marz ber\u00e4ttar om br\u00f6derna Jacobsson.<\/figcaption><\/figure>\n\n\n\n<p>B\u00f6rje Cronvall ber\u00e4ttade om <a href=\"https:\/\/vrigstadshembygdsforening.se\/?page_id=3912\">Maria Petersson<\/a> och Rudolf Thunander. Maria tog \u00f6ver v\u00e5rdhemmet Biskopsbo 1915 och utvecklade det till att \u00e4ven innefatta ett arbetshem d\u00e4r s\u00e4kert m\u00e5nga kommer ih\u00e5g bl.a. Adolf Svensson, Sven Ragnar och Arvid Johansson. Maria Pettersson hade en vision om hur makten i samh\u00e4llet skulle f\u00f6rdelas n\u00e4r hon vid kommunalfullm\u00e4ktiges sammantr\u00e4de den 26 november 1939, och val till kommunaln\u00e4mnd skulle f\u00f6rr\u00e4ttas, yrkade p\u00e5 att halva antalet ledam\u00f6ter skulle vara kvinnor. Detta avslogs naturligtvis av den mansdominerade fullm\u00e4ktige.<\/p>\n\n\n\n<p><a href=\"https:\/\/vrigstadshembygdsforening.se\/?page_id=3909\">Rudolf Thunander<\/a> var initativtagare till Vrigstads hembygdsf\u00f6renings bildande 1948. Han b\u00f6rjade som ordf\u00f6rande och satt sedan kvar i styrelsen som kass\u00f6r fram till sin d\u00f6d 2003. Innan dess hade hans stora hembygds- och historiaintresse f\u00e5tt ytterligare ett lyft efter att han g\u00e5tt i pension. D\u00e5 b\u00f6rjade han l\u00e4sa historia p\u00e5 universitetet i V\u00e4xj\u00f6 och 1994 doktorerade med avhandlingen \u201dHovr\u00e4tt i funktion, G\u00f6ta Hovr\u00e4tt och brottm\u00e5len 1635-1699\u201d.<\/p>\n\n\n\n<div class=\"wp-block-image\"><figure class=\"alignleft\"><a href=\"https:\/\/media.vrigstadshembygdsforening.se\/\/190711_Ken-Thunholm.jpg\"><img loading=\"lazy\" decoding=\"async\" width=\"400\" height=\"533\" src=\"https:\/\/media.vrigstadshembygdsforening.se\/\/190711_Ken-Thunholm.jpg\" alt=\"\" class=\"wp-image-3887\" srcset=\"https:\/\/media.vrigstadshembygdsforening.se\/190711_Ken-Thunholm.jpg 400w, https:\/\/media.vrigstadshembygdsforening.se\/190711_Ken-Thunholm-225x300.jpg 225w\" sizes=\"auto, (max-width: 400px) 100vw, 400px\" \/><\/a><figcaption><strong><strong><strong><strong><strong><strong>Ken och Mary Ann Thunholm vid Anders Magnussons gravsten till familjegraven.<\/strong><\/strong><\/strong><\/strong><\/strong><\/strong><\/figcaption><\/figure><\/div>\n\n\n\n<p>Den <strong>11 juli<\/strong> bes\u00f6kte Ken och&nbsp;Mary Ann Thunholm Vrigstad med omnejd. Paret bor i Chicago och bes\u00f6kte sina anf\u00e4ders hemtrakter. Ken&#8217;s mor var f\u00f6dd i Vrigstad och sl\u00e4kten sp\u00e5rades \u00e4nda till \u00e5r 1750 till Hj\u00e4lmseryd och Vrigstad. Under den guidade turen bes\u00f6ktes bl.a. Svinseryd, Sunnerby \u00d6sterg\u00e5rd, Andersborg och Rydensborg. Graven med Ken&#8217;s mormors fars familjegrav \u00e4r borttagen fr\u00e5n kyrkog\u00e5rden, men stenen hittades bland de borttagna gravstenarna.<\/p>\n\n\n\n<p>Den <strong>28 maj,<\/strong> under skolans hembygdsvecka,&nbsp;fick elever fr\u00e5n Vrigstad skola kontakt med hembygdsf\u00f6reningen i olika aktiviteter. Kerstin Carlsson bes\u00f6kte skolan f\u00f6r att ber\u00e4tta om hur en skoldag s\u00e5g ut f\u00f6rr i tiden och&nbsp;tv\u00e5 grupper fr\u00e5n f\u00f6rskolan bes\u00f6kte Gr\u00f6ndal, d\u00e4r de fick information om f\u00f6reningen och vad som finns i f\u00f6reningens samlingar.<br>Under m\u00e5ndagen hade man haft bes\u00f6k av tre grupper fr\u00e5n Vallsj\u00f6 skola som blev guidade p\u00e5 Gr\u00f6ndal och p\u00e5 Gamla Bankg\u00e5rden i Vrigstad.<\/p>\n\n\n\n<figure class=\"wp-block-image alignnone\"><a href=\"https:\/\/media.vrigstadshembygdsforening.se\/\/190528.jpg\"><img loading=\"lazy\" decoding=\"async\" width=\"800\" height=\"474\" src=\"https:\/\/media.vrigstadshembygdsforening.se\/\/190528.jpg\" alt=\"\" class=\"wp-image-3871\" srcset=\"https:\/\/media.vrigstadshembygdsforening.se\/190528.jpg 800w, https:\/\/media.vrigstadshembygdsforening.se\/190528-300x178.jpg 300w, https:\/\/media.vrigstadshembygdsforening.se\/190528-768x455.jpg 768w\" sizes=\"auto, (max-width: 800px) 100vw, 800px\" \/><\/a><figcaption>Karin Gustafsson och Maria Ljungqvist tillsammans med en av f\u00f6rskolegrupperna.<\/figcaption><\/figure>\n\n\n\n<p>M\u00e5ndagen den <strong>20 maj<\/strong> avslutade vi arbetet p\u00e5 stugan p\u00e5 Gr\u00f6ndal. Panelen \u00e4r nu bytt och m\u00e5lad tv\u00e5 g\u00e5nger. F\u00f6nster, knutar och h\u00e4ngr\u00e4nnor har m\u00e5lats vita och huset \u00e4r nu verkligen en prydnad f\u00f6r f\u00f6reningen. Ett j\u00e4ttejobb har gjorts av flera i f\u00f6reningens styrelse!<\/p>\n\n\n\n<figure class=\"wp-block-image alignnone\"><a href=\"https:\/\/media.vrigstadshembygdsforening.se\/\/190520.jpg\"><img loading=\"lazy\" decoding=\"async\" width=\"800\" height=\"527\" src=\"https:\/\/media.vrigstadshembygdsforening.se\/\/190520.jpg\" alt=\"\" class=\"wp-image-3867\" srcset=\"https:\/\/media.vrigstadshembygdsforening.se\/190520.jpg 800w, https:\/\/media.vrigstadshembygdsforening.se\/190520-300x198.jpg 300w, https:\/\/media.vrigstadshembygdsforening.se\/190520-768x506.jpg 768w\" sizes=\"auto, (max-width: 800px) 100vw, 800px\" \/><\/a><figcaption>Sten-Anders Karlsson, Bengt Gunnarsson och Andreas Ljung g\u00f6r de sista finjusteringarna.<\/figcaption><\/figure>\n\n\n\n<p>S\u00f6ndagen den <strong>12 maj<\/strong> anordnade Vrigstads hembygdsf\u00f6rening en torpvandring p\u00e5 Blommedala och Sunnerby Norreg\u00e5rds marker. Kerstin Carlsson och G\u00f6ran Blommefors svarade f\u00f6r den rika informationen om g\u00e5rdarna och torpen.<br>Ett 40-tal personer deltog och de fick h\u00f6ra anekdoter och fakta om de olika platserna. G\u00f6ran inledde med att ber\u00e4tta om sin f\u00f6delseplats \u2013 Blommedala \u2013 som finns dokumenterad redan p\u00e5 1300-talet i samband med Nydala kloster. G\u00f6ran ber\u00e4ttade \u00e4ven om en polisutredning han sp\u00e5rat d\u00e4r det framg\u00e5r att Blommedala varit n\u00e4mnt i en 12-sidig utredning om hembr\u00e4nning. Det var en kvinnlig anst\u00e4lld p\u00e5 g\u00e5rden som s\u00e4llskapat med en AK-arbetare fr\u00e5n Norrland. Kvinnan hade sk\u00f6tt ink\u00f6pen av j\u00e4st och under en treveckorsperiod inhandlat 84 kg j\u00e4st \u2013 vilket v\u00e4ckt de f\u00f6rsta misstankarna.<br>Gruppen gick d\u00e4refter till Dalhem, som brann ner till grunden i mitten av 50-talet. H\u00e4r grundades den f\u00f6rsta skotillverkningen i Vrigstad p\u00e5 1890-talet. Grundare var Claes Johan Rehn, f\u00f6dd i Vrigstad 1857. Han sysslade med reparationer av skor. En dag fick han in ett par s.k. lappskor f\u00f6r reparation. Det var en sko utan klack och med ovanl\u00e4der och sula i ett stycke. Denna enkla sko gav Claes id\u00e9n till nytillverkning av dessa skor. Produktionen av lappskor tog fart och snart sysselsattes tre till fyra skomakare med produktionen. 1912 blev stugan f\u00f6r liten f\u00f6r tillverkningen om man flyttade verksamheten till andra lokaler i Vrigstad.<br>Kerstin ledde sedan gruppen vidare och ber\u00e4ttade om torpen Olas, Riket, K\u00e4llehult och G\u00e4rdet. Gruppen hann sj\u00e4lvklart ocks\u00e5 med en fikapaus i ett fint vindskydd och blev som avslutning tipsade om att \u00e5terkomma och bl.a. bes\u00f6ka Bruskek\u00e4lla, en k\u00e4lla n\u00e4ra K\u00e4llehult.<\/p>\n\n\n\n<figure class=\"wp-block-image alignnone\"><a href=\"https:\/\/media.vrigstadshembygdsforening.se\/\/190512_1.jpg\"><img loading=\"lazy\" decoding=\"async\" width=\"800\" height=\"532\" src=\"https:\/\/media.vrigstadshembygdsforening.se\/\/190512_1.jpg\" alt=\"\" class=\"wp-image-3860\" srcset=\"https:\/\/media.vrigstadshembygdsforening.se\/190512_1.jpg 800w, https:\/\/media.vrigstadshembygdsforening.se\/190512_1-300x200.jpg 300w, https:\/\/media.vrigstadshembygdsforening.se\/190512_1-768x511.jpg 768w\" sizes=\"auto, (max-width: 800px) 100vw, 800px\" \/><\/a><figcaption>Kerstin Carlsson informerar gruppen under fikapausen.<\/figcaption><\/figure>\n\n\n\n<p>Under v\u00e5ren deltog Kerstin Carlsson och B\u00f6rje Cronvall i en endagsutbildning &#8221;M\u00f6ten med minnen&#8221;. Syftet med utbildningen var att informera om hur man med hj\u00e4lp av konstverk, bilder och f\u00f6rem\u00e5l ska v\u00e4cka minnen till liv hos bl.a. personer med demensdiagnoser.<br>Den<strong> 2 maj<\/strong> bes\u00f6kte Kerstin och B\u00f6rje G\u00f6ransg\u00e5rden, d\u00e4r B\u00f6rje visade bilder och Kerstin n\u00e5gra \u00e4ldre f\u00f6rem\u00e5l som deltagarna kunde associera fritt till.<\/p>\n\n\n\n<figure class=\"wp-block-image alignnone\"><a href=\"https:\/\/media.vrigstadshembygdsforening.se\/\/190502.jpg\"><img loading=\"lazy\" decoding=\"async\" width=\"800\" height=\"532\" src=\"https:\/\/media.vrigstadshembygdsforening.se\/\/190502.jpg\" alt=\"\" class=\"wp-image-3857\" srcset=\"https:\/\/media.vrigstadshembygdsforening.se\/190502.jpg 800w, https:\/\/media.vrigstadshembygdsforening.se\/190502-300x200.jpg 300w, https:\/\/media.vrigstadshembygdsforening.se\/190502-768x511.jpg 768w\" sizes=\"auto, (max-width: 800px) 100vw, 800px\" \/><\/a><figcaption>Kerstin Carlsson visar upp en gammal k\u00f6kskvarn f\u00f6r deltagarna.<\/figcaption><\/figure>\n\n\n\n<p>M\u00e5ndagen den <strong>29 april<\/strong> p\u00e5b\u00f6rjades arbetet med att byta panel p\u00e5 en av stugorna p\u00e5 Gr\u00f6ndal. F\u00f6reningen river sj\u00e4lva bort den gamla panelen och anlitar Granebo Bygg f\u00f6r att s\u00e4tta upp den nya.<\/p>\n\n\n\n<figure class=\"wp-block-image alignnone\"><a href=\"https:\/\/media.vrigstadshembygdsforening.se\/\/190428.jpg\"><img loading=\"lazy\" decoding=\"async\" width=\"800\" height=\"489\" src=\"https:\/\/media.vrigstadshembygdsforening.se\/\/190428.jpg\" alt=\"\" class=\"wp-image-3855\" srcset=\"https:\/\/media.vrigstadshembygdsforening.se\/190428.jpg 800w, https:\/\/media.vrigstadshembygdsforening.se\/190428-300x183.jpg 300w, https:\/\/media.vrigstadshembygdsforening.se\/190428-768x469.jpg 768w\" sizes=\"auto, (max-width: 800px) 100vw, 800px\" \/><\/a><figcaption>Sten-Anders Karlsson, Sven-Olof Svensson, Andreas Ljung och Bengt Gunnarsson tar bort den gamla panelen p\u00e5 stugan.<\/figcaption><\/figure>\n\n\n\n<p>Torsdagen den <strong>11&nbsp;april<\/strong> var Karin St\u00e5lhammar Hansson inbjuden f\u00f6rel\u00e4sare d\u00e5 Vrigstads hembygdsf\u00f6rening h\u00f6ll sin senaste temakv\u00e4ll. \u201dI andras h\u00e4nder \u2013 livs\u00f6den i Kina 1897-1911\u201d var rubriken f\u00f6r kv\u00e4llen, d\u00e4r Karin ber\u00e4ttade om sina farf\u00f6r\u00e4ldrars arbete som mission\u00e4rer i Kina. Karins intresse f\u00f6r farf\u00f6r\u00e4ldrarnas arbete v\u00e4xte fram efter att hon l\u00e4st en dagbok fr\u00e5n mission\u00e4rernas sista \u00e5r i Kina. Efter ytterligare n\u00e5gra \u00e5r fick hon dessutom fyra kartonger med brev och dagb\u00f6cker, skrivna av farf\u00f6r\u00e4ldrarna. Detta kom att utg\u00f6ra materialet f\u00f6r den bok som Karin f\u00e4rdigst\u00e4llde f\u00f6rra \u00e5ret.<br>Gustav Adolf, Karins farfar, var milit\u00e4r, men sadlade om och blev mission\u00e4r i Kina \u2013 mot sina f\u00f6r\u00e4ldrars vilja. I Kina fanns ett antal svenskar verksamma med missionsarbete och Gustav Adolf friade brevledes till sin blivande hustru Mina.<br>Det blev ett h\u00e5rt och strapatsrikt men framg\u00e5ngsrikt arbete som paret genomf\u00f6rde. Sakta men s\u00e4kert byggde man upp verksamheten genom bl.a. storm\u00f6ten. Sjukdom och oroligheter gjorde att de tvingades tillbaka till Sverige, men de \u00e5terv\u00e4nde till Kina s\u00e5 snart de kunde. Under perioden i Kina f\u00f6ds Karins pappa, Daniel, som levde i Kina tills han vid tio \u00e5rs \u00e5lder \u00e5terv\u00e4nde f\u00f6r gott till Sverige.<br>1913 reste Gustav Adolf och Mina \u00e5ter till Kina f\u00f6r att f\u00e4rdigst\u00e4lla den kyrka man b\u00f6rjat bygga innan man l\u00e4mnade landet 1911, Nu byggs kyrkan f\u00e4rdigt och 100 \u00e5r senare, i samband med kyrkans 100-\u00e5rsjubileum, reste Karin till Kina f\u00f6r att d\u00e4r vara med om kyrkans h\u00f6gtidliga jubileum.<\/p>\n\n\n\n<figure class=\"wp-block-image alignnone\"><a href=\"https:\/\/media.vrigstadshembygdsforening.se\/\/190411_1.jpg\"><img loading=\"lazy\" decoding=\"async\" width=\"800\" height=\"482\" src=\"https:\/\/media.vrigstadshembygdsforening.se\/\/190411_1.jpg\" alt=\"\" class=\"wp-image-3840\" srcset=\"https:\/\/media.vrigstadshembygdsforening.se\/190411_1.jpg 800w, https:\/\/media.vrigstadshembygdsforening.se\/190411_1-300x181.jpg 300w, https:\/\/media.vrigstadshembygdsforening.se\/190411_1-768x463.jpg 768w\" sizes=\"auto, (max-width: 800px) 100vw, 800px\" \/><\/a><figcaption>Karin St\u00e5lhammar Hansson.<\/figcaption><\/figure>\n\n\n\n<figure class=\"wp-block-image alignnone\"><a href=\"https:\/\/media.vrigstadshembygdsforening.se\/\/190411_2.jpg\"><img loading=\"lazy\" decoding=\"async\" width=\"800\" height=\"507\" src=\"https:\/\/media.vrigstadshembygdsforening.se\/\/190411_2.jpg\" alt=\"\" class=\"wp-image-3839\" srcset=\"https:\/\/media.vrigstadshembygdsforening.se\/190411_2.jpg 800w, https:\/\/media.vrigstadshembygdsforening.se\/190411_2-300x190.jpg 300w, https:\/\/media.vrigstadshembygdsforening.se\/190411_2-768x487.jpg 768w\" sizes=\"auto, (max-width: 800px) 100vw, 800px\" \/><\/a><figcaption>Karin avtackas med blommor av Kerstin Carlsson.<\/figcaption><\/figure>\n\n\n\n<p>Den <strong>21 mars<\/strong> h\u00f6ll hembygdsf\u00f6reningen sitt \u00e5rsm\u00f6te d\u00e4r bl.a. 2018 \u00e5rs verksamhetsber\u00e4ttelse presenterades i ord och bild. Stig Marz visade&nbsp;en film&nbsp;fr\u00e5n ett bes\u00f6k p\u00e5 G\u00f6ransg\u00e5rden den 28 mars 2014&nbsp;d\u00e4r han&nbsp;intervjuade Ragnar J\u00f6nsson, Gun-Maj Svensson och Karin Bodef\u00e4lt.<\/p>\n\n\n\n<figure class=\"wp-block-image alignnone\"><a href=\"https:\/\/media.vrigstadshembygdsforening.se\/\/190321.jpg\"><img loading=\"lazy\" decoding=\"async\" width=\"800\" height=\"460\" src=\"https:\/\/media.vrigstadshembygdsforening.se\/\/190321.jpg\" alt=\"\" class=\"wp-image-3824\" srcset=\"https:\/\/media.vrigstadshembygdsforening.se\/190321.jpg 800w, https:\/\/media.vrigstadshembygdsforening.se\/190321-300x173.jpg 300w, https:\/\/media.vrigstadshembygdsforening.se\/190321-768x442.jpg 768w\" sizes=\"auto, (max-width: 800px) 100vw, 800px\" \/><\/a><figcaption>Stig Marz visade traditionsenligt en film p\u00e5 \u00e5rsm\u00f6tet.<\/figcaption><\/figure>\n\n\n\n<p>Den <strong>7 februari<\/strong>&nbsp;ber\u00e4ttade Alf och Pernilla Wihr\u00e9n om Vrigstads Ostkaksbageris historia. Lennart Rolf startade verksamheten som 1980 \u00f6vertogs av Ingemar Rolf och Alf Wihr\u00e9n. 1989 gjordes n\u00e4sta \u00e4garskifte d\u00e4r Ingemar tog hand om osttillverkningen och Alf och hustrun Birgitta \u00f6vertog ostkaksbageriet.<\/p>\n\n\n\n<p>Sedan dess har f\u00f6retaget utvecklats kraftigt. Man har idag avtal med bl.a. ICA och Coop och f\u00f6retaget har bl.a. f\u00e5tt bygga ut lokalerna och investerat i ny produktionsutrustning. 2013 diskuterade man inom familjen hur man skulle hantera f\u00f6retaget l\u00e5ngsiktigt. Pernilla visade d\u00e5 intresse av att engagera sig och \u00e4r sedan 2014 heltidsanst\u00e4lld i bolaget. Ambitionen \u00e4r att forts\u00e4tta v\u00e4xa och p\u00e5 sikt driva verksamheten i tv\u00e5skift.<\/p>\n\n\n\n<figure class=\"wp-block-image alignnone\"><a href=\"https:\/\/media.vrigstadshembygdsforening.se\/\/190207.jpg\"><img loading=\"lazy\" decoding=\"async\" width=\"700\" height=\"465\" src=\"https:\/\/media.vrigstadshembygdsforening.se\/\/190207.jpg\" alt=\"\" class=\"wp-image-2439\" srcset=\"https:\/\/media.vrigstadshembygdsforening.se\/190207.jpg 700w, https:\/\/media.vrigstadshembygdsforening.se\/190207-300x199.jpg 300w\" sizes=\"auto, (max-width: 700px) 100vw, 700px\" \/><\/a><figcaption>Alf och Pernilla Wihr\u00e9n ber\u00e4ttade p\u00e5 ett engagerat s\u00e4tt om f\u00f6retagets historia.<\/figcaption><\/figure>\n\n\n\n<p><\/p>\n","protected":false},"excerpt":{"rendered":"<p>Vrigstads Hembygdsf\u00f6rening anordnar varje \u00e5r ett antal temakv\u00e4llar och andra aktiviteter, se nedan. Under \u00e5r 2019 genomf\u00f6rdes f\u00f6ljande aktiviteter:I samband<\/p>\n","protected":false},"author":1,"featured_media":0,"parent":0,"menu_order":0,"comment_status":"closed","ping_status":"closed","template":"","meta":{"footnotes":""},"class_list":["post-4056","page","type-page","status-publish","hentry"],"_links":{"self":[{"href":"https:\/\/vrigstadshembygdsforening.se\/index.php?rest_route=\/wp\/v2\/pages\/4056","targetHints":{"allow":["GET"]}}],"collection":[{"href":"https:\/\/vrigstadshembygdsforening.se\/index.php?rest_route=\/wp\/v2\/pages"}],"about":[{"href":"https:\/\/vrigstadshembygdsforening.se\/index.php?rest_route=\/wp\/v2\/types\/page"}],"author":[{"embeddable":true,"href":"https:\/\/vrigstadshembygdsforening.se\/index.php?rest_route=\/wp\/v2\/users\/1"}],"replies":[{"embeddable":true,"href":"https:\/\/vrigstadshembygdsforening.se\/index.php?rest_route=%2Fwp%2Fv2%2Fcomments&post=4056"}],"version-history":[{"count":1,"href":"https:\/\/vrigstadshembygdsforening.se\/index.php?rest_route=\/wp\/v2\/pages\/4056\/revisions"}],"predecessor-version":[{"id":4057,"href":"https:\/\/vrigstadshembygdsforening.se\/index.php?rest_route=\/wp\/v2\/pages\/4056\/revisions\/4057"}],"wp:attachment":[{"href":"https:\/\/vrigstadshembygdsforening.se\/index.php?rest_route=%2Fwp%2Fv2%2Fmedia&parent=4056"}],"curies":[{"name":"wp","href":"https:\/\/api.w.org\/{rel}","templated":true}]}}