{"id":356,"date":"2015-07-15T20:57:48","date_gmt":"2015-07-15T20:57:48","guid":{"rendered":"http:\/\/vrigstadshembygdsforening.se\/?page_id=356"},"modified":"2020-08-18T16:35:29","modified_gmt":"2020-08-18T16:35:29","slug":"gastgiveri-i-vrigstad","status":"publish","type":"page","link":"https:\/\/vrigstadshembygdsforening.se\/?page_id=356","title":{"rendered":"G\u00e4stgiveri i Vrigstad"},"content":{"rendered":"<p>M\u00e4nniskor har i alla tider rest. Samh\u00e4llsutvecklingen under medeltiden medf\u00f6rde ett \u00f6kat behov av att resa. F\u00f6r d\u00e5tidens resen\u00e4rer var inte mycket ordnat f\u00f6r att tillgodose de n\u00f6dv\u00e4ndigaste behoven. Lite halvhj\u00e4rtade organisationsf\u00f6rs\u00f6k hade gjorts men f\u00f6rst p\u00e5 1600-talet tog man tag i problemet. \u00c5r 1649 l\u00e4t drottning Kristina utarbeta en f\u00f6rordning med best\u00e4mda regler f\u00f6r resandet. Dessa regler kom att kallas &#8221;Krogare- och G\u00e4stgifware Ordningen&#8221;.<\/p>\n<p>Skjutsv\u00e4sendet kn\u00f6ts nu till G\u00e4stgivarg\u00e5rdarna, som skulle ligga med c:a 2 mils avst\u00e5nd fr\u00e5n varandra utmed de allm\u00e4nna landsv\u00e4garna. Vrigstad som stor marknadsplats och dessutom bel\u00e4get vid h\u00e4radsv\u00e4garnas m\u00f6te hade s\u00e4kert haft krog eller g\u00e4stgivarg\u00e5rd tidigare.<a href=\"https:\/\/media.vrigstadshembygdsforening.se\/\/2015\/07\/Fakta_gastg_1.jpg\"><img loading=\"lazy\" decoding=\"async\" class=\"alignnone size-full wp-image-357\" src=\"https:\/\/media.vrigstadshembygdsforening.se\/\/2015\/07\/Fakta_gastg_1.jpg\" alt=\"Fakta_gastg_1\" width=\"700\" height=\"1122\" srcset=\"https:\/\/media.vrigstadshembygdsforening.se\/2015\/07\/Fakta_gastg_1.jpg 700w, https:\/\/media.vrigstadshembygdsforening.se\/2015\/07\/Fakta_gastg_1-187x300.jpg 187w, https:\/\/media.vrigstadshembygdsforening.se\/2015\/07\/Fakta_gastg_1-639x1024.jpg 639w\" sizes=\"auto, (max-width: 700px) 100vw, 700px\" \/><\/a><\/p>\n<p>P\u00e5 en karta fr\u00e5n 1600-talets f\u00f6rsta h\u00e4lft \u00e4r g\u00e4stgivarg\u00e5rden markerad vid platsen f\u00f6r huset som idag \u00e4r Torgl\u00e4genhet 1. (Kan ev. vara samma byggnad som fortfarande st\u00e5r p\u00e5 platsen).<\/p>\n<p>\u00c5r 1666 ans\u00e5gs Lunnaberg vara den l\u00e4mpligaste platsen f\u00f6r g\u00e4stgiveriverksamheten varf\u00f6r man kan anta att den flyttades fr\u00e5n torget till Lunnaberg d\u00e5, eller n\u00e5got \u00e5r senare.<a href=\"https:\/\/media.vrigstadshembygdsforening.se\/\/2015\/07\/Fakta_gastg_2.jpg\"><img loading=\"lazy\" decoding=\"async\" class=\"alignnone size-full wp-image-358\" src=\"https:\/\/media.vrigstadshembygdsforening.se\/\/2015\/07\/Fakta_gastg_2.jpg\" alt=\"Fakta_gastg_2\" width=\"440\" height=\"249\" srcset=\"https:\/\/media.vrigstadshembygdsforening.se\/2015\/07\/Fakta_gastg_2.jpg 440w, https:\/\/media.vrigstadshembygdsforening.se\/2015\/07\/Fakta_gastg_2-300x170.jpg 300w\" sizes=\"auto, (max-width: 440px) 100vw, 440px\" \/><\/a><\/p>\n<p><em>Foto fr\u00e5n Hembygdsf\u00f6reningens bildarkiv &#8211; fr\u00e5n omkring \u00e5r 1900. I huset l\u00e4ngst till h\u00f6ger, som ligger lite h\u00f6gre, inrymdes g\u00e4stgiveriet mellan \u00e5ren 1666 till 1688. Det vita st\u00f6rre huset i f\u00f6rgrunden inrymde poststationen som l\u00e5g vid V\u00e4xj\u00f6v\u00e4gen. \u00d6ver poststationens gavel syns Lunnaberg mang\u00e5rdsbyggnad och bakom den ladug\u00e5rden.<\/em><br \/>\nG\u00e4stgiveriet vid torget kanske inte uppfyllde kraven i 1649 \u00e5rs f\u00f6rordning. Denna sk\u00e4rptes i en komplettering 1651, d\u00e4r det sades att g\u00e4stgivarg\u00e5rden f\u00f6rutom g\u00e4stgivarens egna rum skulle ha tre kammare, en f\u00f6r &#8221;adlige st\u00e5ndspersoner&#8221;, en f\u00f6r &#8221;annat hederligt folk&#8221; och en f\u00f6r &#8221;gemene man&#8221; (vanligt folk). Troligtvis var g\u00e4stgiveriet kvar i Lunnaberg till omkring 1688 d\u00e5 det flyttade tillbaka till Torgl\u00e4genhet 1.<\/p>\n<p>Kanske var det s\u00e5 att d\u00e5varande g\u00e4stgivaren Nils Andersson l\u00e4t bygga p\u00e5 en v\u00e5ning p\u00e5 det tidigare g\u00e4stgiveriet f\u00f6r att klara kraven i 1651 \u00e5rs f\u00f6rordning.<br \/>\n<a href=\"https:\/\/media.vrigstadshembygdsforening.se\/\/2015\/07\/Aldsta_hus.jpg\"><img loading=\"lazy\" decoding=\"async\" class=\"alignnone size-full wp-image-80\" src=\"https:\/\/media.vrigstadshembygdsforening.se\/\/2015\/07\/Aldsta_hus.jpg\" alt=\"Aldsta_hus\" width=\"700\" height=\"386\" srcset=\"https:\/\/media.vrigstadshembygdsforening.se\/2015\/07\/Aldsta_hus.jpg 700w, https:\/\/media.vrigstadshembygdsforening.se\/2015\/07\/Aldsta_hus-300x165.jpg 300w\" sizes=\"auto, (max-width: 700px) 100vw, 700px\" \/><\/a><\/p>\n<p><em>Foto fr\u00e5n Hembygdsf\u00f6reningens bildarkiv &#8211; fr\u00e5n omkring \u00e5r 1915.<\/em><\/p>\n<p>K\u00f6pmannen John Johansson (1890-1982), som l\u00e4nge \u00e4gde fastigheten, Torget 1, har ber\u00e4ttat att det vid en renovering tydligt framgick att huset byggts p\u00e5 med en v\u00e5ning. Han visste ocks\u00e5 att ber\u00e4tta att huset var byggt p\u00e5 1600- talet och varit g\u00e4stgivarg\u00e5rd in p\u00e5 1800-talet.<\/p>\n<p>Fastigheten Torget 9 uppf\u00f6rdes under perioden 1835 &#8211; 1840 av Magnus Bolander, som stod som \u00e4gare av fastigheten. G\u00e4stgiveriet flyttade d\u00e5 hit fr\u00e5n Torget 1.<br \/>\n<a href=\"https:\/\/media.vrigstadshembygdsforening.se\/\/2015\/07\/Fakta_gastg_3.jpg\"><img loading=\"lazy\" decoding=\"async\" class=\"alignnone size-full wp-image-359\" src=\"https:\/\/media.vrigstadshembygdsforening.se\/\/2015\/07\/Fakta_gastg_3.jpg\" alt=\"Fakta_gastg_3\" width=\"700\" height=\"388\" srcset=\"https:\/\/media.vrigstadshembygdsforening.se\/2015\/07\/Fakta_gastg_3.jpg 700w, https:\/\/media.vrigstadshembygdsforening.se\/2015\/07\/Fakta_gastg_3-300x166.jpg 300w\" sizes=\"auto, (max-width: 700px) 100vw, 700px\" \/><\/a><\/p>\n<p><em>Foto fr\u00e5n Hembygdsf\u00f6reningens bildarkiv &#8211; fr\u00e5n omkring \u00e5r 1900. Torget 9 \u00e4r huset i bildens mitt.<\/em><\/p>\n<p>G\u00e4stgivare var Johan Peter Lundberg, f\u00f6dd 1803 i Hagshult och anfader till nuvarande sl\u00e4kten Lundberg i Vrigstad, Han eftertr\u00e4ds i slutet av 1840-talet av Peter Daniel Tolf, fr\u00e5n Svenarum som driver verksamheten till 1861 d\u00e5 Trakt\u00f6ren Anders Johan Larsson, f\u00f6dd i J\u00e4rstorp 1823, flyttar in med familjen fr\u00e5n J\u00f6nk\u00f6ping och \u00f6vertar g\u00e4stgiverir\u00f6relsen.<\/p>\n<p>P\u00e5 1880-talets b\u00f6rjan \u00f6verl\u00e5ter Larsson r\u00f6relsen till Johannes Andersson, som d\u00e5 flyttar verksamheten till det vi idag kallar G\u00e4stgivarg\u00e5rden i torgets nord\u00f6stra h\u00f6rn (adress G\u00e4stgivaregatan 2).<\/p>\n<p><a href=\"https:\/\/media.vrigstadshembygdsforening.se\/\/2015\/07\/Fakta_gastg_4.jpg\"><img loading=\"lazy\" decoding=\"async\" class=\"alignnone size-full wp-image-360\" src=\"https:\/\/media.vrigstadshembygdsforening.se\/\/2015\/07\/Fakta_gastg_4.jpg\" alt=\"Fakta_gastg_4\" width=\"700\" height=\"500\" srcset=\"https:\/\/media.vrigstadshembygdsforening.se\/2015\/07\/Fakta_gastg_4.jpg 700w, https:\/\/media.vrigstadshembygdsforening.se\/2015\/07\/Fakta_gastg_4-300x214.jpg 300w\" sizes=\"auto, (max-width: 700px) 100vw, 700px\" \/><\/a><\/p>\n<p><em>Foto fr\u00e5n Hembygdsf\u00f6reningens bildarkiv &#8211; fr\u00e5n omkring \u00e5r 1900. <\/em> <em>Tv\u00e5 generationer g\u00e4stgivare i Vrigstad. Fr\u00e5n v\u00e4nster g\u00e4stgivaren Anton Andersson (1859-1927), g\u00e4stgivare under \u00e5ren 1887 till 1917, hans far Johannes Andersson (1826-1906) hade g\u00e4stgiveriet i Vrigstad fr\u00e5n 1880-talets b\u00f6rjan till 1887 d\u00e5 sonen Anton tog \u00f6ver, sedan sitter Johannes hustru, Johanna Johannisdotter (1841-1927) samt l\u00e4ngst till h\u00f6ger deras dotter och allts\u00e5 Antons syster Albertina (1864-1910). <\/em><\/p>\n<p>\u00c5r 1887 \u00f6vertar hans son Anton Andersson g\u00e4stgiveriet, som han innehar till 1917 d\u00e5 g\u00e4stgivaren Pettersson-Gunler tar \u00f6ver. Efter hans bortg\u00e5ng driver hustrun Edit g\u00e4stgiveriet in p\u00e5 1940-talet. Edit blir allts\u00e5 den siste g\u00e4stgivaren i Vrigstad.<\/p>\n<p><a href=\"https:\/\/media.vrigstadshembygdsforening.se\/\/2015\/07\/Fakta_gastg_5.jpg\"><img loading=\"lazy\" decoding=\"async\" class=\"alignnone size-full wp-image-361\" src=\"https:\/\/media.vrigstadshembygdsforening.se\/\/2015\/07\/Fakta_gastg_5.jpg\" alt=\"Fakta_gastg_5\" width=\"700\" height=\"439\" srcset=\"https:\/\/media.vrigstadshembygdsforening.se\/2015\/07\/Fakta_gastg_5.jpg 700w, https:\/\/media.vrigstadshembygdsforening.se\/2015\/07\/Fakta_gastg_5-300x188.jpg 300w\" sizes=\"auto, (max-width: 700px) 100vw, 700px\" \/><\/a><\/p>\n<p><em>Foto fr\u00e5n Hembygdsf\u00f6reningens bildarkiv &#8211; fr\u00e5n omkring \u00e5r 1920. <\/em><\/p>\n<p>Den sista skjutsstadgan utf\u00e4rdades 1911 och upph\u00e4vdes 1933. D\u00e5 hade j\u00e4rnv\u00e4garna och automobilerna gjort att g\u00e4stgivarg\u00e5rdarna spelat ut sin roll. Vissa g\u00e4stgivarg\u00e5rdar, som i Vrigstad, levde dock kvar n\u00e5gra \u00e5r som matst\u00e4lle och festlokaler.<\/p>\n<p>Hur m\u00e5nga h\u00e4star som skulle finnas tillg\u00e4ngliga vid varje g\u00e4stgivarg\u00e5rd best\u00e4mdes av de lokala myndigheterna. Utefter de st\u00f6rre v\u00e4garna kunde det r\u00f6ra sig om 15-20 h\u00e4star per dygn. Alla fanns inte uppstallade p\u00e5 g\u00e4stgivarg\u00e5rden utan ute hos b\u00f6nderna (h\u00e5llkarlar) som s.k. h\u00e5ll- eller reservh\u00e4star. Men det kr\u00e4vdes \u00e4nd\u00e5 rej\u00e4la uppstallningsm\u00f6jligheter i anslutning till g\u00e4stgivarg\u00e5rdarna. F\u00f6rmodligen har bara n\u00e5gra f\u00e5 spiltor funnits i uthusl\u00e4ngan vid Torget 9. Det troliga \u00e4r att de flesta platserna fanns i stall tillh\u00f6rande tidigare g\u00e4stgiveriet. Dessa var uppf\u00f6rda p\u00e5 planen nord\u00f6st om torget.<\/p>\n<p>Efter att fastigheten, Torget 9, upph\u00f6rt som g\u00e4stgiveri p\u00e5 1880-talet, fick ocks\u00e5 ekonomibyggnaden andra funktioner. P\u00e5 1920-talets slut gjordes vissa f\u00f6r\u00e4ndringar d\u00e5 charkuteristen Samuel Johansson \u00f6ppnade charkuteriaff\u00e4r i huvudbyggnaden. D\u00e5 blev vissa delar av ekonomibyggnaden lokaler f\u00f6r tillverkning av charkvaror. Kokgryta och r\u00f6kugn installerades d\u00e5 i norra delen av byggnaden. Dessutom inrymdes brygghus, &#8221;bekv\u00e4mlighetsinr\u00e4ttning&#8221; samt vedbodar f\u00f6r hyresg\u00e4sterna.<\/p>\n<p>M\u00e5nga prominenta v\u00e4gfarande har under \u00e5ren tagits om hand av g\u00e4stgivarna i Vrigstad. En \u00e4ttling till g\u00e4stgivaren Anders Johan Larsson har ber\u00e4ttat att sj\u00e4lvaste kungen Karl XV en g\u00e5ng \u00f6vernattade h\u00e4r. Ett f\u00f6rem\u00e5l som kungen anv\u00e4nt (oklart vad) placerades i en ostkupa av glas d\u00e4r det kunde besk\u00e5das av g\u00e4stgiveriets g\u00e4ster under l\u00e5ng tid.<\/p>\n<p>Linn\u00e9 \u00f6vernattade i Vrigstad natten mellan den 17-18 augusti, p\u00e5 sin Gotl\u00e4ndska resa 1741.<\/p>\n<p>En som beskrivit sitt bes\u00f6k \u00e4r tulltj\u00e4nstemannen Magnus Hollertz, som medf\u00f6ljde generaltullinspekt\u00f6ren Gyllenhaal som sekreterare p\u00e5 en resa 1853. S\u00e5 h\u00e4r skriver Hollertz:<br \/>\n<em>Det var en s\u00f6ndagsafton, d\u00e5 vi framkommo till Vrigstads stora g\u00e4stgivarg\u00e5rd, d\u00e4r vi skulle ha nattl\u00e4ger. Bondpojkarna voro h\u00e4r f\u00f6rsamlade i hundratal, kl\u00e4dda i sina helgdagskl\u00e4der och lika varandra som b\u00e4r. Det var roligt att se deras sm\u00e5v\u00e4xta figurer, kl\u00e4dda i ofantligt h\u00f6ga ullhattar, korta bl\u00e5 jackor, gula skinnbyxor, bl\u00e5 strumpor och skor. D\u00e4rj\u00e4mte syntes det \u00e4ven vara \u00e5 la bondmode att ha k\u00e4pp i hand. D\u00e5 vagnen st\u00f6ttades f\u00f6r att sm\u00f6rjas, samlades de i massa d\u00e4romkring, fr\u00e5gade mig var den var gjord, k\u00e4nde p\u00e5 smidet och gjorde sina reflexioner \u00f6ver det fina och solida d\u00e4ruti, och s\u00e5 m\u00e5nga, som kunde, kr\u00f6po under vagnen f\u00f6r att \u00e4nnu b\u00e4ttre kunna sk\u00e4rsk\u00e5da allt. de voro, som dr\u00e4ngen sade, f\u00e4rdiga att skruva s\u00f6nder hela underredet f\u00f6r att l\u00e4ra sig dess hemligheter. Jag h\u00f6rde ideliga utrop av: &#8221;De \u00e4 d\u00e5 faun, de \u00e4&#8217; d\u00e5 faun, du Petter, va &#8221;de matte ha kaustat de smiet!&#8221; Vi l\u00e5go gott p\u00e5 Vrigstad, avreste i god tid och anl\u00e4nde klockan ett middag till V\u00e4xj\u00f6. Det var ett gott betyg \u00e5t b\u00e5de g\u00e4stgivaren Tolf och Vrigstadpojkarnas vilja att l\u00e4ra. <\/em><\/p>\n<p><a href=\"https:\/\/media.vrigstadshembygdsforening.se\/\/2015\/07\/Fakta_gastg_6.jpg\"><img loading=\"lazy\" decoding=\"async\" class=\"alignnone size-full wp-image-362\" src=\"https:\/\/media.vrigstadshembygdsforening.se\/\/2015\/07\/Fakta_gastg_6.jpg\" alt=\"Fakta_gastg_6\" width=\"700\" height=\"892\" srcset=\"https:\/\/media.vrigstadshembygdsforening.se\/2015\/07\/Fakta_gastg_6.jpg 700w, https:\/\/media.vrigstadshembygdsforening.se\/2015\/07\/Fakta_gastg_6-235x300.jpg 235w\" sizes=\"auto, (max-width: 700px) 100vw, 700px\" \/><\/a><\/p>\n<p>\u00a9 Stig Marz<\/p>\n","protected":false},"excerpt":{"rendered":"<p>M\u00e4nniskor har i alla tider rest. Samh\u00e4llsutvecklingen under medeltiden medf\u00f6rde ett \u00f6kat behov av att resa. F\u00f6r d\u00e5tidens resen\u00e4rer var<\/p>\n","protected":false},"author":1,"featured_media":0,"parent":0,"menu_order":0,"comment_status":"closed","ping_status":"open","template":"","meta":{"footnotes":""},"class_list":["post-356","page","type-page","status-publish","hentry"],"_links":{"self":[{"href":"https:\/\/vrigstadshembygdsforening.se\/index.php?rest_route=\/wp\/v2\/pages\/356","targetHints":{"allow":["GET"]}}],"collection":[{"href":"https:\/\/vrigstadshembygdsforening.se\/index.php?rest_route=\/wp\/v2\/pages"}],"about":[{"href":"https:\/\/vrigstadshembygdsforening.se\/index.php?rest_route=\/wp\/v2\/types\/page"}],"author":[{"embeddable":true,"href":"https:\/\/vrigstadshembygdsforening.se\/index.php?rest_route=\/wp\/v2\/users\/1"}],"replies":[{"embeddable":true,"href":"https:\/\/vrigstadshembygdsforening.se\/index.php?rest_route=%2Fwp%2Fv2%2Fcomments&post=356"}],"version-history":[{"count":3,"href":"https:\/\/vrigstadshembygdsforening.se\/index.php?rest_route=\/wp\/v2\/pages\/356\/revisions"}],"predecessor-version":[{"id":4351,"href":"https:\/\/vrigstadshembygdsforening.se\/index.php?rest_route=\/wp\/v2\/pages\/356\/revisions\/4351"}],"wp:attachment":[{"href":"https:\/\/vrigstadshembygdsforening.se\/index.php?rest_route=%2Fwp%2Fv2%2Fmedia&parent=356"}],"curies":[{"name":"wp","href":"https:\/\/api.w.org\/{rel}","templated":true}]}}