{"id":2989,"date":"2019-02-14T20:55:18","date_gmt":"2019-02-14T20:55:18","guid":{"rendered":"http:\/\/vrigstadshembygdsforening.se\/?page_id=2989"},"modified":"2019-02-14T20:55:18","modified_gmt":"2019-02-14T20:55:18","slug":"lindblads-maleri","status":"publish","type":"page","link":"https:\/\/vrigstadshembygdsforening.se\/?page_id=2989","title":{"rendered":"Lindblads M\u00e5leri"},"content":{"rendered":"<p dir=\"LTR\" style=\"text-align: left;\" align=\"JUSTIFY\">1915 startade John Lindblad f\u00f6retaget, som sedan blev verksamt fram till \u00e5r 2012. John Lindblad f\u00f6ddes den 31 december 1887 och hade m\u00e5leriet som yrke i hela sitt liv. John var gift med Gerda och de hade tillsammans sju barn.<\/p>\n<p dir=\"LTR\" style=\"text-align: left;\" align=\"JUSTIFY\">John b\u00f6rjade sin yrkesbana som l\u00e4rling hos Carl Hammarstr\u00f6m i unga \u00e5r. Han hade d\u00e4refter en<br \/>\nanst\u00e4llning hos Karl-Henrik Liljegren fram till 1915 d\u00e5 han startade och grundade Lindblads m\u00e5leri.<\/p>\n<p dir=\"LTR\" style=\"text-align: left;\" align=\"JUSTIFY\">F\u00f6retaget har haft lagerlokaler p\u00e5 tv\u00e5 platser. N\u00e4r bolaget startade 1915 var lokalen p\u00e5 &#8221;Lundbergs fastighet&#8221;, Sandsl\u00e4ttsv\u00e4gen 7. Denna ursprungliga m\u00e5leriverkstad revs i samband med att boningshuset byggdes \u00e5r 1946-1947. D\u00e5 byggdes en lagerlokal upp p\u00e5 &#8221;Lilla Sandsl\u00e4tt&#8221;, Sandsl\u00e4ttsv\u00e4gen 5, d\u00e4r Erland Lindblad nu \u00e4r\u00a0bosatt. Fastigheten, d\u00e4r lagret fanns, k\u00f6ptes av John fr\u00e5n Fattigv\u00e5rdsstyrelsen 1930 f\u00f6r 60 kr inklusive\u00a0bohag.<\/p>\n<p dir=\"LTR\" style=\"text-align: left;\" align=\"JUSTIFY\">\u00c4ven om uppdragen var m\u00e5nga bland husen i Vrigstad s\u00e5 var det emellan\u00e5t ganska knapert f\u00f6r familjen. John hade en stor familj med sju barn att f\u00f6rs\u00f6rja. 1933 tog han ett l\u00e5n fr\u00e5n J\u00f6nk\u00f6pings L\u00e4ns Hush\u00e5llningss\u00e4llskap p\u00e5 565 kr f\u00f6r att bygga ut fastigheten (bostaden och d\u00e4r sedan lagret byggdes upp). Fastigheten var ursprungligen p\u00e5 ett rum och k\u00f6k och byggdes ut till tv\u00e5 rum och k\u00f6k.<\/p>\n<p dir=\"LTR\" style=\"text-align: left;\" align=\"JUSTIFY\">V\u00e5ren 1934 s\u00e5lde John fastigheten till Robert H\u00e4gg i M\u00f6lnarp f\u00f6r 500 kr med en \u00e5terk\u00f6psklausul d\u00e4r han kunde k\u00f6pa tillbaka huset till samma pris j\u00e4mte r\u00e4nta. Huruvida detta var ett s\u00e4tt att finansiera ombyggnationen eller om John helt enkelt hade brist p\u00e5 pengar \u00e4r ok\u00e4nt. John k\u00f6pte sedan tillbaka fastigheten. Efter Gerda Lindblads d\u00f6d 1984 f\u00f6rv\u00e4rvades huset av sonen Erland.<\/p>\n<p dir=\"LTR\" style=\"text-align: left;\" align=\"JUSTIFY\">John drev sedan firman fram till sin pension d\u00e5 r\u00f6relsen togs \u00f6ver av s\u00f6nerna Lennart och Bertil. Br\u00f6derna var innan dess anst\u00e4llda av sin far John. Lennart och Bertil drev r\u00f6relsen tillsammans fram till dess att Lennart fick en hj\u00e4rnbl\u00f6dning i samband med att skofabriken i S\u00e4vsj\u00f6 brann den 14 januari 1963. Lennart var brandman och deltog i sl\u00e4ckningsarbetet n\u00e4r han blev sjuk.<\/p>\n<p dir=\"LTR\" style=\"text-align: left;\" align=\"JUSTIFY\">Efter detta drevs firman av Bertil ensam fram till 1984 n\u00e4r den yngre brodern Erland tog \u00f6ver r\u00f6relsen. Erland hade innan dess varit anst\u00e4lld hos Bertil under m\u00e5nga \u00e5r. Bertil gick i pension n\u00e5gra \u00e5r senare. F\u00f6rst d\u00e5 blev bolaget ett<br \/>\naktiebolag. Innan dess hade r\u00f6relsen bedrivits som enskild verksamhet.<\/p>\n<p dir=\"LTR\" style=\"text-align: left;\" align=\"JUSTIFY\">Erland drev d\u00e4refter bolaget till 1986 d\u00e5 Staffan Karlsson tog \u00f6ver \u00e4garskapet (Staffan \u00e4r barnbarnsbarn till John Lindblad).<\/p>\n<p dir=\"LTR\" style=\"text-align: left;\" align=\"JUSTIFY\">F\u00f6rutom familjemedlemmarna Lennart, Bertil, Erland samt Staffan Karlsson, som ocks\u00e5<br \/>\nvarit \u00e4gare, har det inte varit s\u00e5 m\u00e5nga anst\u00e4llda mer \u00e4n h\u00f6gst tillf\u00e4lligt. Carl Algotsson var dock<br \/>\nanst\u00e4lld en l\u00e4ngre tid. \u00c5ren 1967-1968 var ocks\u00e5 Bengt Gunnarsson anst\u00e4lld i f\u00f6retaget, innan han startade Vrigstad Bygg AB tillsammans med sin bror Arvid.<\/p>\n<p dir=\"LTR\" style=\"text-align: left;\" align=\"JUSTIFY\"><strong>Jan Lindblad ber\u00e4ttar<\/strong>: En historia utspelade sig n\u00e4r John var n\u00e5gonstans utanf\u00f6r Vrigstad och m\u00e5lade p\u00e5 en g\u00e5rd. Mannen hade helt nyligen blivit \u00e4nkeman och han satt p\u00e5 en sten och gr\u00e4t n\u00e4r John kom fram till g\u00e5rden.<\/p>\n<p dir=\"LTR\" style=\"text-align: left;\" align=\"JUSTIFY\">Mannen ber\u00e4ttade gr\u00e5tande om sin sin sorg &#8221;Jag saknar Hulda som va sn\u00e4ll o go&#8221; men tittade sedan upp med lite mer kraft i blicken och l\u00e4r ha sagt &#8221;.. m\u00e4n ho kunne va lajer m\u00e4&#8221;. Detta som en klen tr\u00f6st f\u00f6r den sorgtyngde \u00e4nkemannen.<\/p>\n<p dir=\"LTR\" style=\"text-align: left;\" align=\"JUSTIFY\">I samband med m\u00e5leriarbetena s\u00e5 var det vanligt att de satte sin signatur och datum under tapeter, l\u00e5dor m.m. Ett flertal Vrigstadbor har vittnat om att de hittat m\u00e5nga s\u00e5dana signum under \u00e5rens lopp. Nedanst\u00e5ende signum fr\u00e5n 10 april 1912 \u00e4r hittad p\u00e5 M\u00e5nsg\u00e5rden (d\u00e4r Tommy Gunnarsson och\u00a0Jessica Olsson numera bor) i samband med en\u00a0renovering.<\/p>\n<p dir=\"LTR\" align=\"JUSTIFY\"><a href=\"https:\/\/media.vrigstadshembygdsforening.se\/\/W_Lindblad_signum.jpg\"><img loading=\"lazy\" decoding=\"async\" class=\"alignnone size-full wp-image-2993\" src=\"https:\/\/media.vrigstadshembygdsforening.se\/\/W_Lindblad_signum.jpg\" alt=\"\" width=\"700\" height=\"321\" srcset=\"https:\/\/media.vrigstadshembygdsforening.se\/W_Lindblad_signum.jpg 700w, https:\/\/media.vrigstadshembygdsforening.se\/W_Lindblad_signum-300x138.jpg 300w\" sizes=\"auto, (max-width: 700px) 100vw, 700px\" \/><\/a><\/p>\n<p dir=\"LTR\" style=\"text-align: left;\" align=\"JUSTIFY\">R\u00f6relsen avvecklades 2012 men bolaget lever\u00a0vidare med firmanamnet Bertil Lindblad F\u00f6rvaltning AB och \u00e4gs av Johns barnbarn och Bertils son Jan. M\u00e5lerir\u00f6relsen drevs i en f\u00f6rsta, andra och fj\u00e4rde generation men det \u00e4r tyv\u00e4rr inget som\u00a0tyder p\u00e5 att det blir en fortsatt historia f\u00f6r &#8221;Lindblads M\u00e5leri&#8221; i de efterf\u00f6ljande generationerna, men vem vet?<\/p>\n<figure id=\"attachment_2990\" aria-describedby=\"caption-attachment-2990\" style=\"width: 700px\" class=\"wp-caption alignnone\"><a href=\"https:\/\/media.vrigstadshembygdsforening.se\/\/W_1979.234.png\"><img loading=\"lazy\" decoding=\"async\" class=\"size-full wp-image-2990\" src=\"https:\/\/media.vrigstadshembygdsforening.se\/\/W_1979.234.png\" alt=\"\" width=\"700\" height=\"467\" srcset=\"https:\/\/media.vrigstadshembygdsforening.se\/W_1979.234.png 700w, https:\/\/media.vrigstadshembygdsforening.se\/W_1979.234-300x200.png 300w\" sizes=\"auto, (max-width: 700px) 100vw, 700px\" \/><\/a><figcaption id=\"caption-attachment-2990\" class=\"wp-caption-text\">John Lindblad t.v. tillsammans med Isidor Bjelke, Carl Liljegren samt en m\u00e5lare fr\u00e5n Eksj\u00f6 1912.<\/figcaption><\/figure>\n<figure id=\"attachment_2992\" aria-describedby=\"caption-attachment-2992\" style=\"width: 700px\" class=\"wp-caption alignnone\"><a href=\"https:\/\/media.vrigstadshembygdsforening.se\/\/W_1991.061.png\"><img loading=\"lazy\" decoding=\"async\" class=\"size-full wp-image-2992\" src=\"https:\/\/media.vrigstadshembygdsforening.se\/\/W_1991.061.png\" alt=\"\" width=\"700\" height=\"481\" srcset=\"https:\/\/media.vrigstadshembygdsforening.se\/W_1991.061.png 700w, https:\/\/media.vrigstadshembygdsforening.se\/W_1991.061-300x206.png 300w\" sizes=\"auto, (max-width: 700px) 100vw, 700px\" \/><\/a><figcaption id=\"caption-attachment-2992\" class=\"wp-caption-text\">Karl Algotsson och John Lindblad var tv\u00e5 duktiga m\u00e5lare i Vrigstad. Bild fr\u00e5n cirka 1940.<\/figcaption><\/figure>\n<figure id=\"attachment_2995\" aria-describedby=\"caption-attachment-2995\" style=\"width: 700px\" class=\"wp-caption alignnone\"><a href=\"https:\/\/media.vrigstadshembygdsforening.se\/\/W_Lindblad2.png\"><img loading=\"lazy\" decoding=\"async\" class=\"size-full wp-image-2995\" src=\"https:\/\/media.vrigstadshembygdsforening.se\/\/W_Lindblad2.png\" alt=\"\" width=\"700\" height=\"714\" srcset=\"https:\/\/media.vrigstadshembygdsforening.se\/W_Lindblad2.png 700w, https:\/\/media.vrigstadshembygdsforening.se\/W_Lindblad2-294x300.png 294w\" sizes=\"auto, (max-width: 700px) 100vw, 700px\" \/><\/a><figcaption id=\"caption-attachment-2995\" class=\"wp-caption-text\">Fr.v. Gunnar L\u00e4gersten, Lennart, Erland och Bertil Lindblad tar en paus i arbetet.<\/figcaption><\/figure>\n<figure id=\"attachment_2994\" aria-describedby=\"caption-attachment-2994\" style=\"width: 700px\" class=\"wp-caption alignnone\"><a href=\"https:\/\/media.vrigstadshembygdsforening.se\/\/W_Lindblad1.png\"><img loading=\"lazy\" decoding=\"async\" class=\"size-full wp-image-2994\" src=\"https:\/\/media.vrigstadshembygdsforening.se\/\/W_Lindblad1.png\" alt=\"\" width=\"700\" height=\"692\" srcset=\"https:\/\/media.vrigstadshembygdsforening.se\/W_Lindblad1.png 700w, https:\/\/media.vrigstadshembygdsforening.se\/W_Lindblad1-300x297.png 300w\" sizes=\"auto, (max-width: 700px) 100vw, 700px\" \/><\/a><figcaption id=\"caption-attachment-2994\" class=\"wp-caption-text\">\u00c5ke Fransson tillsammans med Erland och Bertil..<\/figcaption><\/figure>\n<figure id=\"attachment_2991\" aria-describedby=\"caption-attachment-2991\" style=\"width: 500px\" class=\"wp-caption alignnone\"><a href=\"https:\/\/media.vrigstadshembygdsforening.se\/\/W_1983.1069.png\"><img loading=\"lazy\" decoding=\"async\" class=\"size-full wp-image-2991\" src=\"https:\/\/media.vrigstadshembygdsforening.se\/\/W_1983.1069.png\" alt=\"\" width=\"500\" height=\"693\" srcset=\"https:\/\/media.vrigstadshembygdsforening.se\/W_1983.1069.png 500w, https:\/\/media.vrigstadshembygdsforening.se\/W_1983.1069-216x300.png 216w\" sizes=\"auto, (max-width: 500px) 100vw, 500px\" \/><\/a><figcaption id=\"caption-attachment-2991\" class=\"wp-caption-text\">Erland och Bertil Lindblad 1983.<\/figcaption><\/figure>\n<figure id=\"attachment_2996\" aria-describedby=\"caption-attachment-2996\" style=\"width: 400px\" class=\"wp-caption alignnone\"><a href=\"https:\/\/media.vrigstadshembygdsforening.se\/\/W_Staffan_K.png\"><img loading=\"lazy\" decoding=\"async\" class=\"size-full wp-image-2996\" src=\"https:\/\/media.vrigstadshembygdsforening.se\/\/W_Staffan_K.png\" alt=\"\" width=\"400\" height=\"531\" srcset=\"https:\/\/media.vrigstadshembygdsforening.se\/W_Staffan_K.png 400w, https:\/\/media.vrigstadshembygdsforening.se\/W_Staffan_K-226x300.png 226w\" sizes=\"auto, (max-width: 400px) 100vw, 400px\" \/><\/a><figcaption id=\"caption-attachment-2996\" class=\"wp-caption-text\">Staffan Karlsson drev m\u00e5lerifirman under n\u00e5gra \u00e5r.<\/figcaption><\/figure>\n","protected":false},"excerpt":{"rendered":"<p>1915 startade John Lindblad f\u00f6retaget, som sedan blev verksamt fram till \u00e5r 2012. John Lindblad f\u00f6ddes den 31 december 1887<\/p>\n","protected":false},"author":1,"featured_media":0,"parent":0,"menu_order":0,"comment_status":"closed","ping_status":"closed","template":"","meta":{"footnotes":""},"class_list":["post-2989","page","type-page","status-publish","hentry"],"_links":{"self":[{"href":"https:\/\/vrigstadshembygdsforening.se\/index.php?rest_route=\/wp\/v2\/pages\/2989","targetHints":{"allow":["GET"]}}],"collection":[{"href":"https:\/\/vrigstadshembygdsforening.se\/index.php?rest_route=\/wp\/v2\/pages"}],"about":[{"href":"https:\/\/vrigstadshembygdsforening.se\/index.php?rest_route=\/wp\/v2\/types\/page"}],"author":[{"embeddable":true,"href":"https:\/\/vrigstadshembygdsforening.se\/index.php?rest_route=\/wp\/v2\/users\/1"}],"replies":[{"embeddable":true,"href":"https:\/\/vrigstadshembygdsforening.se\/index.php?rest_route=%2Fwp%2Fv2%2Fcomments&post=2989"}],"version-history":[{"count":1,"href":"https:\/\/vrigstadshembygdsforening.se\/index.php?rest_route=\/wp\/v2\/pages\/2989\/revisions"}],"predecessor-version":[{"id":2997,"href":"https:\/\/vrigstadshembygdsforening.se\/index.php?rest_route=\/wp\/v2\/pages\/2989\/revisions\/2997"}],"wp:attachment":[{"href":"https:\/\/vrigstadshembygdsforening.se\/index.php?rest_route=%2Fwp%2Fv2%2Fmedia&parent=2989"}],"curies":[{"name":"wp","href":"https:\/\/api.w.org\/{rel}","templated":true}]}}