{"id":2306,"date":"2019-02-05T15:29:13","date_gmt":"2019-02-05T15:29:13","guid":{"rendered":"http:\/\/vrigstadshembygdsforening.se\/?page_id=2306"},"modified":"2019-02-05T15:29:13","modified_gmt":"2019-02-05T15:29:13","slug":"lundholmen-2","status":"publish","type":"page","link":"https:\/\/vrigstadshembygdsforening.se\/?page_id=2306","title":{"rendered":"Lundholmen"},"content":{"rendered":"<p dir=\"LTR\" align=\"JUSTIFY\">Historiskt sett var Lundholmen liksom all mark i Vrigstad socken med omnejd klosterjord under<br \/>\nNydala kloster. Under reformationen tillf\u00f6ll klostrets stora egendomar staten. \u00c5r 1570 bildades friherred\u00f6met Lundholmen. Byarna H\u00f6ga Stenstorp och Wettansby i Vrigstads socken, vilka g\u00e5r att sp\u00e5ra till 1200-talet, kom att utg\u00f6ra centrum.<\/p>\n<p dir=\"LTR\" align=\"JUSTIFY\">Johan den III, Gustav Vasas son, gav godset som f\u00f6rl\u00e4ning till rikskanslern Nils Gyllenstierna 1570. \u00c4gorna bestod d\u00e5 av cirka 68 hemman och str\u00e4ckte sig \u00f6ver flera socknar: Vrigstad, Almes\u00e5kra, \u00d6destugu och Svenarum.<\/p>\n<p dir=\"LTR\" align=\"JUSTIFY\">En av sl\u00e4kten Gyllenstiernas \u00e4gare var G\u00f6ran Gyllenstierna som genom att donera mark och pengar lade grunden till en av landets f\u00f6rsta skolor, Vrigstads skola som startades 1648. Idag lever namnet Gyllenstierna kvar, bl.a. som en gata i S\u00e4vsj\u00f6 och \u00e4ldreomsorgens servicehus i Vrigstad som heter G\u00f6ransg\u00e5rden.<\/p>\n<p dir=\"LTR\" align=\"JUSTIFY\">Efter Karl XI:s reduktion s\u00e5ldes Lundholmen med hemman till friherre Harald Str\u00f6mfeldt. Han uppf\u00f6rde 1699 huvudbyggnaden som f\u00f6rst\u00f6rdes genom brand 1885 men \u00e5teruppbyggdes i<br \/>\nursprungligt skick.<\/p>\n<p dir=\"LTR\" align=\"JUSTIFY\">Under 1700 och 1800 talet bytte egendomen \u00e4gare ett flertal g\u00e5nger. N\u00e5gra av \u00e4garna var K\u00f6nig, landsh\u00f6vding J.A. Stedt, brukspatron C.H. Rydbeck, professor N.S. Fredriksson samt J.F. H\u00e5rd av Segerstad.<\/p>\n<p dir=\"LTR\" align=\"JUSTIFY\">1910 k\u00f6ptes Lundholmen av grosshandlare J.P. Carlsson som \u00e4r morfars far till nuvarande \u00e4garen Peter Nordstrand. J.P. Carlsson \u00f6verl\u00e4t g\u00e5rden till sonen Gustav Carlsson-Lundberg, Peters morfar, 1918. Han hade till en b\u00f6rjan jordbruksdrift med mj\u00f6lkproduktion och potatis. P\u00e5 g\u00e5rden arbetade g\u00e5rdens statare och torpare.<\/p>\n<p dir=\"LTR\" align=\"JUSTIFY\">Han gick p\u00e5 lantbruksskola men var inte n\u00e5gon framg\u00e5ngsrik lantbrukare. Hans huvudintresse var att bedriva business med att k\u00f6pa och s\u00e4lja g\u00e5rdar. N\u00e4r Gustav Lundberg dog 1951 drevs g\u00e5rden som d\u00f6dsbo till cirka 1965. Vid bodelningen tilldelades g\u00e5rden Gustav Lundbergs yngsta dotter Birgitta Nordstrand gift med advokat Gunnar Nordstrand, som drev skogsbruket men arrenderade ut lantbruket. Makarna s\u00e5lde fastigheten till sonen Peter Nordstrand 1971.<\/p>\n<p dir=\"LTR\" align=\"JUSTIFY\">Stora delar av g\u00e5rden styckades av vid arvsskiftet efter J.P. Carlsson och nya p\u00e5bud om att torpen skulle styckas av f\u00f6r att bli sj\u00e4lvst\u00e4ndiga fastigheter f\u00f6r\u00e4ndrade g\u00e5rden. Totalarealen sj\u00f6nk fr\u00e5n cirka<br \/>\n1 250 ha till cirka 550 ha fram till 1940-talets slut. G\u00e5rden best\u00e5r idag av 105 ha \u00e5ker, 40 ha bete, 366 ha produktiv skogsmark, 40 ha impediment vartill tillkommer arrenden p\u00e5 40 ha \u00e5ker.<\/p>\n<p dir=\"LTR\" align=\"JUSTIFY\">Fr\u00e5n 1920-talet till 1983 var \u00e5kermark, beten och ekonomibyggnader utarrenderade. Flera olika<br \/>\narrendatorer drev g\u00e5rden som Mejenqvist, K\u00e4ll och Harald Johansson.<\/p>\n<p dir=\"LTR\" align=\"JUSTIFY\">1947 utarrenderades lantbruket till Mellersta Sveriges Lantbruks AB som ingick i Kinnevikkoncernen. De drev ett f\u00f6r sin tid modernt rationellt konventionellt jordbruk med mj\u00f6lkproduktion, \u00e4ggproduktion och stor potatisproduktion. Bl.a. besprutades potatisodlingarna fr\u00e5n flygplan.<\/p>\n<p dir=\"LTR\" align=\"JUSTIFY\">1983 avslutades arrendet med Mellersta<br \/>\nSverige och Peter b\u00f6rjade driva g\u00e5rden. Han hade d\u00e5 tillsammans med hustru Kerstin och barn<br \/>\nbosatt sig p\u00e5 g\u00e5rden. Inventarier, djur och personal \u00f6vertogs. De f\u00f6rsta \u00e5ren fortsatte han driften med b\u00e5de mj\u00f6lkkor, potatis och burh\u00f6ns. Vid \u00f6vertagandet arbetade Allan Svensson, Bengt Sj\u00f6gren och Tage Andersson p\u00e5 g\u00e5rden samt Bengt och Tages fruar som bl.a. plockade \u00e4gg och sorterade potatis.<\/p>\n<p dir=\"LTR\" align=\"JUSTIFY\">Det var sv\u00e5rt att f\u00e5 l\u00f6nsamhet med s\u00e5 m\u00e5nga olika produktionsgrenar. Det best\u00e4mdes d\u00e5 att huvudinriktningen i forts\u00e4ttningen skulle vara mj\u00f6lkproduktion och att g\u00e5rden skulle st\u00e4llas om till ekologisk drift. Helt omlagd var g\u00e5rden 1995. Ladug\u00e5rden fr\u00e5n 1917 har byggts om i tv\u00e5 etapper. 1996 byggdes det gamla potatislagret om till ladug\u00e5rd med l\u00f6sdrift och mj\u00f6lkgrop och 2009 sattes DeLaval mj\u00f6lkrobot in.<\/p>\n<p dir=\"LTR\" align=\"JUSTIFY\">Idag finns ca 75 SRB kor p\u00e5 g\u00e5rden, som producerar cirka 9200 kg ekologisk mj\u00f6lk\/ko och \u00e5r. Fr\u00e5n att ha varit ett personalintensivt jordbruk med 5-6 heltidsanst\u00e4llda vid \u00f6vertagandet arbetar idag<br \/>\nPeters yngste son Petter och dottern Emmas sambo agronomen Lukas Axelsson tillsammans med Peter ensamma med driften utom vid enstaka arbetstoppar. Jordbrukspraktikanter fr\u00e5n m\u00e5nga olika l\u00e4nder Frankrike, Polen, Ukraina, Tjeckien, Litauen, Lettland och Estland har spelat en viktig roll i arbetet p\u00e5 g\u00e5rden.<\/p>\n<p dir=\"LTR\" align=\"JUSTIFY\">En ny maskinhall och verkstad i samma stil som det gamla stallet och ladug\u00e5rden har uppf\u00f6rts d\u00e4r den tidigare inspektorsbostaden l\u00e5g. Huvudbyggnaden har renoverats under 2014-2015 och har idag nyrenoverad fasad, balkonger och entr\u00e9 som ser ut som d\u00e5 huset byggdes. Ett v\u00e4xthus och renovering av tr\u00e4dg\u00e5rden planeras.<\/p>\n<p dir=\"LTR\" align=\"JUSTIFY\">Skogen \u00e4r en viktig del av g\u00e5rdens drift. Under tiden g\u00e5rden var utarrenderad sk\u00f6ttes skogen av Skogss\u00e4llskapet. Efter det att Peter tagit \u00f6ver driften sk\u00f6ter han skogen med hj\u00e4lp av lokala entrepren\u00f6rer.<\/p>\n<p>Peter och Kerstin \u00e4r formellt pension\u00e4rer och g\u00e5rden st\u00e5r inf\u00f6r ett generationsskifte som \u00e4nnu inte har planerats.<\/p>\n<p><a href=\"https:\/\/media.vrigstadshembygdsforening.se\/\/W_2005.007.png\"><img loading=\"lazy\" decoding=\"async\" class=\"alignnone size-full wp-image-2308\" src=\"https:\/\/media.vrigstadshembygdsforening.se\/\/W_2005.007.png\" alt=\"\" width=\"700\" height=\"481\" srcset=\"https:\/\/media.vrigstadshembygdsforening.se\/W_2005.007.png 700w, https:\/\/media.vrigstadshembygdsforening.se\/W_2005.007-300x206.png 300w\" sizes=\"auto, (max-width: 700px) 100vw, 700px\" \/><\/a><\/p>\n<p dir=\"LTR\" align=\"LEFT\">Huvudbyggnaden p\u00e5 Lundholmen uppf\u00f6rdes 1885. Den tidigare byggnaden, som var fr\u00e5n 1699 och uppf\u00f6rd av friherre Str\u00f6mfelt, brann ner till grunden 1885. Foto fr\u00e5n omkring 1895.<\/p>\n<p><a href=\"https:\/\/media.vrigstadshembygdsforening.se\/\/W_1986.049.png\"><img loading=\"lazy\" decoding=\"async\" class=\"alignnone size-full wp-image-2307\" src=\"https:\/\/media.vrigstadshembygdsforening.se\/\/W_1986.049.png\" alt=\"\" width=\"700\" height=\"466\" srcset=\"https:\/\/media.vrigstadshembygdsforening.se\/W_1986.049.png 700w, https:\/\/media.vrigstadshembygdsforening.se\/W_1986.049-300x200.png 300w\" sizes=\"auto, (max-width: 700px) 100vw, 700px\" \/><\/a><\/p>\n<p dir=\"LTR\" align=\"LEFT\">I juli 1974 revs den n\u00e4ra 100 \u00e5r gamla statarbostaden. Foto fr\u00e5n 1974.<\/p>\n<p><a href=\"https:\/\/media.vrigstadshembygdsforening.se\/\/W_Lundholmen_66.jpg\"><img loading=\"lazy\" decoding=\"async\" class=\"alignnone size-full wp-image-2311\" src=\"https:\/\/media.vrigstadshembygdsforening.se\/\/W_Lundholmen_66.jpg\" alt=\"\" width=\"700\" height=\"778\" srcset=\"https:\/\/media.vrigstadshembygdsforening.se\/W_Lundholmen_66.jpg 700w, https:\/\/media.vrigstadshembygdsforening.se\/W_Lundholmen_66-270x300.jpg 270w\" sizes=\"auto, (max-width: 700px) 100vw, 700px\" \/><\/a><\/p>\n<p dir=\"LTR\" align=\"LEFT\">Tidningsklipp fr\u00e5n 1966.<\/p>\n<p><a href=\"https:\/\/media.vrigstadshembygdsforening.se\/\/W_1982.127.png\"><img loading=\"lazy\" decoding=\"async\" class=\"size-full wp-image-2310 alignleft\" src=\"https:\/\/media.vrigstadshembygdsforening.se\/\/W_1982.127.png\" alt=\"\" width=\"400\" height=\"458\" srcset=\"https:\/\/media.vrigstadshembygdsforening.se\/W_1982.127.png 400w, https:\/\/media.vrigstadshembygdsforening.se\/W_1982.127-262x300.png 262w\" sizes=\"auto, (max-width: 400px) 100vw, 400px\" \/><\/a><\/p>\n<p dir=\"LTR\" align=\"LEFT\">Potatisplockning p\u00e5 Lundholmen 1961 &#8211; Lennart<br \/>\nNilsson, Vr\u00e5en och David Karlsson, Granemon.<\/p>\n<p dir=\"LTR\" align=\"LEFT\">\n<p dir=\"LTR\" align=\"LEFT\">\n<p dir=\"LTR\" align=\"LEFT\">\n<p dir=\"LTR\" align=\"LEFT\">\n<p dir=\"LTR\" align=\"LEFT\">\n<p dir=\"LTR\" align=\"LEFT\">\n<p dir=\"LTR\" align=\"LEFT\">\n<p dir=\"LTR\" align=\"LEFT\">\n<p dir=\"LTR\" align=\"LEFT\">\n<p dir=\"LTR\" align=\"LEFT\"><a href=\"https:\/\/media.vrigstadshembygdsforening.se\/\/W_1982.123.png\"><img loading=\"lazy\" decoding=\"async\" class=\"size-full wp-image-2309 alignleft\" src=\"https:\/\/media.vrigstadshembygdsforening.se\/\/W_1982.123.png\" alt=\"\" width=\"400\" height=\"348\" srcset=\"https:\/\/media.vrigstadshembygdsforening.se\/W_1982.123.png 400w, https:\/\/media.vrigstadshembygdsforening.se\/W_1982.123-300x261.png 300w\" sizes=\"auto, (max-width: 400px) 100vw, 400px\" \/><\/a><\/p>\n<p dir=\"LTR\" align=\"LEFT\">David Karlsson, Allan Svensson och Lennart Nilsson i arbete. Foto fr\u00e5n 1961.<\/p>\n<p dir=\"LTR\" align=\"LEFT\">\n<p dir=\"LTR\" align=\"LEFT\">\n<p dir=\"LTR\" align=\"LEFT\">\n<p dir=\"LTR\" align=\"LEFT\">\n<p dir=\"LTR\" align=\"LEFT\">\n<p dir=\"LTR\" align=\"LEFT\">\n<p dir=\"LTR\" align=\"LEFT\">\n<p dir=\"LTR\" align=\"LEFT\"><a href=\"https:\/\/media.vrigstadshembygdsforening.se\/\/W_2012.051.png\"><img loading=\"lazy\" decoding=\"async\" class=\"alignnone size-full wp-image-2312\" src=\"https:\/\/media.vrigstadshembygdsforening.se\/\/W_2012.051.png\" alt=\"\" width=\"700\" height=\"494\" srcset=\"https:\/\/media.vrigstadshembygdsforening.se\/W_2012.051.png 700w, https:\/\/media.vrigstadshembygdsforening.se\/W_2012.051-300x212.png 300w\" sizes=\"auto, (max-width: 700px) 100vw, 700px\" \/><\/a><\/p>\n<p dir=\"LTR\" align=\"LEFT\">Peter och Kerstin Nordstrand i samband med J\u00f6nk\u00f6pings l\u00e4ns hush\u00e5llningss\u00e4llskaps sommarm\u00f6te som 2012 h\u00f6lls p\u00e5 Lundholmen.<\/p>\n","protected":false},"excerpt":{"rendered":"<p>Historiskt sett var Lundholmen liksom all mark i Vrigstad socken med omnejd klosterjord under Nydala kloster. Under reformationen tillf\u00f6ll klostrets<\/p>\n","protected":false},"author":1,"featured_media":0,"parent":0,"menu_order":0,"comment_status":"closed","ping_status":"closed","template":"","meta":{"footnotes":""},"class_list":["post-2306","page","type-page","status-publish","hentry"],"_links":{"self":[{"href":"https:\/\/vrigstadshembygdsforening.se\/index.php?rest_route=\/wp\/v2\/pages\/2306","targetHints":{"allow":["GET"]}}],"collection":[{"href":"https:\/\/vrigstadshembygdsforening.se\/index.php?rest_route=\/wp\/v2\/pages"}],"about":[{"href":"https:\/\/vrigstadshembygdsforening.se\/index.php?rest_route=\/wp\/v2\/types\/page"}],"author":[{"embeddable":true,"href":"https:\/\/vrigstadshembygdsforening.se\/index.php?rest_route=\/wp\/v2\/users\/1"}],"replies":[{"embeddable":true,"href":"https:\/\/vrigstadshembygdsforening.se\/index.php?rest_route=%2Fwp%2Fv2%2Fcomments&post=2306"}],"version-history":[{"count":1,"href":"https:\/\/vrigstadshembygdsforening.se\/index.php?rest_route=\/wp\/v2\/pages\/2306\/revisions"}],"predecessor-version":[{"id":2313,"href":"https:\/\/vrigstadshembygdsforening.se\/index.php?rest_route=\/wp\/v2\/pages\/2306\/revisions\/2313"}],"wp:attachment":[{"href":"https:\/\/vrigstadshembygdsforening.se\/index.php?rest_route=%2Fwp%2Fv2%2Fmedia&parent=2306"}],"curies":[{"name":"wp","href":"https:\/\/api.w.org\/{rel}","templated":true}]}}