{"id":2234,"date":"2018-12-18T15:55:44","date_gmt":"2018-12-18T15:55:44","guid":{"rendered":"http:\/\/vrigstadshembygdsforening.se\/?page_id=2234"},"modified":"2019-02-20T16:52:39","modified_gmt":"2019-02-20T16:52:39","slug":"aktiviteter-2018","status":"publish","type":"page","link":"https:\/\/vrigstadshembygdsforening.se\/?page_id=2234","title":{"rendered":"Aktiviteter 2018"},"content":{"rendered":"<p>2018 var ett mycket bra \u00e5r f\u00f6r hembygdsf\u00f6reningen. Vi \u00f6kade bl.a. antalet medlemmar i f\u00f6reningen till 408, en \u00f6kning med 41 j\u00e4mf\u00f6rt med f\u00f6reg\u00e5ende \u00e5r. Under \u00e5ret gav vi \u00e4ven ut boken &#8221;Vrigstad i maj 2018&#8221; samt har, som en av stiftarna, varit engagerade i Gamla Bankg\u00e5rdens verksamhet.<\/p>\n<p><strong>Under 2018 genomf\u00f6rde\u00a0vi bl.a.\u00a0f\u00f6ljande aktiviteter:<\/strong><\/p>\n<p><strong>S\u00f6ndagen den 2 december<\/strong>, i samband med \u00e5rets julskyltning, startade f\u00f6rs\u00e4ljningen av hembygdsf\u00f6reningens nya bok <a href=\"https:\/\/vrigstadshembygdsforening.se\/?page_id=2047\">&#8221;Vrigstad i maj 2018&#8221;<\/a> i Badhuset p\u00e5 Granbacken. M\u00e5nga ex var f\u00f6rbest\u00e4llda av medlemmar och i \u00f6vrigt var intresset f\u00f6r den nya boken mycket stort och m\u00e5nga skaffade sig ett eller flera exemplar av boken.<\/p>\n<figure id=\"attachment_2097\" aria-describedby=\"caption-attachment-2097\" style=\"width: 800px\" class=\"wp-caption alignnone\"><a href=\"https:\/\/media.vrigstadshembygdsforening.se\/\/181202.jpg\"><img loading=\"lazy\" decoding=\"async\" class=\"size-full wp-image-2097\" src=\"https:\/\/media.vrigstadshembygdsforening.se\/\/181202.jpg\" alt=\"\" width=\"800\" height=\"456\" srcset=\"https:\/\/media.vrigstadshembygdsforening.se\/181202.jpg 800w, https:\/\/media.vrigstadshembygdsforening.se\/181202-300x171.jpg 300w, https:\/\/media.vrigstadshembygdsforening.se\/181202-768x438.jpg 768w\" sizes=\"auto, (max-width: 800px) 100vw, 800px\" \/><\/a><figcaption id=\"caption-attachment-2097\" class=\"wp-caption-text\">Marita Borkowski med n\u00e5gra av eftermiddagens intresserade bokk\u00f6pare.<\/figcaption><\/figure>\n<p><strong>\u00a0<\/strong><strong>Torsdagen den 22 november<\/strong> anordnade hembygdsf\u00f6reningen en tematr\u00e4ff d\u00e4r Sonja och Carl-Gustav Liew ber\u00e4ttade minnen fr\u00e5n Vrigstad skola. Vi fick ta del av fakta om hur skolan och lektionerna s\u00e5g ut fr\u00e5n 50-talet fram till och med 90-talet samt ett stort antal anekdoter fr\u00e5n den gemensamma skoltiden. De visade ocks\u00e5 ett stort antal skolkort.<\/p>\n<p>Sonja inledde med att ber\u00e4tta att hon som nyexaminerad sm\u00e5skolel\u00e4rarinna 1953 s\u00f6kte och fick ett vikariat p\u00e5 tre m\u00e5nader vid Vrigstad skola. Tj\u00e4nstg\u00f6ringen i Vrigstad blev dock mycket l\u00e4ngre \u00e4n s\u00e5. Sonja stannade i 43 \u00e5r p\u00e5 skolan. Hon hade med sig tv\u00e5 egenh\u00e4ndigt gjorda m\u00e5lningar p\u00e5 den gamla skolan, som \u00e4r riven sedan l\u00e4nge. Hon ber\u00e4ttade utf\u00f6rligt och intressant om vad den gamla skolan inneh\u00f6ll f\u00f6r lokaler samt hur skoldagen s\u00e5g ut p\u00e5 den tiden.<\/p>\n<figure id=\"attachment_2087\" aria-describedby=\"caption-attachment-2087\" style=\"width: 800px\" class=\"wp-caption alignnone\"><a href=\"https:\/\/media.vrigstadshembygdsforening.se\/\/181122.jpg\"><img loading=\"lazy\" decoding=\"async\" class=\"size-full wp-image-2087\" src=\"https:\/\/media.vrigstadshembygdsforening.se\/\/181122.jpg\" alt=\"\" width=\"800\" height=\"493\" srcset=\"https:\/\/media.vrigstadshembygdsforening.se\/181122.jpg 800w, https:\/\/media.vrigstadshembygdsforening.se\/181122-300x185.jpg 300w, https:\/\/media.vrigstadshembygdsforening.se\/181122-768x473.jpg 768w\" sizes=\"auto, (max-width: 800px) 100vw, 800px\" \/><\/a><figcaption id=\"caption-attachment-2087\" class=\"wp-caption-text\">Sonja och Carl-Gustav Liew vid en av Sonjas m\u00e5lningar av den gamla skolan.<\/figcaption><\/figure>\n<p>Carl-Gustav avlade folkskoll\u00e4rare- och kantorsexamen 1956. Han hade f\u00e5tt ett tips av sin far om att det fanns ett vikariat p\u00e5 ett \u00e5r som skolkantor i Vrigstad. Han fick tj\u00e4nsten och efter ett drygt \u00e5r s\u00e5 var han och Sonja gifta. Carl-Gustav ber\u00e4ttade att det var 6-dagarsvecka i skolan och som kantor hade han \u00e4ven arbete p\u00e5 s\u00f6ndagarna \u2013 s\u00e5 det det var sjudagarsvecka n\u00e4stan \u00e5ret runt. Som kantor hade han dock sex lediga helger per \u00e5r.<\/p>\n<p>N\u00e4r han b\u00f6rjade arbeta var det kyrkan som var huvudman f\u00f6r skolan. D\u00e4rmed var han ocks\u00e5 statsanst\u00e4lld. Fr\u00e5n och med 1989 tog kommunerna \u00f6ver ansvaret f\u00f6r skolan.<\/p>\n<p>Vrigstad skola fick en ny rektor 1960 och det blev ocks\u00e5 inledningen till en omfattande nybyggnation. Man byggde tv\u00e5 paviljonger, en gymnastiksal, ett badhus och en skolmatsal.<\/p>\n<p>Vi fick ocks\u00e5 h\u00f6ra m\u00e5nga historier om skolutflykter, skolresor, idrottsdagar m.m. som m\u00e5nga av \u00e5h\u00f6rarna ocks\u00e5 sj\u00e4lva deltagit i.<\/p>\n<p><strong>S\u00f6ndagen den 28 oktober<\/strong> anordnade Vrigstads hembygdsf\u00f6renings en tematr\u00e4ff om Vrigstad i tidig medeltid\u00a0i samarbete med Ultima Familia \u2013 Elisabeth Hernestrand och Jonas Nilsson \u2013 och samlade n\u00e4rmare 100-talet \u00e5h\u00f6rare.<\/p>\n<p>Elisabeth Hernestrand b\u00f6rjade med att ber\u00e4tta om striden om kungamakten som stod mellan Sverkrarna och Erikarna och som p\u00e5gick under n\u00e4stan 100 \u00e5r fr\u00e5n mitten av 1100-talet. I riksarkivet finns k\u00e4llorna till f\u00f6rel\u00e4sningen i medeltida brev, som nu finns s\u00f6kbara p\u00e5 n\u00e4tet. G\u00e5rdar som n\u00e4mns runt Vrigstad \u00e4r bl.a. Lundby, Sunnerby, Wettansby, K\u00f6pstad, Holkaryd och Stenshult. Det \u00e4ldsta brevet som r\u00f6r en g\u00e5rd i Vrigstad \u00e4r fr\u00e5n 1178.<\/p>\n<figure id=\"attachment_2038\" aria-describedby=\"caption-attachment-2038\" style=\"width: 800px\" class=\"wp-caption alignnone\"><a href=\"https:\/\/media.vrigstadshembygdsforening.se\/\/181028_1.jpg\"><img loading=\"lazy\" decoding=\"async\" class=\"size-full wp-image-2038\" src=\"https:\/\/media.vrigstadshembygdsforening.se\/\/181028_1.jpg\" alt=\"\" width=\"800\" height=\"469\" srcset=\"https:\/\/media.vrigstadshembygdsforening.se\/181028_1.jpg 800w, https:\/\/media.vrigstadshembygdsforening.se\/181028_1-300x176.jpg 300w, https:\/\/media.vrigstadshembygdsforening.se\/181028_1-768x450.jpg 768w\" sizes=\"auto, (max-width: 800px) 100vw, 800px\" \/><\/a><figcaption id=\"caption-attachment-2038\" class=\"wp-caption-text\">Elisabeth Hernestrand ber\u00e4ttade bl.a. om sin forskning r\u00f6rande Sunnerby och Lundby.<\/figcaption><\/figure>\n<p>Sunnerby finns omn\u00e4mnt i ett par brev och h\u00e4r hade kungen en av sina kungsg\u00e5rdar. I ett av breven n\u00e4mns att biskop Gisle bytt till sig Sunnerby och sedan sk\u00e4nkt det till Nydala kloster.<\/p>\n<p>Den gamla kyrkan i Vrigstad, som revs 1865, l\u00e5g sydost om den nuvarande kyrkan. I samband med rivningen s\u00e5 dokumenterades m\u00e5lningarna i kyrkan av Lindberg, fr\u00e5n Stockholm. Dessa litografier har tidigare funnits som delar av en st\u00f6rre m\u00e5lning och till f\u00f6rel\u00e4sningen hade Elisabeth Hernestrand satt samman dessa m\u00e5lningar, m\u00e5lade av J\u00f6rlundagruppen i Danmark, till en helhet.<\/p>\n<p><a href=\"https:\/\/media.vrigstadshembygdsforening.se\/\/181028_JN.jpg\"><img loading=\"lazy\" decoding=\"async\" class=\"size-full wp-image-2042 alignleft\" src=\"https:\/\/media.vrigstadshembygdsforening.se\/\/181028_JN.jpg\" alt=\"\" width=\"300\" height=\"600\" srcset=\"https:\/\/media.vrigstadshembygdsforening.se\/181028_JN.jpg 300w, https:\/\/media.vrigstadshembygdsforening.se\/181028_JN-150x300.jpg 150w\" sizes=\"auto, (max-width: 300px) 100vw, 300px\" \/><\/a>Vi fick ocks\u00e5 h\u00f6ra om klosterrov, som var ett s\u00e4tt att f\u00f6rhindra att den konkurrerande sl\u00e4kten gifte sig med en presumtiv drottning. Jonas Nilsson sj\u00f6ng en ber\u00e4ttelse, ursprungligen skriven p\u00e5 danska, som beskrev hur lagman Lars Pettersson fr\u00e5n Lundby r\u00f6vade bort en kvinna fr\u00e5n Vreta kloster.<\/p>\n<p>Som avslutning visade Jonas Nilsson en karta ur en brittisk bok \u201dByzantium and the viking world\u201d d\u00e4r Vrigstad, som enda ort mellan S\u00f6dermanland och Sk\u00e5ne, fanns namngiven. Kontakter har tagits med historiker och bokens f\u00f6rfattare f\u00f6r att f\u00e5 en f\u00f6rklaring till varf\u00f6r Vrigstad finns med som enda namngiven ort i mellersta G\u00f6taland \u2013 dock utan n\u00e5got egentligt svar.<\/p>\n<p>&nbsp;<\/p>\n<p>&nbsp;<\/p>\n<p>&nbsp;<\/p>\n<p>&nbsp;<\/p>\n<p>&nbsp;<\/p>\n<p>&nbsp;<\/p>\n<p><strong><br \/>\nS\u00f6ndagen den\u00a030 september<\/strong> h\u00f6ll professor emeritus i nordiska spr\u00e5k Staffan Fridell\u00a0en f\u00f6rel\u00e4sning om ortsnamn i Hj\u00e4lmseryds, Stockaryds och Vrigstads socknar inf\u00f6r ett 70-tal bes\u00f6kare\u00a0.<br \/>\n<a href=\"https:\/\/media.vrigstadshembygdsforening.se\/\/180930.jpg\"><img loading=\"lazy\" decoding=\"async\" class=\"alignnone size-full wp-image-2027\" src=\"https:\/\/media.vrigstadshembygdsforening.se\/\/180930.jpg\" alt=\"\" width=\"800\" height=\"456\" srcset=\"https:\/\/media.vrigstadshembygdsforening.se\/180930.jpg 800w, https:\/\/media.vrigstadshembygdsforening.se\/180930-300x171.jpg 300w, https:\/\/media.vrigstadshembygdsforening.se\/180930-768x438.jpg 768w\" sizes=\"auto, (max-width: 800px) 100vw, 800px\" \/><\/a><\/p>\n<p>Fridell ber\u00e4ttade att s\u00e5 l\u00e4nge det funnit ett spr\u00e5k har vi haft ortsnamn. De \u00e4ldsta namnen\u00a0\u00e4r ofta naturnamn och sj\u00f6namn, t.ex. Rusken och Allgunnen. De \u00e4ldsta bynamnen \u00e4r\u00a01400-1500 \u00e5r gamla, d\u00e5 man fick en mer fast bebyggelse.<br \/>\nBygdecentrum under Vikingatiden var Vrigstad. Fridell gav ett stort antal exempel p\u00e5 namnens ursprung och betydelse. Lund i namnen Lundby och\u00a0Lunnaberg kommer fr\u00e5n Lund=helig plats\/offerplats. K\u00f6pstad betyder marknadsplats. Holk i Holkaryd kommer fr\u00e5n holk=liten sj\u00f6. Det \u00e4r ocks\u00e5 vanligt att platser d\u00f6pts efter n\u00e5gon person, t.ex. Gettersryd som kommer av Gerthorn.<\/p>\n<p><strong>\u00a0S\u00f6ndagen den 5 augusti<\/strong> h\u00f6ll hembygdsf\u00f6reningen \u00d6ppet hus p\u00e5 Gr\u00f6ndal. Sk\u00e5despelerskan Birgitta Fernstr\u00f6m presenterade f\u00f6rest\u00e4llningen\u00a0\u201dGubbar och Gummor i osalig blandning\u201d \u2013 \u00a0l\u00e4ttsamma texter fr\u00e5n 1700-tal till nutid \u2013 ibland med sk\u00e4mtsam, ibland med allvarlig underton. Mer eller mindre bekanta poeter och f\u00f6rfattare tolkades i ord och ton.<br \/>\n<a href=\"https:\/\/media.vrigstadshembygdsforening.se\/\/180805_1.jpg\"><img loading=\"lazy\" decoding=\"async\" class=\"alignnone size-full wp-image-1982\" src=\"https:\/\/media.vrigstadshembygdsforening.se\/\/180805_1.jpg\" alt=\"\" width=\"800\" height=\"463\" srcset=\"https:\/\/media.vrigstadshembygdsforening.se\/180805_1.jpg 800w, https:\/\/media.vrigstadshembygdsforening.se\/180805_1-300x174.jpg 300w, https:\/\/media.vrigstadshembygdsforening.se\/180805_1-768x444.jpg 768w\" sizes=\"auto, (max-width: 800px) 100vw, 800px\" \/><\/a><a href=\"https:\/\/media.vrigstadshembygdsforening.se\/\/180805_3.jpg\"><img loading=\"lazy\" decoding=\"async\" class=\"alignnone size-full wp-image-1981\" src=\"https:\/\/media.vrigstadshembygdsforening.se\/\/180805_3.jpg\" alt=\"\" width=\"800\" height=\"502\" srcset=\"https:\/\/media.vrigstadshembygdsforening.se\/180805_3.jpg 800w, https:\/\/media.vrigstadshembygdsforening.se\/180805_3-300x188.jpg 300w, https:\/\/media.vrigstadshembygdsforening.se\/180805_3-768x482.jpg 768w\" sizes=\"auto, (max-width: 800px) 100vw, 800px\" \/><\/a><\/p>\n<p><a href=\"https:\/\/media.vrigstadshembygdsforening.se\/\/180805_2.jpg\"><img loading=\"lazy\" decoding=\"async\" class=\"alignnone size-full wp-image-1983\" src=\"https:\/\/media.vrigstadshembygdsforening.se\/\/180805_2.jpg\" alt=\"\" width=\"800\" height=\"456\" srcset=\"https:\/\/media.vrigstadshembygdsforening.se\/180805_2.jpg 800w, https:\/\/media.vrigstadshembygdsforening.se\/180805_2-300x171.jpg 300w, https:\/\/media.vrigstadshembygdsforening.se\/180805_2-768x438.jpg 768w\" sizes=\"auto, (max-width: 800px) 100vw, 800px\" \/><\/a><\/p>\n<figure id=\"attachment_1985\" aria-describedby=\"caption-attachment-1985\" style=\"width: 800px\" class=\"wp-caption alignnone\"><a href=\"https:\/\/media.vrigstadshembygdsforening.se\/\/180805_6.jpg\"><img loading=\"lazy\" decoding=\"async\" class=\"size-full wp-image-1985\" src=\"https:\/\/media.vrigstadshembygdsforening.se\/\/180805_6.jpg\" alt=\"\" width=\"800\" height=\"484\" srcset=\"https:\/\/media.vrigstadshembygdsforening.se\/180805_6.jpg 800w, https:\/\/media.vrigstadshembygdsforening.se\/180805_6-300x182.jpg 300w, https:\/\/media.vrigstadshembygdsforening.se\/180805_6-768x465.jpg 768w\" sizes=\"auto, (max-width: 800px) 100vw, 800px\" \/><\/a><figcaption id=\"caption-attachment-1985\" class=\"wp-caption-text\">Vi visade ett urval av de teckningar skolbarnen i Vrigstad gjort till v\u00e5r kommande bok &#8221;Vrigstad i maj 2018&#8221;.<\/figcaption><\/figure>\n<figure id=\"attachment_1984\" aria-describedby=\"caption-attachment-1984\" style=\"width: 800px\" class=\"wp-caption alignnone\"><a href=\"https:\/\/media.vrigstadshembygdsforening.se\/\/180805_4.jpg\"><img loading=\"lazy\" decoding=\"async\" class=\"size-full wp-image-1984\" src=\"https:\/\/media.vrigstadshembygdsforening.se\/\/180805_4.jpg\" alt=\"\" width=\"800\" height=\"463\" srcset=\"https:\/\/media.vrigstadshembygdsforening.se\/180805_4.jpg 800w, https:\/\/media.vrigstadshembygdsforening.se\/180805_4-300x174.jpg 300w, https:\/\/media.vrigstadshembygdsforening.se\/180805_4-768x444.jpg 768w\" sizes=\"auto, (max-width: 800px) 100vw, 800px\" \/><\/a><figcaption id=\"caption-attachment-1984\" class=\"wp-caption-text\">Alla barn upp tom. \u00e5rskurs 6 bj\u00f6ds p\u00e5 glass.<\/figcaption><\/figure>\n<p>Vi visade ocks\u00e5 v\u00e5rt rika bild- och klipparkiv\u00a0och informerade om f\u00f6reningens verksamhet. Den kommande boken &#8221;Vrigstad i maj 2018&#8221; kommer att b\u00f6rja s\u00e4ljas i samband med \u00e5rets julskyltning.<br \/>\nArrangemanget delfinansierades av:<br \/>\n<a href=\"https:\/\/media.vrigstadshembygdsforening.se\/\/106402_original_Kombinationslogga_landsbygdsfond__leader_och_LLS_w.jpg\"><img loading=\"lazy\" decoding=\"async\" class=\"alignnone size-full wp-image-1988\" src=\"https:\/\/media.vrigstadshembygdsforening.se\/\/106402_original_Kombinationslogga_landsbygdsfond__leader_och_LLS_w.jpg\" alt=\"\" width=\"700\" height=\"123\" srcset=\"https:\/\/media.vrigstadshembygdsforening.se\/106402_original_Kombinationslogga_landsbygdsfond__leader_och_LLS_w.jpg 700w, https:\/\/media.vrigstadshembygdsforening.se\/106402_original_Kombinationslogga_landsbygdsfond__leader_och_LLS_w-300x53.jpg 300w\" sizes=\"auto, (max-width: 700px) 100vw, 700px\" \/><\/a><\/p>\n<p><strong>Onsdagen den 27 juni<\/strong> anordnade hembygdsf\u00f6reningen, i samverkan med Vrigstad kyrka,\u00a0en kyrkog\u00e5rdsvandring d\u00e4r Stig Marz och B\u00f6rje Cronvall ber\u00e4ttade om fyra personer begravda p\u00e5 kyrkog\u00e5rden.<\/p>\n<figure id=\"attachment_1950\" aria-describedby=\"caption-attachment-1950\" style=\"width: 800px\" class=\"wp-caption alignnone\"><a href=\"https:\/\/media.vrigstadshembygdsforening.se\/\/180627_kyrkog.jpg\"><img loading=\"lazy\" decoding=\"async\" class=\"size-full wp-image-1950\" src=\"https:\/\/media.vrigstadshembygdsforening.se\/\/180627_kyrkog.jpg\" alt=\"\" width=\"800\" height=\"426\" srcset=\"https:\/\/media.vrigstadshembygdsforening.se\/180627_kyrkog.jpg 800w, https:\/\/media.vrigstadshembygdsforening.se\/180627_kyrkog-300x160.jpg 300w, https:\/\/media.vrigstadshembygdsforening.se\/180627_kyrkog-768x409.jpg 768w\" sizes=\"auto, (max-width: 800px) 100vw, 800px\" \/><\/a><figcaption id=\"caption-attachment-1950\" class=\"wp-caption-text\">Stig Marz ber\u00e4ttar om John Johansson.<\/figcaption><\/figure>\n<p>Ett 35-tal personer hade slutit, i konkurrens med fotbolls-VM. Solen v\u00e4rmde fr\u00e5n en n\u00e4stan klarbl\u00e5 himmel och \u00e5h\u00f6rarna delade upp sig f\u00f6r att kunna st\u00e5 i skuggan av n\u00e5gra tr\u00e4d.<br \/>\nStig inledde med att ber\u00e4tta om <a href=\"https:\/\/vrigstadshembygdsforening.se\/?page_id=1964\">Axia Carlsson<\/a> och avslutade sin del med <a href=\"https:\/\/vrigstadshembygdsforening.se\/?page_id=1961\">John Johansson<\/a>. B\u00f6rje Cronvall hade valt att ber\u00e4tta om <a href=\"https:\/\/vrigstadshembygdsforening.se\/?page_id=1952\">Mandli Svensson<\/a> och <a href=\"https:\/\/vrigstadshembygdsforening.se\/?page_id=1956\">Emil Crona<\/a>.<\/p>\n<p><strong>I samband med \u00e5rets skolavslutning, den 15 juni<\/strong>, delade hembygdsf\u00f6reningen ut ett pris p\u00e5 1 000 kronor till \u00e5rskurs 1 vid Vrigstad skola. Som en del i den kommande boken &#8221;Vrigstad i maj 2018&#8221; fick eleverna vid skolan i uppdrag att rita och m\u00e5la en vision om hur Vrigstad ser ut om 25 \u00e5r. Den vinnande teckningen gjordes av Benjamin Torres i klass 1, d\u00e4r\u00a0priset tillf\u00f6ll hela klassen. Den vinnande teckningen samt ytterligare ett antal kommer att presenteras i\u00a0&#8221;maj-boken&#8221;.<strong><br \/>\n<\/strong><\/p>\n<p><strong>S\u00f6ndagen\u00a0den 20 maj<\/strong> anordnade hembygdsf\u00f6reningen en torpvandring till Biskopsbo och Kvarnag\u00e5rden. Det var Lennart Davidsson som svarade f\u00f6r informationen och ber\u00e4ttade utf\u00f6rligt om g\u00e5rdarna och kringliggande torp och backstugor.<\/p>\n<p>Guidningen startade i Biskopsbo som har anor som biskopsg\u00e5rd under Link\u00f6pings stift sedan 1100-talet. Biskop Gisle som n\u00e4mns i samband med Biskopsbo medverkade till att Nydala kloster fick mark och grundades 1143. En indragning av egendomen fr\u00e5n kyrkan till staten gjordes under 1600-talet.<\/p>\n<p>1695 inf\u00f6rdes indelningsverket p\u00e5 Sm\u00e5lands kavalleriregemente i Eksj\u00f6. Majoren f\u00f6r majorens kompani fick bost\u00e4llet Biskopsbo och den nuvarande huvudbyggnaden uppf\u00f6rdes 1743 \u2013 1745. Till huvudbyggnaden h\u00f6rde tv\u00e5 flygelbyggnader.<\/p>\n<p>1915 kom Maria Pettersson, som arbetat p\u00e5 Slagsta, en s.k. uppfostringsanstalt f\u00f6r sinnessl\u00f6a. Hon startade v\u00e5rdboendet Biskopsbo. Som mest hade man upp till 70 patienter. H\u00e4r fanns \u00e4ven ett antal s.k. arbetspojkar.<\/p>\n<figure id=\"attachment_1932\" aria-describedby=\"caption-attachment-1932\" style=\"width: 800px\" class=\"wp-caption alignnone\"><a href=\"https:\/\/media.vrigstadshembygdsforening.se\/\/180520_2.jpg\"><img loading=\"lazy\" decoding=\"async\" class=\"wp-image-1932 size-full\" src=\"https:\/\/media.vrigstadshembygdsforening.se\/\/180520_2.jpg\" alt=\"\" width=\"800\" height=\"483\" srcset=\"https:\/\/media.vrigstadshembygdsforening.se\/180520_2.jpg 800w, https:\/\/media.vrigstadshembygdsforening.se\/180520_2-300x181.jpg 300w, https:\/\/media.vrigstadshembygdsforening.se\/180520_2-768x464.jpg 768w\" sizes=\"auto, (max-width: 800px) 100vw, 800px\" \/><\/a><figcaption id=\"caption-attachment-1932\" class=\"wp-caption-text\">Gruppen tog en fikapaus i vindskyddet vid Kvarnag\u00e5rden.<\/figcaption><\/figure>\n<p>Kvarnag\u00e5rden k\u00f6ptes 1842 av apotekare Leidenfrost. Fastigheten togs senare \u00f6ver av Carl och Inga-Stina Jakobsson. Idag \u00e4gs fastigheten av Johan Nordberg.<\/p>\n<figure id=\"attachment_1933\" aria-describedby=\"caption-attachment-1933\" style=\"width: 800px\" class=\"wp-caption alignnone\"><a href=\"https:\/\/media.vrigstadshembygdsforening.se\/\/180520_1.jpg\"><img loading=\"lazy\" decoding=\"async\" class=\"wp-image-1933 size-full\" src=\"https:\/\/media.vrigstadshembygdsforening.se\/\/180520_1.jpg\" alt=\"\" width=\"800\" height=\"464\" srcset=\"https:\/\/media.vrigstadshembygdsforening.se\/180520_1.jpg 800w, https:\/\/media.vrigstadshembygdsforening.se\/180520_1-300x174.jpg 300w, https:\/\/media.vrigstadshembygdsforening.se\/180520_1-768x445.jpg 768w\" sizes=\"auto, (max-width: 800px) 100vw, 800px\" \/><\/a><figcaption id=\"caption-attachment-1933\" class=\"wp-caption-text\">Lennart Davidsson informerar om Kvarnag\u00e5rden med sin kvarn och stamp.<\/figcaption><\/figure>\n<p>Under maj m\u00e5nad deltog f\u00f6reningen som vanligt i skolans hembygdsvecka. Eleverna fick bl.a. uppleva en &#8221;gammaldags skoldag&#8221;, ett bes\u00f6k p\u00e5 hembygdsg\u00e5rden Gr\u00f6ndal samt en visning av Gamla Bankg\u00e5rden.<\/p>\n<figure id=\"attachment_3623\" aria-describedby=\"caption-attachment-3623\" style=\"width: 800px\" class=\"wp-caption alignnone\"><a href=\"https:\/\/media.vrigstadshembygdsforening.se\/\/W_B20.jpg\"><img loading=\"lazy\" decoding=\"async\" class=\"size-full wp-image-3623\" src=\"https:\/\/media.vrigstadshembygdsforening.se\/\/W_B20.jpg\" alt=\"\" width=\"800\" height=\"533\" srcset=\"https:\/\/media.vrigstadshembygdsforening.se\/W_B20.jpg 800w, https:\/\/media.vrigstadshembygdsforening.se\/W_B20-300x200.jpg 300w, https:\/\/media.vrigstadshembygdsforening.se\/W_B20-768x512.jpg 768w\" sizes=\"auto, (max-width: 800px) 100vw, 800px\" \/><\/a><figcaption id=\"caption-attachment-3623\" class=\"wp-caption-text\">Kerstin Carlsson och ordinarie l\u00e4raren Elsa Gunnarsson ber\u00e4ttade om skolan f\u00f6rr i tiden.<\/figcaption><\/figure>\n<figure id=\"attachment_3624\" aria-describedby=\"caption-attachment-3624\" style=\"width: 800px\" class=\"wp-caption alignnone\"><a href=\"https:\/\/media.vrigstadshembygdsforening.se\/\/W_C23.jpg\"><img loading=\"lazy\" decoding=\"async\" class=\"size-full wp-image-3624\" src=\"https:\/\/media.vrigstadshembygdsforening.se\/\/W_C23.jpg\" alt=\"\" width=\"800\" height=\"533\" srcset=\"https:\/\/media.vrigstadshembygdsforening.se\/W_C23.jpg 800w, https:\/\/media.vrigstadshembygdsforening.se\/W_C23-300x200.jpg 300w, https:\/\/media.vrigstadshembygdsforening.se\/W_C23-768x512.jpg 768w\" sizes=\"auto, (max-width: 800px) 100vw, 800px\" \/><\/a><figcaption id=\"caption-attachment-3624\" class=\"wp-caption-text\">Bodil Lundberg, Monika Mindic och Eleonore Almerheim tillsammans med en f\u00f6rskoleklass p\u00e5 Gr\u00f6ndal.<\/figcaption><\/figure>\n<figure id=\"attachment_3625\" aria-describedby=\"caption-attachment-3625\" style=\"width: 800px\" class=\"wp-caption alignnone\"><a href=\"https:\/\/media.vrigstadshembygdsforening.se\/\/W_C30.jpg\"><img loading=\"lazy\" decoding=\"async\" class=\"size-full wp-image-3625\" src=\"https:\/\/media.vrigstadshembygdsforening.se\/\/W_C30.jpg\" alt=\"\" width=\"800\" height=\"496\" srcset=\"https:\/\/media.vrigstadshembygdsforening.se\/W_C30.jpg 800w, https:\/\/media.vrigstadshembygdsforening.se\/W_C30-300x186.jpg 300w, https:\/\/media.vrigstadshembygdsforening.se\/W_C30-768x476.jpg 768w\" sizes=\"auto, (max-width: 800px) 100vw, 800px\" \/><\/a><figcaption id=\"caption-attachment-3625\" class=\"wp-caption-text\">Evelina Karl\u00e9n studerar tillsammans med n\u00e5gra elever den gamla bokf\u00f6ringen i bankmuseet.<\/figcaption><\/figure>\n<p>Efter att vi f\u00e5tt staketet tv\u00e4ttat har vi nu p\u00e5b\u00f6rjat arbetet med att m\u00e5la det. P\u00e5 bilden \u00e4r Kerstin Carlsson, Bengt Gunnarsson och Sten-Anders Carlsson i full fart med m\u00e5lningen. Vi tar g\u00e4rna emot hj\u00e4lp. Vill du avs\u00e4tta en timma eller tv\u00e5 f\u00f6r att hj\u00e4lpa oss med m\u00e5lningen s\u00e5 h\u00f6r av dig!<br \/>\n<a href=\"https:\/\/media.vrigstadshembygdsforening.se\/\/180515.jpg\"><img loading=\"lazy\" decoding=\"async\" class=\"alignnone size-full wp-image-1929\" src=\"https:\/\/media.vrigstadshembygdsforening.se\/\/180515.jpg\" alt=\"\" width=\"800\" height=\"495\" srcset=\"https:\/\/media.vrigstadshembygdsforening.se\/180515.jpg 800w, https:\/\/media.vrigstadshembygdsforening.se\/180515-300x186.jpg 300w, https:\/\/media.vrigstadshembygdsforening.se\/180515-768x475.jpg 768w\" sizes=\"auto, (max-width: 800px) 100vw, 800px\" \/><\/a><\/p>\n<p><strong>Den 3 maj<\/strong>, i\u00a0samband med \u00e5rets v\u00e5rst\u00e4dning i ih\u00e5llande regn p\u00e5 Gr\u00f6ndal planterades ocks\u00e5 ett \u00e4ppeltr\u00e4d p\u00e5 tomten. Fr.v. Bengt Gunnarsson, Kerstin Carlsson och Sten-Anders Carlsson.<br \/>\n<a href=\"https:\/\/media.vrigstadshembygdsforening.se\/\/180503.jpg\"><img loading=\"lazy\" decoding=\"async\" class=\"alignnone size-full wp-image-1924\" src=\"https:\/\/media.vrigstadshembygdsforening.se\/\/180503.jpg\" alt=\"\" width=\"800\" height=\"488\" srcset=\"https:\/\/media.vrigstadshembygdsforening.se\/180503.jpg 800w, https:\/\/media.vrigstadshembygdsforening.se\/180503-300x183.jpg 300w, https:\/\/media.vrigstadshembygdsforening.se\/180503-768x468.jpg 768w\" sizes=\"auto, (max-width: 800px) 100vw, 800px\" \/><\/a><strong><br \/>\n<\/strong><\/p>\n<p><strong>Den 22 mars<\/strong> h\u00f6ll hembygdsf\u00f6reningen sitt \u00e5rsm\u00f6te som inleddes med sedvanliga f\u00f6rhandlingar d\u00e4r \u00e5rets verksamhetsber\u00e4ttelse visades p\u00e5 film. F\u00f6reningen har bl.a. anordnat ett antal temakv\u00e4llar, en kyrkog\u00e5rdsvandring och en torgvandring. Man har \u00e4ven deltagit aktivt i skolans hembygdsvecka. Under 2017 \u00f6kade f\u00f6reningen sitt medlemsantal till 367. <a href=\"https:\/\/www.youtube.com\/watch?v=p2sw3Vdypi4&amp;feature=youtu.be\" target=\"_blank\" rel=\"noopener\">Se f\u00f6reningens verksamhetsber\u00e4ttelse<\/a>.<\/p>\n<p>B\u00f6rje Cronvall omvaldes till ordf\u00f6rande och styrelsen best\u00e5r i \u00f6vrigt av Catharina Andersson, Marita Borkowski, Kerstin Carlsson, Andreas Ljung, Stig Marz och Marie Olofsson. Sten-Anders Carlsson valdes som ny suppleant.<\/p>\n<figure id=\"attachment_1903\" aria-describedby=\"caption-attachment-1903\" style=\"width: 800px\" class=\"wp-caption alignnone\"><a href=\"https:\/\/media.vrigstadshembygdsforening.se\/\/180322.jpg\"><img loading=\"lazy\" decoding=\"async\" class=\"wp-image-1903 size-full\" src=\"https:\/\/media.vrigstadshembygdsforening.se\/\/180322.jpg\" alt=\"\" width=\"800\" height=\"471\" srcset=\"https:\/\/media.vrigstadshembygdsforening.se\/180322.jpg 800w, https:\/\/media.vrigstadshembygdsforening.se\/180322-300x177.jpg 300w, https:\/\/media.vrigstadshembygdsforening.se\/180322-768x452.jpg 768w\" sizes=\"auto, (max-width: 800px) 100vw, 800px\" \/><\/a><figcaption id=\"caption-attachment-1903\" class=\"wp-caption-text\">Efter \u00e5rsm\u00f6tet visade Stig Marz en film om Vrigstad marknad 1981 \u2013 d\u00e5 bl.a. djurmarknaden fortfarande var mycket omfattande.<\/figcaption><\/figure>\n<p>Som avslutning p\u00e5 kv\u00e4llen informerade B\u00f6rje Cronvall om den planerade boken \u201dVrigstad i maj 2018\u201d. Allm\u00e4nheten ombeds ta s\u00e5 m\u00e5nga kort som m\u00f6jligt f\u00f6r att boken ska kunna spegla livet i Vrigstad under denna m\u00e5nad. Medlemmarna kommer att kunna f\u00f6rhandsbest\u00e4lla boken till ett f\u00f6rm\u00e5nligt pris (100 kr)\u00a0och boken kommer att b\u00f6rja s\u00e4ljas i samband med \u00e5rets julskyltning.<\/p>\n<p>Vrigstad hembygdsf\u00f6rening temakv\u00e4ll den <strong>8 februari<\/strong> under rubriken \u201dSparbanken i Vrigstad 150 \u00e5r\u201d lockade n\u00e4rmare 70 bes\u00f6kare. Inledningstalare var Karl-Johan Krantz som gick tillbaka \u00e4nda till Nydala klosters bildande 1143 f\u00f6r att f\u00f6rst\u00e5 hur Vrigstad v\u00e4xte till den centralort den var under flera 100 \u00e5r. Munkarna som kom till Nydala f\u00f6rde med sin en m\u00e4ngd nya kunskaper \u2013 hur man bygger, l\u00e4kev\u00e4xter, nya f\u00e5ngstmetoder m.m. som kom att spela en mycket viktig roll f\u00f6r socknens utveckling.<\/p>\n<figure id=\"attachment_1863\" aria-describedby=\"caption-attachment-1863\" style=\"width: 800px\" class=\"wp-caption alignnone\"><a href=\"https:\/\/media.vrigstadshembygdsforening.se\/\/180208_KJK.jpg\"><img loading=\"lazy\" decoding=\"async\" class=\"wp-image-1863 size-full\" src=\"https:\/\/media.vrigstadshembygdsforening.se\/\/180208_KJK.jpg\" alt=\"\" width=\"800\" height=\"464\" srcset=\"https:\/\/media.vrigstadshembygdsforening.se\/180208_KJK.jpg 800w, https:\/\/media.vrigstadshembygdsforening.se\/180208_KJK-300x174.jpg 300w, https:\/\/media.vrigstadshembygdsforening.se\/180208_KJK-768x445.jpg 768w\" sizes=\"auto, (max-width: 800px) 100vw, 800px\" \/><\/a><figcaption id=\"caption-attachment-1863\" class=\"wp-caption-text\">Karl-Johan Krantz ber\u00e4ttade om Vrigstads historia och om bankens bildande.<\/figcaption><\/figure>\n<p>Det som v\u00e4nde utvecklingen 1864 var att j\u00e4rnv\u00e4gen byggdes, men inte genom Vrigstad utan genom det som skulle bli S\u00e4vsj\u00f6 och Stockaryd. F\u00f6r att motverka en utflyttning fr\u00e5n Vrigstad tog man 1867 initiativ till att starta en sparbank i Vrigstad \u2013 Vestra H\u00e4rads Sparbank. Den f\u00f6rsta styrelsen, som bestod av idel framst\u00e5ende m\u00e4n, fick alla titeln direkt\u00f6r i banken. De fick ocks\u00e5 tj\u00e4nstg\u00f6ra i banken. Banken utvecklades mycket positivt och bidrog till att Vrigstad trots allt fick en positiv utveckling. 1893 bytte sparbanken namn till Vrigstad Sparbank.<\/p>\n<p>H\u00e4refter visades en film som illustrerade hur banken arbetade \u00e5r 1915. Efter det var det en kvartett\u00a0 bankanst\u00e4llda, Siv Lindblad, Siv Dahlquist, Kersti Frigert och Lars Lundberg, som ber\u00e4ttade minnen fr\u00e5n banken i Vrigstad.<\/p>\n<p>Med viss f\u00f6rv\u00e5ning kunde en av dessa konstatera att den tekniska utvecklingen fr\u00e5n 1915 till mitten av 1950-talet var minimal. Man arbetade fortfarande p\u00e5 samma s\u00e4tt. Det kr\u00e4vdes tv\u00e5 banktj\u00e4nstem\u00e4n f\u00f6r att g\u00f6ra en ins\u00e4ttning eller g\u00f6ra ett uttag av pengar. S\u00e4kerheten j\u00e4mf\u00f6rt med idag var dock inte densamma p\u00e5 50-talet. D\u00e5 f\u00f6rvarade man nyckeln till banklokalen ovanp\u00e5 ett proppsk\u00e5p utanf\u00f6r d\u00f6rren.<\/p>\n<p>Under m\u00e5nga \u00e5r anordnade banken ett antal olika aktiviteter riktade till barn och ungdomar. Antalet anst\u00e4llda i banken har varierat stort under de g\u00e5ngna \u00e5ren. Som mest var man tolv anst\u00e4llda bara vid kontoret i Vrigstad. Nu \u00e4r bemanningen sju personer i S\u00e4vsj\u00f6, det enda kontor som finns kvar i kommunen.<\/p>\n<figure id=\"attachment_1862\" aria-describedby=\"caption-attachment-1862\" style=\"width: 800px\" class=\"wp-caption alignnone\"><a href=\"https:\/\/media.vrigstadshembygdsforening.se\/\/180208_bank.jpg\"><img loading=\"lazy\" decoding=\"async\" class=\"wp-image-1862 size-full\" src=\"https:\/\/media.vrigstadshembygdsforening.se\/\/180208_bank.jpg\" alt=\"\" width=\"800\" height=\"502\" srcset=\"https:\/\/media.vrigstadshembygdsforening.se\/180208_bank.jpg 800w, https:\/\/media.vrigstadshembygdsforening.se\/180208_bank-300x188.jpg 300w, https:\/\/media.vrigstadshembygdsforening.se\/180208_bank-768x482.jpg 768w\" sizes=\"auto, (max-width: 800px) 100vw, 800px\" \/><\/a><figcaption id=\"caption-attachment-1862\" class=\"wp-caption-text\">Kerstin Carlsson \u00f6verr\u00e4cker blommor till fr.h. Siv Lindblad, Siv Dahlquist, Kersti Frigert och Lars Lundberg.<\/figcaption><\/figure>\n","protected":false},"excerpt":{"rendered":"<p>2018 var ett mycket bra \u00e5r f\u00f6r hembygdsf\u00f6reningen. Vi \u00f6kade bl.a. antalet medlemmar i f\u00f6reningen till 408, en \u00f6kning med<\/p>\n","protected":false},"author":1,"featured_media":0,"parent":0,"menu_order":0,"comment_status":"closed","ping_status":"closed","template":"","meta":{"footnotes":""},"class_list":["post-2234","page","type-page","status-publish","hentry"],"_links":{"self":[{"href":"https:\/\/vrigstadshembygdsforening.se\/index.php?rest_route=\/wp\/v2\/pages\/2234","targetHints":{"allow":["GET"]}}],"collection":[{"href":"https:\/\/vrigstadshembygdsforening.se\/index.php?rest_route=\/wp\/v2\/pages"}],"about":[{"href":"https:\/\/vrigstadshembygdsforening.se\/index.php?rest_route=\/wp\/v2\/types\/page"}],"author":[{"embeddable":true,"href":"https:\/\/vrigstadshembygdsforening.se\/index.php?rest_route=\/wp\/v2\/users\/1"}],"replies":[{"embeddable":true,"href":"https:\/\/vrigstadshembygdsforening.se\/index.php?rest_route=%2Fwp%2Fv2%2Fcomments&post=2234"}],"version-history":[{"count":6,"href":"https:\/\/vrigstadshembygdsforening.se\/index.php?rest_route=\/wp\/v2\/pages\/2234\/revisions"}],"predecessor-version":[{"id":3627,"href":"https:\/\/vrigstadshembygdsforening.se\/index.php?rest_route=\/wp\/v2\/pages\/2234\/revisions\/3627"}],"wp:attachment":[{"href":"https:\/\/vrigstadshembygdsforening.se\/index.php?rest_route=%2Fwp%2Fv2%2Fmedia&parent=2234"}],"curies":[{"name":"wp","href":"https:\/\/api.w.org\/{rel}","templated":true}]}}