{"id":2047,"date":"2018-10-29T20:56:44","date_gmt":"2018-10-29T20:56:44","guid":{"rendered":"http:\/\/vrigstadshembygdsforening.se\/?page_id=2047"},"modified":"2018-10-29T21:00:33","modified_gmt":"2018-10-29T21:00:33","slug":"vrigstad-i-maj-2018","status":"publish","type":"page","link":"https:\/\/vrigstadshembygdsforening.se\/?page_id=2047","title":{"rendered":"Vrigstad i maj 2018"},"content":{"rendered":"<p><a href=\"https:\/\/media.vrigstadshembygdsforening.se\/\/Vrigstad-i-maj-2018.jpg\"><img loading=\"lazy\" decoding=\"async\" class=\"size-full wp-image-2048 alignleft\" src=\"https:\/\/media.vrigstadshembygdsforening.se\/\/Vrigstad-i-maj-2018.jpg\" alt=\"\" width=\"400\" height=\"340\" srcset=\"https:\/\/media.vrigstadshembygdsforening.se\/Vrigstad-i-maj-2018.jpg 400w, https:\/\/media.vrigstadshembygdsforening.se\/Vrigstad-i-maj-2018-300x255.jpg 300w\" sizes=\"auto, (max-width: 400px) 100vw, 400px\" \/><\/a>2018 firar Vrigstads hembygdsf\u00f6rening 70 \u00e5r. Det \u00e4r i \u00e5r 35 \u00e5r sedan vi gav ut boken &#8221;Vrigstad i maj 1983&#8221; d\u00e4r vi i ord och bild skildrade vad som h\u00e4nde i Vrigstad under en specifik m\u00e5nad. N\u00e4r vi nu firar 70 \u00e5r ville vi p\u00e5 nytt dokumentera samh\u00e4llet utifr\u00e5n olika perspektiv.<\/p>\n<p>Vi bad allm\u00e4nheten om hj\u00e4lp att fotografera det som h\u00e4nde och resultatet av detta offentligg\u00f6r vi i samband med boksl\u00e4ppet vid \u00e5rets julskyltning s\u00f6ndagen den 2 december.<\/p>\n<p>Ut\u00f6ver bilder fr\u00e5n maj m\u00e5nad s\u00e5 inleds boken med en eller tv\u00e5 bilder\u00a0per \u00e5r av f\u00f6reningens verksamhet, fr.o.m. 1983, blandat med bilder fr\u00e5n v\u00e5rt rika bildarkiv. Inf\u00f6r bokutgivningen anordnade vi \u00e4ven en t\u00e4vling f\u00f6r skoleleverna i Vrigstad skola d\u00e4r de fick i uppgick att med en teckning presentera hur Vrigstad ser ut om 25 \u00e5r. Ett antal av dessa teckningar ing\u00e5r i boken.<\/p>\n<p>Boken avslutas med ett register \u00f6ver personer i boken och registret inneh\u00e5ller \u00f6ver 600 namn.<\/p>\n<p>Boken kostar 150 kr. F\u00f6r leverans, inklusive Postens f\u00f6rpackning med porto, tillkommer 79 kr.<\/p>\n<p>Bokkommitt\u00e9: B\u00f6rje Cronvall, Kerstin Carlsson, Carl-Gustav Liew och Stig Marz.<\/p>\n<p>Boken \u00e4r tryckt i 800 ex och omfattar 200 sidor.<\/p>\n<p>Ett stort tack till f\u00f6ljande f\u00f6retag som l\u00e4mnat ett bidrag till tryckning av boken: Bodef\u00e4lts Bilservice, CIRCLE K, CMF Bilservice AB, Dan&#8217;s Fritidsbod AB\/Sportringen, JB Transport AB, JMC Timber AB, JPS Konsult i Wrigstad AB, Lundbergs Pressgjuteri AB, M\u00f6bel AB Njudex, Ostkaksbageriet i Vrigstad AB, Rojos i Vrigstad AB, Sm\u00e5landsost AB, Sm\u00e5landsvillan\/OBOS i Sverige AB, Sunnerby Lantbruk, S\u00e4vsj\u00f6 kommun, Vrigstad Blomsterhandel och Vrigstad F\u00f6retagstj\u00e4nst AB.<\/p>\n","protected":false},"excerpt":{"rendered":"<p>2018 firar Vrigstads hembygdsf\u00f6rening 70 \u00e5r. Det \u00e4r i \u00e5r 35 \u00e5r sedan vi gav ut boken &#8221;Vrigstad i maj<\/p>\n","protected":false},"author":1,"featured_media":0,"parent":0,"menu_order":0,"comment_status":"closed","ping_status":"closed","template":"","meta":{"footnotes":""},"class_list":["post-2047","page","type-page","status-publish","hentry"],"_links":{"self":[{"href":"https:\/\/vrigstadshembygdsforening.se\/index.php?rest_route=\/wp\/v2\/pages\/2047","targetHints":{"allow":["GET"]}}],"collection":[{"href":"https:\/\/vrigstadshembygdsforening.se\/index.php?rest_route=\/wp\/v2\/pages"}],"about":[{"href":"https:\/\/vrigstadshembygdsforening.se\/index.php?rest_route=\/wp\/v2\/types\/page"}],"author":[{"embeddable":true,"href":"https:\/\/vrigstadshembygdsforening.se\/index.php?rest_route=\/wp\/v2\/users\/1"}],"replies":[{"embeddable":true,"href":"https:\/\/vrigstadshembygdsforening.se\/index.php?rest_route=%2Fwp%2Fv2%2Fcomments&post=2047"}],"version-history":[{"count":3,"href":"https:\/\/vrigstadshembygdsforening.se\/index.php?rest_route=\/wp\/v2\/pages\/2047\/revisions"}],"predecessor-version":[{"id":2052,"href":"https:\/\/vrigstadshembygdsforening.se\/index.php?rest_route=\/wp\/v2\/pages\/2047\/revisions\/2052"}],"wp:attachment":[{"href":"https:\/\/vrigstadshembygdsforening.se\/index.php?rest_route=%2Fwp%2Fv2%2Fmedia&parent=2047"}],"curies":[{"name":"wp","href":"https:\/\/api.w.org\/{rel}","templated":true}]}}