{"id":1952,"date":"2018-06-27T18:17:40","date_gmt":"2018-06-27T18:17:40","guid":{"rendered":"http:\/\/vrigstadshembygdsforening.se\/?page_id=1952"},"modified":"2018-07-10T08:51:01","modified_gmt":"2018-07-10T08:51:01","slug":"mandli-svensson","status":"publish","type":"page","link":"https:\/\/vrigstadshembygdsforening.se\/?page_id=1952","title":{"rendered":"Mandli Svensson"},"content":{"rendered":"<p>Mandli Svensson var f\u00f6dd den 8 mars 1891 i Moheda. Pappan, som hade \u00e5kerir\u00f6relse, blev \u00e4nkling n\u00e4r hustrun endast var 23 \u00e5r gammal, 1888. De fick tv\u00e5 barn tillsammans. Det andra barnet f\u00f6ddes i juli 1888. Mamman dog sedan i september och barnet i november.<\/p>\n<p>\u00c5ret efter hennes d\u00f6d, 1889, gifte han om sig. Mandli blev deras f\u00f6rsta barn och med tiden fick han totalt tio syskon.<\/p>\n<p>Mandli b\u00f6rjade inom aff\u00e4rs-och speceribranschen 1903, n\u00e4r han var 12 \u00e5r gammal. Han gick en handelsutbildning i V\u00e4xj\u00f6 1909. 1914 startade han en egen firma i sko- och herrekiperingsbranschen i Moheda. Denna firma hade han kvar till 1918. D\u00e4refter drev han en tr\u00e4varuhandel med en aff\u00e4r i Liatorp fram till 1921 \u2013 d\u00e5 han flyttade till S\u00f6sdala i Sk\u00e5ne. H\u00e4r drev han en speceriaff\u00e4r fram till 1926.<\/p>\n<p>Mandlis hustru Nanna Hagman var f\u00f6dd den 2 november 1896 i Vislanda. Hon var \u00e4ldst av tre barn. Hennes pappa hette Johan och han var f\u00f6dd utan ben och med endast en arm. N\u00e4r han f\u00f6ddes f\u00f6reslogs att han skulle avlivas, ett beslut som skulle fattas av kungen \u2013 men han avslog f\u00f6rslaget.<\/p>\n<p>De gifte sig i Stenbrohults kyrka den 18 april 1920. Samma \u00e5r f\u00f6ddes dottern Kerstin i Stenbrohult. I S\u00f6sdala f\u00f6ddes Svenning tv\u00e5 \u00e5r senare. Den 21 oktober 1926 flyttade de till Vrigstad och tio \u00e5r efter Svennings f\u00f6delse, 1932, fick de ytterligare ett barn \u2013 Gunnel.<\/p>\n<p>1926 k\u00f6pte Mandli Svensson Eks aff\u00e4r vid Torget. Det var Johan Ek som hade drivit den och han hade 1908 \u00f6verl\u00e5tit aff\u00e4ren till sonen David. David dog 1924, endast 44 \u00e5r gammal. D\u00e4refter drevs aff\u00e4ren av d\u00f6dsboet, som bestod av Davids tre minder\u00e5riga barn. F\u00f6r barnens r\u00e4kning var det mostern Hilma Rydstr\u00f6m som sk\u00f6tte aff\u00e4ren till den s\u00e5ldes 1926. Barnen bodde kvar p\u00e5 \u00f6verv\u00e5ningen fram till 1926 d\u00e5 Mandli med hustru och barn flyttade in d\u00e4r.<\/p>\n<p>Mandli hade av en handelsresande i V\u00e4xj\u00f6 f\u00e5tt vetskap om att en aff\u00e4r var till salu i \u00d6sterkorsberga. Mandli, hans far och handelsresanden gav sig iv\u00e4g f\u00f6r att titta p\u00e5 aff\u00e4ren. Under resan sa handelsresanden att han f\u00e5tt h\u00f6ra att det \u00e4ven i Vrigstad var en aff\u00e4r till salu. De besl\u00f6t att stanna i Vrigstad f\u00f6r att titta \u00e4ven p\u00e5 den.<\/p>\n<p>Efter att de sett aff\u00e4ren och f\u00e5tt uppgifter om den sa Mandlis far: \u201dJag tror inte vi beh\u00f6ver resa l\u00e4ngre\u201d. Sagt och gjort. De \u00e5kte upp till Karl Gustafsson i Horveryd, som var barnen Eks f\u00f6rmyndare, och d\u00e4r gjorde de upp aff\u00e4ren.<\/p>\n<p>F\u00f6r driften tog han hj\u00e4lp av tv\u00e5 av sina yngre br\u00f6der, Verner och Sture. Hans br\u00f6der drev aff\u00e4ren vid torget under firma Br\u00f6derna Svensson och allm\u00e4nt kallades aff\u00e4ren \u201dBr\u00f6dernas\u201d. De \u00f6vertog ocks\u00e5 en aff\u00e4r i Nydala. Dit flyttade Verner och han byggde ett hus d\u00e4r.<\/p>\n<p>\u00c5r 1928 blev ett nystartat bolag \u00e4gare till Vrigstads Sandalfabrik. I bolaget ingick f\u00f6ljande personer: K\u00f6pman Mandli Svensson, fabrik\u00f6r Axel Dahlquist, kantor Gotthard Schelin, n\u00e4mndeman K.G. Rundkvist, kamrer Claes Johansson och kamrer Emil Crona. Mandli blev h\u00e4r vd f\u00f6r f\u00f6retaget. I b\u00f6rjan av 30-talet inleddes ett samarbete med Kooperativa F\u00f6rbundet, som \u00e4ven skulle best\u00e5 n\u00e4r bolaget ombildades till Vrigstads Skofabrik. 1933 bildades Vrigstads f\u00f6rsta fackf\u00f6rening p\u00e5 sandalfabriken \u2013 avdelning 70 av Svenska sko- och L\u00e4derindustriarbetaref\u00f6rbundet. L\u00f6nerna 1934 var mellan 60-95 \u00f6re per timma.<\/p>\n<p>\u00c5r 1936 \u00f6vertog Mandli Svensson ensam Vrigstads Sandalfabriksbolag och namn\u00e4ndrade det till Vrigstads Skofabrik. Samma \u00e5r \u00f6verl\u00e4t han aff\u00e4rerna tilol br\u00f6derna Verner och Sture. \u00c5ret efter p\u00e5b\u00f6rjades byggandet av en ny fabrik som stod klar 1938 (nuvarande Erikshj\u00e4lpens lokaler). \u00c5ren efter skedde en stor f\u00f6r\u00e4ndring p\u00e5 maskinsidan och av produktionen och f\u00f6retaget v\u00e4xte till ett av de st\u00f6rre f\u00f6retagen i branschen. Under krigs\u00e5ren och \u00e4nda fram till 1947 hade man en del driftsproblem. Det var sv\u00e5righeter med materialf\u00f6rs\u00f6rjning och brist p\u00e5 maskindelar och att en del personal l\u00e5g inkallad. N\u00e4r Mandli avled 1946 \u00f6vertog sonen Svenning Svensson och sv\u00e4rsonen Rudolf Thunander driften av skofabriken.<\/p>\n<p>Samma \u00e5r som han byggde skofabriken, 1938, flyttade han och Nanna in i det nybyggda huset p\u00e5 nuvarande Tegn\u00e9rv\u00e4gen. Samma hus som Ingrid Hultberg bor i idag.<\/p>\n<p>Nanna hade vuxit upp med brodern Gunnar och de h\u00f6ll en god kontakt genom livet. I ett brev till Gunnar julen 1945 skriver Nanna \u201dMandli har varit och magpumpats i V\u00e4rnamo. Han var d\u00e4r ena veckan och fick \u00e5ka in och r\u00f6ntgas andra och kommer hem och talar om n\u00e5gonting s\u00e5 fruktansv\u00e4rt! Vi hoppas ju alla att det \u00e4r fel och r\u00f6ntgenpl\u00e5tarna voro missvisande\u201d.<\/p>\n<p>Men det var de inte. Trots en lyckad operation och goda l\u00e4karinsatser p\u00e5 Lunds lasarett dog Mandli Svensson i cancer den 9 januari 1946, 54 \u00e5r gammal.<\/p>\n<p>Mandli hade en hel del uppdrag bredvid ansvaret f\u00f6r fabriken. Han var huvudman i Vrigstads sparbank 1930 och styrelseledamot fr\u00e5n 1940. I d\u00f6dsannonsen st\u00e5r det att han \u00e4ven var styrelseledamot i Svenska Handelsbanken \u2013 n\u00e5got som borde vara konkurrerande verksamhet. Han satt ocks\u00e5 i kommunfullm\u00e4ktige och i g\u00e4stgivarg\u00e5rdskommitt\u00e9n.<\/p>\n<p>Han tillh\u00f6rde \u00e4ven styrelsen f\u00f6r Vrigstads r\u00f6dakorskrets n\u00e4r den bildades.<\/p>\n<p>Enligt G\u00f6ran Lindblad var Mandli intresserad av fotboll. Han valdes ocks\u00e5 in som ledamot i Allm\u00e4nna idrottssektionen n\u00e4r Vrigstad Idrottsf\u00f6rening bildades 1932. Den st\u00f6rsta idrottsliga meriten \u00e4r att han var Sm\u00e5landsm\u00e4stare p\u00e5 60 meter. Detta enligt Helena som f\u00e5tt det ber\u00e4ttat av Svenning. Men det g\u00e4llde inte vilken l\u00f6pning som helst utan bakl\u00e4ngesl\u00f6pning.<\/p>\n<p>Vid hans begravning hade ett hundratal kransar s\u00e4nts till b\u00e5ren. Alla aff\u00e4rer i samh\u00e4llet h\u00f6lls st\u00e4ngda under begravningen.<\/p>\n<p>\u00a9 B\u00f6rje Cronvall.<\/p>\n","protected":false},"excerpt":{"rendered":"<p>Mandli Svensson var f\u00f6dd den 8 mars 1891 i Moheda. Pappan, som hade \u00e5kerir\u00f6relse, blev \u00e4nkling n\u00e4r hustrun endast var<\/p>\n","protected":false},"author":1,"featured_media":0,"parent":0,"menu_order":0,"comment_status":"closed","ping_status":"closed","template":"","meta":{"footnotes":""},"class_list":["post-1952","page","type-page","status-publish","hentry"],"_links":{"self":[{"href":"https:\/\/vrigstadshembygdsforening.se\/index.php?rest_route=\/wp\/v2\/pages\/1952","targetHints":{"allow":["GET"]}}],"collection":[{"href":"https:\/\/vrigstadshembygdsforening.se\/index.php?rest_route=\/wp\/v2\/pages"}],"about":[{"href":"https:\/\/vrigstadshembygdsforening.se\/index.php?rest_route=\/wp\/v2\/types\/page"}],"author":[{"embeddable":true,"href":"https:\/\/vrigstadshembygdsforening.se\/index.php?rest_route=\/wp\/v2\/users\/1"}],"replies":[{"embeddable":true,"href":"https:\/\/vrigstadshembygdsforening.se\/index.php?rest_route=%2Fwp%2Fv2%2Fcomments&post=1952"}],"version-history":[{"count":3,"href":"https:\/\/vrigstadshembygdsforening.se\/index.php?rest_route=\/wp\/v2\/pages\/1952\/revisions"}],"predecessor-version":[{"id":1971,"href":"https:\/\/vrigstadshembygdsforening.se\/index.php?rest_route=\/wp\/v2\/pages\/1952\/revisions\/1971"}],"wp:attachment":[{"href":"https:\/\/vrigstadshembygdsforening.se\/index.php?rest_route=%2Fwp%2Fv2%2Fmedia&parent=1952"}],"curies":[{"name":"wp","href":"https:\/\/api.w.org\/{rel}","templated":true}]}}