{"id":1170,"date":"2015-10-09T14:54:09","date_gmt":"2015-10-09T14:54:09","guid":{"rendered":"http:\/\/vrigstadshembygdsforening.se\/?page_id=1170"},"modified":"2023-04-24T16:37:05","modified_gmt":"2023-04-24T16:37:05","slug":"torget-11","status":"publish","type":"page","link":"https:\/\/vrigstadshembygdsforening.se\/?page_id=1170","title":{"rendered":"Torget 11"},"content":{"rendered":"<p><strong>Text fr\u00e5n torgvandring 2017-09-03<br \/>\n<\/strong><\/p>\n<p>Det som nu heter Torget 11 byggdes 1848. P\u00e5 en karta fr\u00e5n 1808 fanns ett stort hus inritat, ungef\u00e4r d\u00e4r fabriken p\u00e5 Rundstedtska ligger. V\u00e4gen gick snett \u00f6ver torget och p\u00e5 var sida fanns det marknadsbodar. Det var 23 st p\u00e5 v\u00e4stra sidan och 21 st p\u00e5 den \u00f6stra.<br \/>\nHenry Renshult har gissat att den stora byggnaden var stall f\u00f6r marknadsbes\u00f6kare. P\u00e5 andra sidan finns ocks\u00e5 ett ganska stort hus, som inte \u00e4r markerat som marknadsbod, och det kan ocks\u00e5 ha varit stall.<\/p>\n<p>Den som byggde huset 1848 var Fredrik Rundstedt, som var f\u00f6dd i Bromma 1826. Som 3-\u00e5ring flyttade han till Stockholm med sina f\u00f6r\u00e4ldrar. 1830 flyttade han till Eksj\u00f6 och 1848 till Vrigstad. Hans far var vaxblekare. Han var gift med Stina-Louisa Tolf, f\u00f6dd 1824. De hade en dotter Fredrika, f\u00f6dd 1852.<\/p>\n<p>Rundstedt hade alltid tv\u00e5-tre f\u00e4rgm\u00e4stare, ges\u00e4ller eller l\u00e4rlingar. M\u00e5nga av dem flyttade runt och stannade bara en kort tid, \u00e4ven om det fanns undantag.<\/p>\n<p>Verksamheten startade med beredning och f\u00e4rgning av vadmal. F\u00f6retaget organiserade s.k. f\u00e4rgm\u00f6tesresor minst en g\u00e5ng per m\u00e5nad. Dessa resor varade flera dagar och l\u00e4ngs v\u00e4gen tog man emot och l\u00e4mnade tillbaka f\u00e4rggods. Initialt skickades tyger f\u00f6r f\u00e4rgning fr\u00e5n hela landet till f\u00e4rgeriet, men s\u00e5 sm\u00e5ningom organiserades ett n\u00e4t av inl\u00e4mningsst\u00e4llen runt om\u00a0 i bl.a. Sm\u00e5land, \u00d6sterg\u00f6tland och V\u00e4sterg\u00f6tland. Dessa resor gjordes med med h\u00e4st och vagn.<\/p>\n<p>N\u00e4r huset byggdes hade det en gavel ut mot torget och framsidan l\u00e5g mot \u00e5n.<br \/>\nFredrik dog 1899 och innan dess gjorde man tillbyggnaden i vinkel ut mot torget \u2013 som det \u00e4r nu.<\/p>\n<p>Fredrik l\u00e4r ha varit en man med m\u00e5nga str\u00e4ngar p\u00e5 sin lyra. Han var ju troligen en av de f\u00f6rsta som kom p\u00e5 tanken att tillverka en velociped i Sverige. I en tidning 1867 hade han l\u00e4st om velocipeden p\u00e5 v\u00e4rldsutst\u00e4llningen i Paris \u2013 och tyckte att man borde kunna g\u00f6ra en s\u00e5dan i Vrigstad ocks\u00e5. Med hj\u00e4lp av en vagnsmakare och en smed kunde man \u00e5ret efter inviga sina st\u00e5lh\u00e4star \u2013 som kallades Runstedts tr\u00e4bult. Det tillverkades flera ex som s\u00e5ldes bl.a. till Vetlanda, J\u00f6nk\u00f6ping och \u00e4ven till Stockholm. Det finns nu ett ex av cykeln som f\u00f6rvaras p\u00e5 Nordiska Museet i Stockholm.<\/p>\n<p>Han var ocks\u00e5 initiativtagare till \u201dV\u00e4stra h\u00e4rads frivilliga skarpskyttef\u00f6rening\u201d som bildades 1861. I v\u00e5r bok skriver vi ocks\u00e5 om en fantastisk historia d\u00e4r Runstedt inte \u00e4r n\u00f6jd med n\u00e5gra bilder p\u00e5 sig sj\u00e4lv, utan de s\u00e4ljs p\u00e5 marknader d\u00e4r de s\u00e4gs f\u00f6rest\u00e4lla Luther.<\/p>\n<figure id=\"attachment_1173\" aria-describedby=\"caption-attachment-1173\" style=\"width: 400px\" class=\"wp-caption alignnone\"><a href=\"https:\/\/media.vrigstadshembygdsforening.se\/\/Torget11_1890.jpg\"><img loading=\"lazy\" decoding=\"async\" class=\"wp-image-1173 size-full\" src=\"https:\/\/media.vrigstadshembygdsforening.se\/\/Torget11_1890.jpg\" alt=\"\" width=\"400\" height=\"524\" srcset=\"https:\/\/media.vrigstadshembygdsforening.se\/Torget11_1890.jpg 400w, https:\/\/media.vrigstadshembygdsforening.se\/Torget11_1890-229x300.jpg 229w\" sizes=\"auto, (max-width: 400px) 100vw, 400px\" \/><\/a><figcaption id=\"caption-attachment-1173\" class=\"wp-caption-text\">F\u00e4rgareges\u00e4llen Fredrik Runstedt kom 1848 som 22-\u00e5ring till Vrigstad d\u00e4r han \u00f6ppnade Runstedtska F\u00e4rgeriet.<\/figcaption><\/figure>\n<figure id=\"attachment_1174\" aria-describedby=\"caption-attachment-1174\" style=\"width: 700px\" class=\"wp-caption alignnone\"><a href=\"https:\/\/media.vrigstadshembygdsforening.se\/\/Torget11_1880.jpg\"><img loading=\"lazy\" decoding=\"async\" class=\"wp-image-1174 size-full\" src=\"https:\/\/media.vrigstadshembygdsforening.se\/\/Torget11_1880.jpg\" alt=\"\" width=\"700\" height=\"420\" srcset=\"https:\/\/media.vrigstadshembygdsforening.se\/Torget11_1880.jpg 700w, https:\/\/media.vrigstadshembygdsforening.se\/Torget11_1880-300x180.jpg 300w\" sizes=\"auto, (max-width: 700px) 100vw, 700px\" \/><\/a><figcaption id=\"caption-attachment-1174\" class=\"wp-caption-text\">Fastighetens innerg\u00e5rd. I den h\u00f6gra delens nedre del inrymdes sedan aff\u00e4ren. Bostadshuset byggdes p\u00e5 1880-talet ut mot Torget 9. Bildarkivet &#8211; cirka 1880.<\/figcaption><\/figure>\n<p>\u00c5ret innan Fredrik dog, 1898, tog dottern Fredrique, som nu var 46 \u00e5r, \u00f6ver verksamheten. Det var ocks\u00e5 hon som startade aff\u00e4r i byggnaden. 1903 dog modern Stina-Louisa. Sex \u00e5r senare, 1909, flyttar f\u00f6rfattarinnan Ulla Linder in hos Fredrique \u2013 antagligen lite ovanligt p\u00e5 den tiden. Ulla kom fr\u00e5n Stockholm och b\u00e5da bodde kvar i l\u00e4genheten till 1916.<br \/>\nJag ska l\u00e4sa upp lite som Ulla Linder har skrivit. Det \u00e4r fr\u00e5n Eksj\u00f6-tidningen 1915. Redakt\u00f6ren har bett henne att skriva n\u00e5got om Vrigstad och varf\u00f6r hon slog sig ner h\u00e4r.<\/p>\n<p>Hon s\u00e4ger att det allra f\u00f6rsta som hon kom att t\u00e4nka p\u00e5 n\u00e4r man talar om den h\u00e4r biten Sverige \u00e4r luften. \u201dLuften \u00e4r h\u00e4rlig helt enkelt. Den \u00e4r ren, l\u00e4tt och klar. Det \u00e4r som om man fick n\u00e5got gott i munnen n\u00e4r man sticker ut huvudet genom f\u00f6nstret f\u00f6rklarar den Vrigstad-bes\u00f6kanden en g\u00e5ng. De orden t\u00e4nker jag p\u00e5 var g\u00e5ng jag varit ute i v\u00e4rlden och \u00e5ter befinner mig p\u00e5 landsv\u00e4gsskjuts till Vrigstad. Det \u00e4r verkligen som om man fick n\u00e5got gott i munnen och i hj\u00e4rta, lungor, \u00f6gon och i hela varelsen. Tankarna blir stilla och s\u00f6mnen kommer lugn, djup och vilande\u201d.<\/p>\n<p>Ulla Linder har \u00e4ven skrivit Byarumskungen \u2013 d\u00e4r Byarum \u00e4r Vrigstad och kungen som i boken heter Erik \u00d6rnberg har den gamle f\u00e4rgaren Fredrik Runstedt som f\u00f6rlaga.<\/p>\n<p>Ulla Linder var allts\u00e5 f\u00f6rtjust i Vrigstad och det \u00e4r d\u00e4rf\u00f6r hon ocks\u00e5 f\u00e5tt en gata uppkallad efter sig \u2013 Ulla Linders v\u00e4g.<\/p>\n<figure id=\"attachment_1172\" aria-describedby=\"caption-attachment-1172\" style=\"width: 700px\" class=\"wp-caption alignnone\"><a href=\"https:\/\/media.vrigstadshembygdsforening.se\/\/Torget11_1900_1.jpg\"><img loading=\"lazy\" decoding=\"async\" class=\"size-full wp-image-1172\" src=\"https:\/\/media.vrigstadshembygdsforening.se\/\/Torget11_1900_1.jpg\" alt=\"Bostadshuset och aff\u00e4ren omkring sekelskiftet. Bildarkivet - cirka 1900.\" width=\"700\" height=\"415\" srcset=\"https:\/\/media.vrigstadshembygdsforening.se\/Torget11_1900_1.jpg 700w, https:\/\/media.vrigstadshembygdsforening.se\/Torget11_1900_1-300x178.jpg 300w\" sizes=\"auto, (max-width: 700px) 100vw, 700px\" \/><\/a><figcaption id=\"caption-attachment-1172\" class=\"wp-caption-text\">Bostadshuset och aff\u00e4ren omkring sekelskiftet. Bildarkivet &#8211; cirka 1900.<\/figcaption><\/figure>\n<p>1912 hade f\u00e4rgeriet \u00f6vertagits av Axel Dahlquist och f\u00f6retaget utvecklades i mer industriell inriktning. 1926 gjordes ett stort steg. D\u00e5 k\u00f6ptes den f\u00f6rsta lastbilen, av John Johansson, och den ersatte d\u00e5 h\u00e4sttransporterna p\u00e5 f\u00e4rgresorna.<\/p>\n<figure id=\"attachment_1177\" aria-describedby=\"caption-attachment-1177\" style=\"width: 700px\" class=\"wp-caption alignnone\"><a href=\"https:\/\/media.vrigstadshembygdsforening.se\/\/Torget11_1948.jpg\"><img loading=\"lazy\" decoding=\"async\" class=\"size-full wp-image-1177\" src=\"https:\/\/media.vrigstadshembygdsforening.se\/\/Torget11_1948.jpg\" alt=\"Fabrikspersonalen vid Runstedtska F\u00e4rgeriet 1948: bakre raden fr.v. fabrik\u00f6r Axel Dahlqvist, Henrik Karlsson Harald Lund, H\u00e5kan Dahlqvist, Ture Olander, Oskar Claesson Hans Dahlqvist och \u00c5ke Fransson, mittenraden: Jenny Cronvall, M\u00e4rta Stendahl, Sigrid Marz, Margit L\u00f6nnqvist, Hildur Berg och Astrid Svensson, fr\u00e4mre raden: Karin Nilsson, Elin Maars, Ruben Johansson och Kurt Sundberg. Bildarkivet - 1948.\" width=\"700\" height=\"500\" srcset=\"https:\/\/media.vrigstadshembygdsforening.se\/Torget11_1948.jpg 700w, https:\/\/media.vrigstadshembygdsforening.se\/Torget11_1948-300x214.jpg 300w\" sizes=\"auto, (max-width: 700px) 100vw, 700px\" \/><\/a><figcaption id=\"caption-attachment-1177\" class=\"wp-caption-text\">Fabrikspersonalen vid Runstedtska F\u00e4rgeriet 1948: bakre raden fr.v. fabrik\u00f6r Axel Dahlqvist, Henrik Karlsson Harald Lund, H\u00e5kan Dahlqvist, Ture Olander, Oskar Claesson Hans Dahlqvist och \u00c5ke Fransson, mittenraden: Jenny Cronvall, M\u00e4rta Stendahl, Sigrid Marz, Margit L\u00f6nnqvist, Hildur Berg och Astrid Svensson, fr\u00e4mre raden: Karin Nilsson, Elin Maars, Ruben Johansson och Kurt Sundberg. Bildarkivet &#8211; 1948.<\/figcaption><\/figure>\n<p>1952 \u00f6verl\u00e4mnade Axel verksamheten till sina s\u00f6ner. Bengt fick ansvar f\u00f6r manufakturaff\u00e4ren i Vrigstad, H\u00e5kan f\u00f6r f\u00e4rgeriet och Hans f\u00f6r aff\u00e4ren i S\u00e4vsj\u00f6. Bengt \u00f6vertog senare \u00e4ven f\u00e4rgeriet, som d\u00e5 ocks\u00e5 hade kemtv\u00e4tt. Den h\u00e4r verksamheten lades ner 1975. 1985 lades \u00e4ven aff\u00e4ren ner.<\/p>\n<figure id=\"attachment_1178\" aria-describedby=\"caption-attachment-1178\" style=\"width: 700px\" class=\"wp-caption alignnone\"><a href=\"https:\/\/media.vrigstadshembygdsforening.se\/\/Torget11_1985_1.jpg\"><img loading=\"lazy\" decoding=\"async\" class=\"wp-image-1178 size-full\" src=\"https:\/\/media.vrigstadshembygdsforening.se\/\/Torget11_1985_1.jpg\" alt=\"1952 \u00f6vertas verksamheten av Bengt Dahlqvist som driver f\u00f6retaget fram till 1985. P\u00e5 bilden tillsammans med foto p\u00e5 \u00f6vriga \u00e4gare under den 137 \u00e5r l\u00e5nga verksamhetstiden. Bildarkivet - 1985.\" width=\"700\" height=\"419\" srcset=\"https:\/\/media.vrigstadshembygdsforening.se\/Torget11_1985_1.jpg 700w, https:\/\/media.vrigstadshembygdsforening.se\/Torget11_1985_1-300x180.jpg 300w\" sizes=\"auto, (max-width: 700px) 100vw, 700px\" \/><\/a><figcaption id=\"caption-attachment-1178\" class=\"wp-caption-text\">Bengt Dahlqvist driver f\u00f6retaget fram till 1985. P\u00e5 bilden tillsammans med foto p\u00e5 \u00f6vriga \u00e4gare under den 137 \u00e5r l\u00e5nga verksamhetstiden. Bildarkivet &#8211; 1985.<\/figcaption><\/figure>\n<figure id=\"attachment_1179\" aria-describedby=\"caption-attachment-1179\" style=\"width: 700px\" class=\"wp-caption alignnone\"><a href=\"https:\/\/media.vrigstadshembygdsforening.se\/\/Torget11_1985_2.jpg\"><img loading=\"lazy\" decoding=\"async\" class=\"size-full wp-image-1179\" src=\"https:\/\/media.vrigstadshembygdsforening.se\/\/Torget11_1985_2.jpg\" alt=\"Den 31 juli 1985 st\u00e4ngde aff\u00e4ren. Fr.v. Ingrid Feurst, Linnea Claesson och Bengt Dahlquist. Bildarkivet - 1985.\" width=\"700\" height=\"432\" srcset=\"https:\/\/media.vrigstadshembygdsforening.se\/Torget11_1985_2.jpg 700w, https:\/\/media.vrigstadshembygdsforening.se\/Torget11_1985_2-300x185.jpg 300w\" sizes=\"auto, (max-width: 700px) 100vw, 700px\" \/><\/a><figcaption id=\"caption-attachment-1179\" class=\"wp-caption-text\">Den 31 juli 1985 st\u00e4ngde aff\u00e4ren. Fr.v. Ingrid Feurst, Linnea Claesson och Bengt Dahlquist. Bildarkivet &#8211; 1985.<\/figcaption><\/figure>\n<p>I lokalerna har sedan bl.a. MYSAK \u2013 1985-1987, Ramh\u00f6rnan \u2013 1987-1988 och senare antikaff\u00e4rer funnits.<\/p>\n<p>Inka Dahlquist har sedan s\u00e5lt fastigheten till familjen Fyhrlund.<\/p>\n<p>Idag finns salongen R\u00e4tt Stil i tidigare aff\u00e4rslokalen.<br \/>\n<a href=\"https:\/\/media.vrigstadshembygdsforening.se\/\/Torget11_2015.jpg\"><img loading=\"lazy\" decoding=\"async\" class=\"alignnone size-full wp-image-1191\" src=\"https:\/\/media.vrigstadshembygdsforening.se\/\/Torget11_2015.jpg\" alt=\"Torget11_2015\" width=\"700\" height=\"408\" srcset=\"https:\/\/media.vrigstadshembygdsforening.se\/Torget11_2015.jpg 700w, https:\/\/media.vrigstadshembygdsforening.se\/Torget11_2015-300x175.jpg 300w\" sizes=\"auto, (max-width: 700px) 100vw, 700px\" \/><\/a><\/p>\n","protected":false},"excerpt":{"rendered":"<p>Text fr\u00e5n torgvandring 2017-09-03 Det som nu heter Torget 11 byggdes 1848. P\u00e5 en karta fr\u00e5n 1808 fanns ett stort<\/p>\n","protected":false},"author":1,"featured_media":0,"parent":0,"menu_order":0,"comment_status":"closed","ping_status":"closed","template":"","meta":{"footnotes":""},"class_list":["post-1170","page","type-page","status-publish","hentry"],"_links":{"self":[{"href":"https:\/\/vrigstadshembygdsforening.se\/index.php?rest_route=\/wp\/v2\/pages\/1170","targetHints":{"allow":["GET"]}}],"collection":[{"href":"https:\/\/vrigstadshembygdsforening.se\/index.php?rest_route=\/wp\/v2\/pages"}],"about":[{"href":"https:\/\/vrigstadshembygdsforening.se\/index.php?rest_route=\/wp\/v2\/types\/page"}],"author":[{"embeddable":true,"href":"https:\/\/vrigstadshembygdsforening.se\/index.php?rest_route=\/wp\/v2\/users\/1"}],"replies":[{"embeddable":true,"href":"https:\/\/vrigstadshembygdsforening.se\/index.php?rest_route=%2Fwp%2Fv2%2Fcomments&post=1170"}],"version-history":[{"count":8,"href":"https:\/\/vrigstadshembygdsforening.se\/index.php?rest_route=\/wp\/v2\/pages\/1170\/revisions"}],"predecessor-version":[{"id":6480,"href":"https:\/\/vrigstadshembygdsforening.se\/index.php?rest_route=\/wp\/v2\/pages\/1170\/revisions\/6480"}],"wp:attachment":[{"href":"https:\/\/vrigstadshembygdsforening.se\/index.php?rest_route=%2Fwp%2Fv2%2Fmedia&parent=1170"}],"curies":[{"name":"wp","href":"https:\/\/api.w.org\/{rel}","templated":true}]}}