{"id":1154,"date":"2015-10-09T11:12:07","date_gmt":"2015-10-09T11:12:07","guid":{"rendered":"http:\/\/vrigstadshembygdsforening.se\/?page_id=1154"},"modified":"2023-04-24T16:34:58","modified_gmt":"2023-04-24T16:34:58","slug":"torget-8","status":"publish","type":"page","link":"https:\/\/vrigstadshembygdsforening.se\/?page_id=1154","title":{"rendered":"Torget 8"},"content":{"rendered":"<p><strong>Verksamheter i Torget 8.<\/strong><br \/>\n<strong>1939<\/strong> I det nybyggda huset fanns fr\u00e5n b\u00f6rjan \u00c5ke Lindholms j\u00e4rnhandel,\u00a0Vrigstads Bok- och Pappershandel, som \u00e4gdes av Karl Maars,\u00a0och Lisa&#8217;s Caf\u00e9.<\/p>\n<figure id=\"attachment_1155\" aria-describedby=\"caption-attachment-1155\" style=\"width: 700px\" class=\"wp-caption alignnone\"><a href=\"https:\/\/media.vrigstadshembygdsforening.se\/\/Torget8_1948.jpg\"><img loading=\"lazy\" decoding=\"async\" class=\"wp-image-1155 size-full\" src=\"https:\/\/media.vrigstadshembygdsforening.se\/\/Torget8_1948.jpg\" alt=\"\u00c5ke Lindholm i sin j\u00e4rnaff\u00e4r. J\u00e4rnaff\u00e4ren \u00f6vertogs 1958 av Olle Hugosson som fanns kvar i fastigheten till 1963, d\u00e5 den flyttades till Torget 3. Bildarkivet - 1948.\" width=\"700\" height=\"465\" srcset=\"https:\/\/media.vrigstadshembygdsforening.se\/Torget8_1948.jpg 700w, https:\/\/media.vrigstadshembygdsforening.se\/Torget8_1948-300x199.jpg 300w\" sizes=\"auto, (max-width: 700px) 100vw, 700px\" \/><\/a><figcaption id=\"caption-attachment-1155\" class=\"wp-caption-text\">\u00c5ke Lindholm i sin j\u00e4rnaff\u00e4r. J\u00e4rnaff\u00e4ren \u00f6vertogs 1958 av Olle Hugosson som fanns kvar i fastigheten till 1963, d\u00e5 den flyttades till Torget 3. Under n\u00e5gra \u00e5r hyrde Vrigstad Sport &amp; L\u00e4der lokalen som lagerlokal. Bildarkivet &#8211; 1948.<\/figcaption><\/figure>\n<p>I k\u00e4llaren p\u00e5 fastigheten har det bl.a. funnits busstation, en mj\u00f6lkaff\u00e4r, Olle Andersson haft en golvl\u00e4ggningsfirma och Torvald Johansson. Roland Svensson och Lena Gustavsson\u00a0har drivit Ramh\u00f6rnan. Jan Str\u00f6mberg hade \u00e4ven konsthandel h\u00e4r.<\/p>\n<p><strong>1956<\/strong> \u00f6vertog G\u00f6ran Lindblad tobaksaff\u00e4ren och startade Lindblads Tobaks- och Pappersaff\u00e4r. 1975 ut\u00f6kades lokalerna med de utrymmen som tidigare varit j\u00e4rnhandel.<\/p>\n<figure id=\"attachment_1156\" aria-describedby=\"caption-attachment-1156\" style=\"width: 700px\" class=\"wp-caption alignnone\"><a href=\"https:\/\/media.vrigstadshembygdsforening.se\/\/Torget8_1996_1.jpg\"><img loading=\"lazy\" decoding=\"async\" class=\"wp-image-1156 size-full\" src=\"https:\/\/media.vrigstadshembygdsforening.se\/\/Torget8_1996_1.jpg\" alt=\"\" width=\"700\" height=\"469\" srcset=\"https:\/\/media.vrigstadshembygdsforening.se\/Torget8_1996_1.jpg 700w, https:\/\/media.vrigstadshembygdsforening.se\/Torget8_1996_1-300x201.jpg 300w\" sizes=\"auto, (max-width: 700px) 100vw, 700px\" \/><\/a><figcaption id=\"caption-attachment-1156\" class=\"wp-caption-text\">Under 40 \u00e5r driver G\u00f6ran och Eivor Lindblad aff\u00e4ren. 1996 s\u00e4ljs aff\u00e4ren till Lars Lindblad och Tomas Claesson. Verksamheten flyttas 1999 till Marknadshuset. Efter att ha varit tomt under vissa perioder har det sedan varit caf\u00e9 och pizzeria i lokalerna. Bildarkivet &#8211; 1996.<\/figcaption><\/figure>\n<p>I fastigheten fanns under m\u00e5nga \u00e5r Caf\u00e9. Efter Lisa&#8217;s Caf\u00e9 hade Bertil Hansson caf\u00e9et och fr\u00e5n mitten av 50-talet Henning Andersson och d\u00e4refter Anna Palmberg. I b\u00f6rjan p\u00e5 60-talet\u00a0tog Karl-Erik och Greta Edvardsson \u00f6ver verksamheten och drev caf\u00e9 till omkring \u00e5r 1995. I lokalen har det sedan dess funnits bl.a. en representant f\u00f6r ett\u00a0sm\u00e5husf\u00f6retag, en antikhandel och nu finns h\u00e4r en frisersalong.<\/p>\n<figure id=\"attachment_1158\" aria-describedby=\"caption-attachment-1158\" style=\"width: 700px\" class=\"wp-caption alignnone\"><a href=\"https:\/\/media.vrigstadshembygdsforening.se\/\/Torget8_1983.jpg\"><img loading=\"lazy\" decoding=\"async\" class=\"size-full wp-image-1158\" src=\"https:\/\/media.vrigstadshembygdsforening.se\/\/Torget8_1983.jpg\" alt=\"Karl-Erik Edvardsson i bageriet. Bildarkivet - 1983.\" width=\"700\" height=\"522\" srcset=\"https:\/\/media.vrigstadshembygdsforening.se\/Torget8_1983.jpg 700w, https:\/\/media.vrigstadshembygdsforening.se\/Torget8_1983-300x224.jpg 300w\" sizes=\"auto, (max-width: 700px) 100vw, 700px\" \/><\/a><figcaption id=\"caption-attachment-1158\" class=\"wp-caption-text\">Karl-Erik Edvardsson i bageriet. Bildarkivet &#8211; 1983.<\/figcaption><\/figure>\n<figure id=\"attachment_1157\" aria-describedby=\"caption-attachment-1157\" style=\"width: 700px\" class=\"wp-caption alignnone\"><a href=\"https:\/\/media.vrigstadshembygdsforening.se\/\/Torget8_1999.jpg\"><img loading=\"lazy\" decoding=\"async\" class=\"size-full wp-image-1157\" src=\"https:\/\/media.vrigstadshembygdsforening.se\/\/Torget8_1999.jpg\" alt=\"En bild p\u00e5 fastigheten 1999. Bildarkivet - 1999.\" width=\"700\" height=\"462\" srcset=\"https:\/\/media.vrigstadshembygdsforening.se\/Torget8_1999.jpg 700w, https:\/\/media.vrigstadshembygdsforening.se\/Torget8_1999-300x198.jpg 300w\" sizes=\"auto, (max-width: 700px) 100vw, 700px\" \/><\/a><figcaption id=\"caption-attachment-1157\" class=\"wp-caption-text\">En bild p\u00e5 fastigheten 1999. Bildarkivet &#8211; 1999.<\/figcaption><\/figure>\n<p>I lokalen efter Tobaks- och Pappershandel har bl.a. Marona haft caf\u00e9.<\/p>\n<figure id=\"attachment_1187\" aria-describedby=\"caption-attachment-1187\" style=\"width: 700px\" class=\"wp-caption alignnone\"><a href=\"https:\/\/media.vrigstadshembygdsforening.se\/\/Torget8_2015.jpg\"><img loading=\"lazy\" decoding=\"async\" class=\"wp-image-1187 size-full\" src=\"https:\/\/media.vrigstadshembygdsforening.se\/\/Torget8_2015.jpg\" alt=\"\" width=\"700\" height=\"361\" srcset=\"https:\/\/media.vrigstadshembygdsforening.se\/Torget8_2015.jpg 700w, https:\/\/media.vrigstadshembygdsforening.se\/Torget8_2015-300x155.jpg 300w\" sizes=\"auto, (max-width: 700px) 100vw, 700px\" \/><\/a><figcaption id=\"caption-attachment-1187\" class=\"wp-caption-text\">Idag finns, ut\u00f6ver l\u00e4genheter, en pizzeria och en kontorslokal i byggnaden.<\/figcaption><\/figure>\n","protected":false},"excerpt":{"rendered":"<p>Verksamheter i Torget 8. 1939 I det nybyggda huset fanns fr\u00e5n b\u00f6rjan \u00c5ke Lindholms j\u00e4rnhandel,\u00a0Vrigstads Bok- och Pappershandel, som \u00e4gdes<\/p>\n","protected":false},"author":1,"featured_media":0,"parent":0,"menu_order":0,"comment_status":"closed","ping_status":"closed","template":"","meta":{"footnotes":""},"class_list":["post-1154","page","type-page","status-publish","hentry"],"_links":{"self":[{"href":"https:\/\/vrigstadshembygdsforening.se\/index.php?rest_route=\/wp\/v2\/pages\/1154","targetHints":{"allow":["GET"]}}],"collection":[{"href":"https:\/\/vrigstadshembygdsforening.se\/index.php?rest_route=\/wp\/v2\/pages"}],"about":[{"href":"https:\/\/vrigstadshembygdsforening.se\/index.php?rest_route=\/wp\/v2\/types\/page"}],"author":[{"embeddable":true,"href":"https:\/\/vrigstadshembygdsforening.se\/index.php?rest_route=\/wp\/v2\/users\/1"}],"replies":[{"embeddable":true,"href":"https:\/\/vrigstadshembygdsforening.se\/index.php?rest_route=%2Fwp%2Fv2%2Fcomments&post=1154"}],"version-history":[{"count":11,"href":"https:\/\/vrigstadshembygdsforening.se\/index.php?rest_route=\/wp\/v2\/pages\/1154\/revisions"}],"predecessor-version":[{"id":6479,"href":"https:\/\/vrigstadshembygdsforening.se\/index.php?rest_route=\/wp\/v2\/pages\/1154\/revisions\/6479"}],"wp:attachment":[{"href":"https:\/\/vrigstadshembygdsforening.se\/index.php?rest_route=%2Fwp%2Fv2%2Fmedia&parent=1154"}],"curies":[{"name":"wp","href":"https:\/\/api.w.org\/{rel}","templated":true}]}}