{"id":1139,"date":"2015-10-08T10:30:34","date_gmt":"2015-10-08T10:30:34","guid":{"rendered":"http:\/\/vrigstadshembygdsforening.se\/?page_id=1139"},"modified":"2017-09-04T20:37:14","modified_gmt":"2017-09-04T20:37:14","slug":"torget-6","status":"publish","type":"page","link":"https:\/\/vrigstadshembygdsforening.se\/?page_id=1139","title":{"rendered":"Torget 6"},"content":{"rendered":"<p><strong>Text fr\u00e5n torgvandring 2017-09-03<\/strong><\/p>\n<p>Huset byggdes 1854 av urmakaren Jonas-Petter Lindstr\u00f6m. Han var f\u00f6dd i Lekaryd, Alvesta. Han utbildades i V\u00e4xj\u00f6 och kom 1853 fr\u00e5n V\u00e4xj\u00f6 till Vrigstad. Han var urmakare vid j\u00e4rnv\u00e4gen. Han hade kanske \u00e4ven en verksamhet i Vrigstad, men urmakeriet inkr\u00e4ktade inte mycket p\u00e5 utrymmet i huset, utan det var plats f\u00f6r m\u00e5nga andra familjer att bo. H\u00e4r bodde bl.a. postm\u00e4stare Bergdahl, h\u00e4radsskrivare Samsioe, l\u00e4rlingar, ges\u00e4ller och pigor.<\/p>\n<p>1860 flyttar Lindstr\u00f6m till Ljunga, och gifter sig samma \u00e5r med en Albertina Sandstedt, en dotter till inspektoren p\u00e5 Lundholmen. De fick totalt tio barn.<\/p>\n<p>1862 \u00e5terv\u00e4nder de till huset igen, d\u00e5 har de f\u00e5tt en son.<\/p>\n<p>1870 flyttade \u00e4nkefru prostinnan Bergqvist in i huset. 1871 flyttade dottern Hedvig Emerentia Dahlstr\u00f6m in tillsammans med tv\u00e5 s\u00f6ner, bl.a. Jochen som senare sk\u00f6tte telefonstationen i Vrigstad. De bodde kvar till 1906 respektive 1907.<\/p>\n<p>Makarna Lindstr\u00f6m bodde kvar i huset till sin d\u00f6d. Jonas-Petter dog 1909 och hustrun Albertina 1921.<\/p>\n<p>Lindstr\u00f6ms ene son Ernst var ocks\u00e5 urmakare. Han flyttade fr\u00e5n Vrigstad men \u00e5terv\u00e4nde med familj 1920. Han skulle ocks\u00e5 sk\u00f6ta klockorna p\u00e5 SJ, och han bodde i Vrigstad i perioder, men ocks\u00e5 i Alvesta. Det var b\u00e4ttre att bo i Alvesta, n\u00e4r han skulle sk\u00f6ta klockorna \u00e5t SJ. Han fick dock flytta igen n\u00e4r modern dog.<\/p>\n<p>N\u00e4r Albertina d\u00f6tt 1921 s\u00e5 flyttade skr\u00e4ddare Sigfrid Haegerstam med familj till Vrigstad, hyrde bostad och lokal och \u00f6ppnade skr\u00e4dderi i huset. Vid flytten hade de tre s\u00f6ner och tre d\u00f6ttrar. 1927 flyttade han till ett eget hus vid Mejerigatan 2.<\/p>\n<figure id=\"attachment_1140\" aria-describedby=\"caption-attachment-1140\" style=\"width: 700px\" class=\"wp-caption alignnone\"><a href=\"https:\/\/media.vrigstadshembygdsforening.se\/\/Torget6_1920.jpg\"><img loading=\"lazy\" decoding=\"async\" class=\"size-full wp-image-1140\" src=\"https:\/\/media.vrigstadshembygdsforening.se\/\/Torget6_1920.jpg\" alt=\"Skr\u00e4ddarm\u00e4stare Sigfrid Haegerstam i mitten tillsammans med Vera Johansson. Bildarkivet - 1920.\" width=\"700\" height=\"494\" srcset=\"https:\/\/media.vrigstadshembygdsforening.se\/Torget6_1920.jpg 700w, https:\/\/media.vrigstadshembygdsforening.se\/Torget6_1920-300x212.jpg 300w\" sizes=\"auto, (max-width: 700px) 100vw, 700px\" \/><\/a><figcaption id=\"caption-attachment-1140\" class=\"wp-caption-text\">Skr\u00e4ddarm\u00e4stare Sigfrid Haegerstam i mitten tillsammans med Vera Johansson. Bildarkivet &#8211; 1920.<\/figcaption><\/figure>\n<p>1924 flyttade Hjalmar Sandstedt fr\u00e5n L\u00e5ng\u00f6 i Nydala hit. Han gifte sig samma \u00e5r med Ida Bengtsson fr\u00e5n F\u00f6rlanda. Hon var barnmorska i Nydala fr\u00e5n 1916 och nu blev hon barnmorska i Vrigstad. Eftersom det nu fanns bilar, hann barnmorskan lite oftare fram innan barnet var f\u00f6tt.<br \/>\nP\u00e5 den tiden b\u00f6rjade man skicka alla barnaf\u00f6derskor till V\u00e4rnamo. De antecknades i husf\u00f6rh\u00f6rsl\u00e4ngden som f\u00f6dda i V\u00e4rnamo, men de har aldrig bott d\u00e4r utan var d\u00e4r bara en kort tid n\u00e4r de f\u00f6ddes.<\/p>\n<p>1926 startade Hjalmar Sandstedt tillsammans med Gunnar Hafstr\u00f6m en omnibusslinje mellan Stockaryd och V\u00e4rnamo. 1931 hade bolaget en Chevrolet 1931 \u00e5rs modell med en motor p\u00e5 45 hk och med plats f\u00f6r 19 personer. 1936 \u00f6verl\u00e4t Hafstr\u00f6m sin del i bolaget till Artur Boman i Fryele. Man hade d\u00e5 tv\u00e5 bussar. Senare k\u00f6pte man \u00e4ven en Volvo av 1937 \u00e5rs modell, med 90 hk och plats f\u00f6r 31 personer.<\/p>\n<p>1927 s\u00e5 \u00f6ppnade Alida Matilda Berngtsson, syster till barnmorskan Ida Sandstedt \u2013 som var gift med Hjalmar Sandstedt \u2013 caf\u00e9 p\u00e5 bottenv\u00e5ningen. Caf\u00e9et fick namnet Bengtas och fanns kvar en bit in p\u00e5 60-talet.<\/p>\n<figure id=\"attachment_1143\" aria-describedby=\"caption-attachment-1143\" style=\"width: 700px\" class=\"wp-caption alignnone\"><a href=\"https:\/\/media.vrigstadshembygdsforening.se\/\/Torget8_1940.jpg\"><img loading=\"lazy\" decoding=\"async\" class=\"size-full wp-image-1143\" src=\"https:\/\/media.vrigstadshembygdsforening.se\/\/Torget8_1940.jpg\" alt=\"Mattis Bengtsson i mitten p\u00e5 bilden tillsammans med, fr.v. systern Ida Sandstedt och Agnes Claesson. Bildarkivet - 1940.\" width=\"700\" height=\"438\" srcset=\"https:\/\/media.vrigstadshembygdsforening.se\/Torget8_1940.jpg 700w, https:\/\/media.vrigstadshembygdsforening.se\/Torget8_1940-300x188.jpg 300w\" sizes=\"auto, (max-width: 700px) 100vw, 700px\" \/><\/a><figcaption id=\"caption-attachment-1143\" class=\"wp-caption-text\">Mattis Bengtsson i mitten p\u00e5 bilden tillsammans med, fr.v. systern Ida Sandstedt och Agnes Claesson. Bildarkivet &#8211; 1940.<\/figcaption><\/figure>\n<figure id=\"attachment_1151\" aria-describedby=\"caption-attachment-1151\" style=\"width: 700px\" class=\"wp-caption alignnone\"><a href=\"https:\/\/media.vrigstadshembygdsforening.se\/\/Torget6_1930.jpg\"><img loading=\"lazy\" decoding=\"async\" class=\"wp-image-1151 size-full\" src=\"https:\/\/media.vrigstadshembygdsforening.se\/\/Torget6_1930.jpg\" alt=\"Hjalmar Sandstedt, t.h. Bildarkivet - 1930.\" width=\"700\" height=\"452\" srcset=\"https:\/\/media.vrigstadshembygdsforening.se\/Torget6_1930.jpg 700w, https:\/\/media.vrigstadshembygdsforening.se\/Torget6_1930-300x194.jpg 300w\" sizes=\"auto, (max-width: 700px) 100vw, 700px\" \/><\/a><figcaption id=\"caption-attachment-1151\" class=\"wp-caption-text\">Hjalmar Sandstedt, t.h, framf\u00f6r Bengtas Caf\u00e9. Bildarkivet &#8211; 1930.<\/figcaption><\/figure>\n<figure id=\"attachment_1141\" aria-describedby=\"caption-attachment-1141\" style=\"width: 700px\" class=\"wp-caption alignnone\"><a href=\"https:\/\/media.vrigstadshembygdsforening.se\/\/Torget6_1950.jpg\"><img loading=\"lazy\" decoding=\"async\" class=\"size-full wp-image-1141\" src=\"https:\/\/media.vrigstadshembygdsforening.se\/\/Torget6_1950.jpg\" alt=\"Stures Svenssons, Bengtas konditori, \u00c5ke Lindholms j\u00e4rnaff\u00e4r, Ymans frisersalong och S\u00f6rensens charkuteriaff\u00e4r. Bildarkivet - 1950.\" width=\"700\" height=\"430\" srcset=\"https:\/\/media.vrigstadshembygdsforening.se\/Torget6_1950.jpg 700w, https:\/\/media.vrigstadshembygdsforening.se\/Torget6_1950-300x184.jpg 300w\" sizes=\"auto, (max-width: 700px) 100vw, 700px\" \/><\/a><figcaption id=\"caption-attachment-1141\" class=\"wp-caption-text\">Stures Svenssons, Bengtas konditori, \u00c5ke Lindholms j\u00e4rnaff\u00e4r, Ymans frisersalong och S\u00f6rensens charkuteriaff\u00e4r. Bildarkivet &#8211; 1950.<\/figcaption><\/figure>\n<p>Under ett antal \u00e5r fanns Vrigstads allm\u00e4nna sjukkassa h\u00e4r, som senare flyttade till Torget 9.<br \/>\n<a href=\"https:\/\/media.vrigstadshembygdsforening.se\/\/Torget6_sjukkassa.jpg\"><img loading=\"lazy\" decoding=\"async\" class=\"alignnone size-full wp-image-1208\" src=\"https:\/\/media.vrigstadshembygdsforening.se\/\/Torget6_sjukkassa.jpg\" alt=\"Torget6_sjukkassa\" width=\"400\" height=\"554\" srcset=\"https:\/\/media.vrigstadshembygdsforening.se\/Torget6_sjukkassa.jpg 400w, https:\/\/media.vrigstadshembygdsforening.se\/Torget6_sjukkassa-217x300.jpg 217w\" sizes=\"auto, (max-width: 400px) 100vw, 400px\" \/><\/a><\/p>\n<p>1980 startade Gudrun Johansson och Eivor Larsson Lars-Johans Jeans och skobod.\u00a0 Verksamheten drevs ett par \u00e5r. H\u00e4r har \u00e4ven Sigge Gr\u00f6nberg och Allan Karlsson haft antikaff\u00e4r och h\u00e4r har \u00e4ven funnits en presentaff\u00e4r.<\/p>\n<p>Byggnaden revs 1983 och platsen blev parkering \u00e5t Jotos.<\/p>\n<p><a href=\"https:\/\/media.vrigstadshembygdsforening.se\/\/Torget6_1983_1.jpg\" rel=\"attachment wp-att-1274\"><img loading=\"lazy\" decoding=\"async\" class=\"alignnone size-full wp-image-1274\" src=\"https:\/\/media.vrigstadshembygdsforening.se\/\/Torget6_1983_1.jpg\" alt=\"Torget6_1983_1\" width=\"700\" height=\"451\" srcset=\"https:\/\/media.vrigstadshembygdsforening.se\/Torget6_1983_1.jpg 700w, https:\/\/media.vrigstadshembygdsforening.se\/Torget6_1983_1-300x193.jpg 300w\" sizes=\"auto, (max-width: 700px) 100vw, 700px\" \/><\/a><\/p>\n<figure id=\"attachment_1142\" aria-describedby=\"caption-attachment-1142\" style=\"width: 700px\" class=\"wp-caption alignnone\"><a href=\"https:\/\/media.vrigstadshembygdsforening.se\/\/Torget6_1983.jpg\"><img loading=\"lazy\" decoding=\"async\" class=\"size-full wp-image-1142\" src=\"https:\/\/media.vrigstadshembygdsforening.se\/\/Torget6_1983.jpg\" alt=\"Rune Karlsson och Georg Haegerstam tittar p\u00e5 det nyss rivna huset. Bildarkivet - 1983.\" width=\"700\" height=\"491\" srcset=\"https:\/\/media.vrigstadshembygdsforening.se\/Torget6_1983.jpg 700w, https:\/\/media.vrigstadshembygdsforening.se\/Torget6_1983-300x210.jpg 300w\" sizes=\"auto, (max-width: 700px) 100vw, 700px\" \/><\/a><figcaption id=\"caption-attachment-1142\" class=\"wp-caption-text\">Rune Karlsson och Georg Haegerstam tittar p\u00e5 det nyss rivna huset. Bildarkivet &#8211; 1983.<\/figcaption><\/figure>\n<p>Efter\u00a0rivningen av byggnaden iordningst\u00e4lldes den som parkering till Jotos\/Hemk\u00f6p.<br \/>\n<a href=\"https:\/\/media.vrigstadshembygdsforening.se\/\/Torget6_2015.jpg\"><img loading=\"lazy\" decoding=\"async\" class=\"alignnone size-full wp-image-1185\" src=\"https:\/\/media.vrigstadshembygdsforening.se\/\/Torget6_2015.jpg\" alt=\"Torget6_2015\" width=\"700\" height=\"403\" srcset=\"https:\/\/media.vrigstadshembygdsforening.se\/Torget6_2015.jpg 700w, https:\/\/media.vrigstadshembygdsforening.se\/Torget6_2015-300x173.jpg 300w\" sizes=\"auto, (max-width: 700px) 100vw, 700px\" \/><\/a><\/p>\n","protected":false},"excerpt":{"rendered":"<p>Text fr\u00e5n torgvandring 2017-09-03 Huset byggdes 1854 av urmakaren Jonas-Petter Lindstr\u00f6m. Han var f\u00f6dd i Lekaryd, Alvesta. Han utbildades i<\/p>\n","protected":false},"author":1,"featured_media":0,"parent":0,"menu_order":0,"comment_status":"closed","ping_status":"closed","template":"","meta":{"footnotes":""},"class_list":["post-1139","page","type-page","status-publish","hentry"],"_links":{"self":[{"href":"https:\/\/vrigstadshembygdsforening.se\/index.php?rest_route=\/wp\/v2\/pages\/1139","targetHints":{"allow":["GET"]}}],"collection":[{"href":"https:\/\/vrigstadshembygdsforening.se\/index.php?rest_route=\/wp\/v2\/pages"}],"about":[{"href":"https:\/\/vrigstadshembygdsforening.se\/index.php?rest_route=\/wp\/v2\/types\/page"}],"author":[{"embeddable":true,"href":"https:\/\/vrigstadshembygdsforening.se\/index.php?rest_route=\/wp\/v2\/users\/1"}],"replies":[{"embeddable":true,"href":"https:\/\/vrigstadshembygdsforening.se\/index.php?rest_route=%2Fwp%2Fv2%2Fcomments&post=1139"}],"version-history":[{"count":10,"href":"https:\/\/vrigstadshembygdsforening.se\/index.php?rest_route=\/wp\/v2\/pages\/1139\/revisions"}],"predecessor-version":[{"id":1790,"href":"https:\/\/vrigstadshembygdsforening.se\/index.php?rest_route=\/wp\/v2\/pages\/1139\/revisions\/1790"}],"wp:attachment":[{"href":"https:\/\/vrigstadshembygdsforening.se\/index.php?rest_route=%2Fwp%2Fv2%2Fmedia&parent=1139"}],"curies":[{"name":"wp","href":"https:\/\/api.w.org\/{rel}","templated":true}]}}