{"id":1110,"date":"2015-10-03T17:36:50","date_gmt":"2015-10-03T17:36:50","guid":{"rendered":"http:\/\/vrigstadshembygdsforening.se\/?page_id=1110"},"modified":"2017-09-04T09:32:03","modified_gmt":"2017-09-04T09:32:03","slug":"torget-5","status":"publish","type":"page","link":"https:\/\/vrigstadshembygdsforening.se\/?page_id=1110","title":{"rendered":"Torget 5"},"content":{"rendered":"<p><strong>Torgvandring 2017-09-03<br \/>\n<\/strong>\u00a9 Stig Marz<strong><br \/>\n<\/strong><\/p>\n<p>Huset skall enligt Henry Renshult vara uppf\u00f6rt 1857 av Magnus Lindahl, som hade aff\u00e4r i Torget 1.<\/p>\n<p>N\u00e5got av de sista \u00e5ren p\u00e5 1890-talet l\u00e4t d\u00e5varande \u00e4garen Johan Ek bygga till huset s\u00f6derut i en v\u00e5ning. Omkring 1930, d\u00e5 Mandli Svensson drev aff\u00e4ren och bodde i \u00f6verv\u00e5ningen, l\u00e4t han bygga p\u00e5 den Ekska utbyggnade med \u00f6verv\u00e5ning och fick p\u00e5 det s\u00e4ttet ett herrum i sin v\u00e5ning.<\/p>\n<p>I samband med att aff\u00e4ren blev sj\u00e4lvbetj\u00e4ningsbutik byggdes lokalerna ut \u00e5t \u00f6ster.<\/p>\n<p>De \u00e4ndringar som senare gjorts \u00e4r att ing\u00e5ngar flyttats eller tagits bort och interi\u00f6ren har anpassats till verksamheten med ytterligare utbyggnader. Den ursprungliga br\u00e4dfordringen d\u00f6ljs nu av reveteringen. P\u00e5 husets baksida l\u00e5g ett stort magasin, som f\u00f6r l\u00e4ngesedan \u00e4r rivet.<\/p>\n<p>1978 s\u00e5lde Ingrid Svensson fastigheten till Dagab Syd AB.<\/p>\n<p>Troligen hade Magnus Lindahl, som l\u00e4t uppf\u00f6ra huset,\u00a0aff\u00e4r h\u00e4r. Han blir \u00e4nkeman 1863 och flyttar 1865 till Vislanda i Kronobergs l\u00e4n. H\u00e4r gifter han om sig och 1871 emigrerar han till Amerika med familjen.<\/p>\n<p>1865 kommer Jonas Petter Johansson och \u00f6ppnar aff\u00e4r i huset. Han var f\u00f6dd 1837 i Stenshult. Han kallades allm\u00e4nt f\u00f6r \u201dLelle v\u00e4nnen\u201d. P\u00e5 ena handens \u00f6versida hade han en svart skinnlapp f\u00e4st med ett band om handleden. Under lappen var ett s\u00e5r, som inte ville l\u00e4ka och det rann st\u00e4ndigt en gulvit v\u00e4tska ur s\u00e5ret, vilket gjorde att damerna og\u00e4rna k\u00f6pte livsmedel, som m\u00e5ste hanteras manuellt. Han gifte sig 1868 med Emilie Charlotta Svensson fr\u00e5n Hagshult. Hon var dotter till kantorn och skoll\u00e4raren d\u00e4r P. Svensson. Hon var 18 \u00e5r vid gifterm\u00e5let och \u201dLelle v\u00e4nnen\u201d 31.<\/p>\n<p>\u201dLelle v\u00e4nnen\u201d drev aff\u00e4ren h\u00e4r till 1890 d\u00e5 han flyttar till Norra Ljunga.<\/p>\n<p>1890 k\u00f6per Johan Ek b\u00e5de huset och aff\u00e4ren. Ek var f\u00f6dd i Hylletofta 1849. Fadern Anders Johan Johansson var f\u00f6dd i Vrigstad 1819 i torpet H\u00f6rnet under Ekeberget. Efter d\u00e5tida namnbruk skulle Johan kallat sig Andersson, men tog namnet Ek efter Ekeberget.<\/p>\n<figure id=\"attachment_1111\" aria-describedby=\"caption-attachment-1111\" style=\"width: 700px\" class=\"wp-caption alignnone\"><a href=\"https:\/\/media.vrigstadshembygdsforening.se\/\/Torget5_1905.jpg\"><img loading=\"lazy\" decoding=\"async\" class=\"wp-image-1111 size-full\" src=\"https:\/\/media.vrigstadshembygdsforening.se\/\/Torget5_1905.jpg\" alt=\"\" width=\"700\" height=\"491\" srcset=\"https:\/\/media.vrigstadshembygdsforening.se\/Torget5_1905.jpg 700w, https:\/\/media.vrigstadshembygdsforening.se\/Torget5_1905-300x210.jpg 300w\" sizes=\"auto, (max-width: 700px) 100vw, 700px\" \/><\/a><figcaption id=\"caption-attachment-1111\" class=\"wp-caption-text\">Interi\u00f6r fr\u00e5n patron Ek:s aff\u00e4r. Fr.v. sonen Davis, Johan samt dottern Maria Ek. L\u00e4ngst till h\u00f6ger bitr\u00e4det Ivar Wallsten. Bildarkivet &#8211; 1904.<\/figcaption><\/figure>\n<p>Johan Ek kunde branschen. Han kom 1869 till Albert Wadells handelsbod i Gamla Bankg\u00e5rden och blev f\u00f6rest\u00e5ndare f\u00f6r denna d\u00e5 Wadell \u00f6ppnade aff\u00e4ren i Torget 1.<\/p>\n<p>1879 \u00f6vertog Johan Ek saluboden i Bankg\u00e5rden. N\u00e4r han nu 1890 k\u00f6pte Torget 5 och \u00f6ppnade sin aff\u00e4r h\u00e4r, beh\u00f6ll han Saluboden i Bankg\u00e5rden som filial med brodern Axel som f\u00f6rest\u00e5ndare.<\/p>\n<p>Johan Ek utvecklade sin aff\u00e4r s\u00e5 den kom att bli den st\u00f6rsta i Vrigstad. Han \u00f6ppnade \u00e4ven en filial i Nydala. 1908 \u00f6verl\u00e5ter Johan aff\u00e4ren till \u00e4ldste sonen David, som d\u00e5 var 28 \u00e5r. David d\u00f6r 1924 vid 44 \u00e5rs \u00e5lder.<\/p>\n<p>Under de kommande tv\u00e5 \u00e5ren drevs aff\u00e4ren av d\u00f6dsboet, som bestod av Davids tre minder\u00e5riga barn. Hustrun var d\u00f6d sedan tidigare. Det blev barnens moster Hilma Rydstr\u00f6m, som fick driva aff\u00e4ren f\u00f6r barnens r\u00e4kning.<\/p>\n<p>Ny \u00e4gare 1926 blev Mandli Svensson fr\u00e5n Moheda. Mandli hade av en handelsresande f\u00e5tt vetskap om att en aff\u00e4r var till salu i Korsberga. Mandli, hans far och handelsresanden gav sig iv\u00e4g f\u00f6r att titta p\u00e5 aff\u00e4ren. Under resan sa handelsresanden att han f\u00e5tt h\u00f6ra att det \u00e4ven i Vrigstad var en aff\u00e4r till salu. De besl\u00f6t att stanna i Vrigstad och titta \u00e4ven p\u00e5 den.<\/p>\n<p>Efter att de sett aff\u00e4ren och f\u00e5tt uppgifter om den sa Mandlis far:\u201dJag tror inte vi beh\u00f6ver resa l\u00e4ngre\u201d. Sagt och gjort. De \u00e5kte upp till Karl Gustafsson i Horveryd, som var barnen Eks f\u00f6rmyndare, och d\u00e4r gjorde de upp aff\u00e4ren.<\/p>\n<p>Till sin hj\u00e4lp att sk\u00f6ta aff\u00e4ren fick Mandli sina br\u00f6der Sture och Verner.<\/p>\n<p>1928 blev Mandli del\u00e4gare i det bolag som tog \u00f6ver Vrigstads Sandalfabrik och 1936 blev han ensam \u00e4gare till Sandalfabriken, som nu fick namnet Vrigstads Skofabrik.<\/p>\n<figure id=\"attachment_1116\" aria-describedby=\"caption-attachment-1116\" style=\"width: 700px\" class=\"wp-caption alignnone\"><a href=\"https:\/\/media.vrigstadshembygdsforening.se\/\/Torget5_1932.jpg\"><img loading=\"lazy\" decoding=\"async\" class=\"wp-image-1116 size-full\" src=\"https:\/\/media.vrigstadshembygdsforening.se\/\/Torget5_1932.jpg\" alt=\"\" width=\"700\" height=\"468\" srcset=\"https:\/\/media.vrigstadshembygdsforening.se\/Torget5_1932.jpg 700w, https:\/\/media.vrigstadshembygdsforening.se\/Torget5_1932-300x201.jpg 300w\" sizes=\"auto, (max-width: 700px) 100vw, 700px\" \/><\/a><figcaption id=\"caption-attachment-1116\" class=\"wp-caption-text\">M. Svensson stod det p\u00e5 skylten innan aff\u00e4ren d\u00f6ptes om till Br\u00f6derna Svensson. Fr. v. Verner Svensson, Karl Maars, Aron Karlsson och Sture Svensson. Vid cykeln Thure Olander och i d\u00f6rren Tage Maars. Bildarkivet &#8211; cirka 1932.<\/figcaption><\/figure>\n<figure id=\"attachment_1112\" aria-describedby=\"caption-attachment-1112\" style=\"width: 700px\" class=\"wp-caption alignnone\"><a href=\"https:\/\/media.vrigstadshembygdsforening.se\/\/Torget5_1938.jpg\"><img loading=\"lazy\" decoding=\"async\" class=\"wp-image-1112 size-full\" src=\"https:\/\/media.vrigstadshembygdsforening.se\/\/Torget5_1938.jpg\" alt=\"\" width=\"700\" height=\"402\" srcset=\"https:\/\/media.vrigstadshembygdsforening.se\/Torget5_1938.jpg 700w, https:\/\/media.vrigstadshembygdsforening.se\/Torget5_1938-300x172.jpg 300w\" sizes=\"auto, (max-width: 700px) 100vw, 700px\" \/><\/a><figcaption id=\"caption-attachment-1112\" class=\"wp-caption-text\">Fr\u00e5n att ha varit bitr\u00e4de i aff\u00e4ren \u00f6vertar Sture Svensson aff\u00e4ren 1932. Bildarkivet &#8211; 1938.<\/figcaption><\/figure>\n<figure id=\"attachment_1113\" aria-describedby=\"caption-attachment-1113\" style=\"width: 700px\" class=\"wp-caption alignnone\"><a href=\"https:\/\/media.vrigstadshembygdsforening.se\/\/Torget5_1930.jpg\"><img loading=\"lazy\" decoding=\"async\" class=\"wp-image-1113 size-full\" src=\"https:\/\/media.vrigstadshembygdsforening.se\/\/Torget5_1930.jpg\" alt=\"Aff\u00e4ren och magasinet, sett fr\u00e5n g\u00e5rdssidan\/baksidan av huset. Bildarkivet - 1930.\" width=\"700\" height=\"485\" srcset=\"https:\/\/media.vrigstadshembygdsforening.se\/Torget5_1930.jpg 700w, https:\/\/media.vrigstadshembygdsforening.se\/Torget5_1930-300x208.jpg 300w\" sizes=\"auto, (max-width: 700px) 100vw, 700px\" \/><\/a><figcaption id=\"caption-attachment-1113\" class=\"wp-caption-text\">Aff\u00e4ren och magasinet, sett fr\u00e5n g\u00e5rdssidan\/baksidan av huset. Bildarkivet &#8211; 1930.<\/figcaption><\/figure>\n<p>Huset har inte enbart varit aff\u00e4r- och bostadshus. 1886 flyttar V\u00e4stra H\u00e4rads Sparbank in i husets norra \u00e4nde, som tidigare anv\u00e4nts som lagerlokal f\u00f6r aff\u00e4ren. 1913 flyttade banken till lokaler i Gamla Bankg\u00e5rden. Sedan stod lokalerna tomma ett par \u00e5r tills Handelsbanken flyttade in.<\/p>\n<p>De var kvar till slutet av 1930-talet d\u00e5 Sk\u00e5nska Banken tog \u00f6ver lokalerna. De hade kvar verksamheten till slutet av 1970-talet d\u00e5 de st\u00e4ngde kontoret.<\/p>\n<figure id=\"attachment_1114\" aria-describedby=\"caption-attachment-1114\" style=\"width: 700px\" class=\"wp-caption alignnone\"><a href=\"https:\/\/media.vrigstadshembygdsforening.se\/\/Torget5_Handelsbanken.jpg\"><img loading=\"lazy\" decoding=\"async\" class=\"wp-image-1114 size-full\" src=\"https:\/\/media.vrigstadshembygdsforening.se\/\/Torget5_Handelsbanken.jpg\" alt=\"\" width=\"700\" height=\"496\" srcset=\"https:\/\/media.vrigstadshembygdsforening.se\/Torget5_Handelsbanken.jpg 700w, https:\/\/media.vrigstadshembygdsforening.se\/Torget5_Handelsbanken-300x213.jpg 300w\" sizes=\"auto, (max-width: 700px) 100vw, 700px\" \/><\/a><figcaption id=\"caption-attachment-1114\" class=\"wp-caption-text\">V\u00e4stra H\u00e4rads Sparbank hade fr\u00e5n 1886 ett kontor i den norra delen av fastigheten. 1893 blev den Vrigstads Sparbank, som hade kvar sina lokaler i fastigheten till 1913. Svenska Handelsbanken tog 1915 \u00f6ver lokalerna och i slutet av 30-talet \u00f6vertogs de av Sk\u00e5nska Banken. Sk\u00e5nska Banken fanns kvar till slutet av 1970-talet. Fr\u00e5n tiden med Handelsbanken, fr. v. Mandli Svensson, Emil Crona och Erik Hallstr\u00f6m. Bildarkivet &#8211; 1928.<\/figcaption><\/figure>\n<p><!-- x-tinymce\/html --><\/p>\n<p>Br\u00f6derna Sture och Verner tog nu \u00f6ver aff\u00e4ren. Sture i Vrigstad och Verner fick ta sig an filialen i Nydala. Under \u00e5ren 1945-1950 var aff\u00e4ren utarrenderad till Sigvard Johansson, f\u00f6dd 1923 i Bondstorp.<\/p>\n<p>Sture \u00e5tertog aff\u00e4ren och drev den en kort period i b\u00f6rjan av 1950-talet i kompanjonskap med Olle Cesar. 1965 tog Ingrid och Sture beslutet att g\u00f6ra om aff\u00e4ren till sj\u00e4lvbetj\u00e4ningsbutik, vilket de var bland de f\u00f6rsta att g\u00f6ra i omr\u00e5det. Charkavdelningen f\u00f6rblev dock manuell, vilket den fortfarande \u00e4r. 1971 avled Sture vid 60 \u00e5rs \u00e5lder.<\/p>\n<figure id=\"attachment_1115\" aria-describedby=\"caption-attachment-1115\" style=\"width: 700px\" class=\"wp-caption alignnone\"><a href=\"https:\/\/media.vrigstadshembygdsforening.se\/\/Torget5_1952.jpg\"><img loading=\"lazy\" decoding=\"async\" class=\"wp-image-1115 size-full\" src=\"https:\/\/media.vrigstadshembygdsforening.se\/\/Torget5_1952.jpg\" alt=\"\" width=\"700\" height=\"500\" srcset=\"https:\/\/media.vrigstadshembygdsforening.se\/Torget5_1952.jpg 700w, https:\/\/media.vrigstadshembygdsforening.se\/Torget5_1952-300x214.jpg 300w\" sizes=\"auto, (max-width: 700px) 100vw, 700px\" \/><\/a><figcaption id=\"caption-attachment-1115\" class=\"wp-caption-text\">Sture och Ingrid Svensson \u00e5tertar aff\u00e4ren 1950. P\u00e5 bilden poserar Sture i den nya porslinsavdelningen. 1964 inf\u00f6rdes sj\u00e4lvbetj\u00e4ning i aff\u00e4ren. Bildarkivet &#8211; 1952.<\/figcaption><\/figure>\n<p>Efter Stures bortg\u00e5ng s\u00e5lde Ingrid aff\u00e4ren till Gunnar Thor. Efter Gunnar tog sonen Anders \u00f6ver och efter Anders bortg\u00e5ng 2015 drivs aff\u00e4ren av familjen med Marianne i spetsen.<\/p>\n<figure id=\"attachment_1120\" aria-describedby=\"caption-attachment-1120\" style=\"width: 700px\" class=\"wp-caption alignnone\"><a href=\"https:\/\/media.vrigstadshembygdsforening.se\/\/Torget5_2011.jpg\"><img loading=\"lazy\" decoding=\"async\" class=\"wp-image-1120 size-full\" src=\"https:\/\/media.vrigstadshembygdsforening.se\/\/Torget5_2011.jpg\" alt=\"Anders, Malena och Marianne Thor tillsammans med Margareta Wolfram. Bildarkivet - 2011.\" width=\"700\" height=\"452\" srcset=\"https:\/\/media.vrigstadshembygdsforening.se\/Torget5_2011.jpg 700w, https:\/\/media.vrigstadshembygdsforening.se\/Torget5_2011-300x194.jpg 300w\" sizes=\"auto, (max-width: 700px) 100vw, 700px\" \/><\/a><figcaption id=\"caption-attachment-1120\" class=\"wp-caption-text\">Anders, Malena och Marianne Thor tillsammans med Margareta Wolfram. Bildarkivet &#8211; 2011.<\/figcaption><\/figure>\n<p><strong>Lite kuriosa<\/strong><br \/>\nH\u00e4radsskrivaren Robert Samsjoe, var V\u00e4stra H\u00e4rads Sparbanks ordf\u00f6rande under m\u00e5nga \u00e5r. Banken var bara \u00f6ppen en dag i veckan, det var torsdagar, som sammanf\u00f6ll med torgdagarna. Samsjoe satt sj\u00e4lv i kassan, han v\u00e5gade inte lita p\u00e5 n\u00e5gon annan.<\/p>\n<p>En dag kom en bonde in f\u00f6r att betala r\u00e4nta och amorterng p\u00e5 ett l\u00e5n. Samsjoe var v\u00e4ldigt noga med att man skulle ha j\u00e4mna pengar n\u00e4r man betalade. Detta hade inte bonden utan fick order om att g\u00e5 in till Ek i aff\u00e4ren och v\u00e4xla. Bonden \u00e5terv\u00e4nde till banken och la upp pengarna p\u00e5 disken. Samsioe r\u00e4knade och uppt\u00e4ckte att det fattades 1 \u00f6re.Bonden gr\u00e4vde f\u00f6rg\u00e4ves i byxfickorna efter ett-\u00f6ringen utan resultat. D\u00e5 sa Samsjoe: \u201dKr\u00e4ng byxorna bonnj\u00e4vel\u201d.<\/p>\n<p>En tid senare var Samsioe p\u00e5 ett kalas och n\u00e5gon fr\u00e5gade honom om det var sant att han bett bonden kr\u00e4nga byxorna. \u201dDet har jag aldrig sagt\u201d sa Samsioe. \u201dDet begriper Ni v\u00e4l att jag inte ville se ett par kr\u00e4ngda bonnabyxor\u201d.<\/p>\n<p>Johan Ek var en betydande person i samh\u00e4llet med flera kommunala uppdrag. Dessutom var han ledande i Vrigstads Missionsf\u00f6rsamling och Nykterhetsf\u00f6rening. I f\u00f6rfattarinnan Ulla Linders nyckelroman \u201dByarydskungen\u201d, d\u00e4r Vrigstad \u00e4r Byaryd och huvudpersonen \u00d6rnberg \u00e4r Fredrik Runstedt, figurerar ocks\u00e5 Johan Ek, som i romanen har namnet L\u00f6nnblad. <a href=\"https:\/\/media.vrigstadshembygdsforening.se\/\/Torget5_2015.jpg\"><img loading=\"lazy\" decoding=\"async\" class=\"alignnone size-full wp-image-1195\" src=\"https:\/\/media.vrigstadshembygdsforening.se\/\/Torget5_2015.jpg\" alt=\"Torget5_2015\" width=\"700\" height=\"378\" srcset=\"https:\/\/media.vrigstadshembygdsforening.se\/Torget5_2015.jpg 700w, https:\/\/media.vrigstadshembygdsforening.se\/Torget5_2015-300x162.jpg 300w\" sizes=\"auto, (max-width: 700px) 100vw, 700px\" \/><\/a><\/p>\n<p>&nbsp;<\/p>\n","protected":false},"excerpt":{"rendered":"<p>Torgvandring 2017-09-03 \u00a9 Stig Marz Huset skall enligt Henry Renshult vara uppf\u00f6rt 1857 av Magnus Lindahl, som hade aff\u00e4r i<\/p>\n","protected":false},"author":1,"featured_media":0,"parent":0,"menu_order":0,"comment_status":"closed","ping_status":"closed","template":"","meta":{"footnotes":""},"class_list":["post-1110","page","type-page","status-publish","hentry"],"_links":{"self":[{"href":"https:\/\/vrigstadshembygdsforening.se\/index.php?rest_route=\/wp\/v2\/pages\/1110","targetHints":{"allow":["GET"]}}],"collection":[{"href":"https:\/\/vrigstadshembygdsforening.se\/index.php?rest_route=\/wp\/v2\/pages"}],"about":[{"href":"https:\/\/vrigstadshembygdsforening.se\/index.php?rest_route=\/wp\/v2\/types\/page"}],"author":[{"embeddable":true,"href":"https:\/\/vrigstadshembygdsforening.se\/index.php?rest_route=\/wp\/v2\/users\/1"}],"replies":[{"embeddable":true,"href":"https:\/\/vrigstadshembygdsforening.se\/index.php?rest_route=%2Fwp%2Fv2%2Fcomments&post=1110"}],"version-history":[{"count":12,"href":"https:\/\/vrigstadshembygdsforening.se\/index.php?rest_route=\/wp\/v2\/pages\/1110\/revisions"}],"predecessor-version":[{"id":1782,"href":"https:\/\/vrigstadshembygdsforening.se\/index.php?rest_route=\/wp\/v2\/pages\/1110\/revisions\/1782"}],"wp:attachment":[{"href":"https:\/\/vrigstadshembygdsforening.se\/index.php?rest_route=%2Fwp%2Fv2%2Fmedia&parent=1110"}],"curies":[{"name":"wp","href":"https:\/\/api.w.org\/{rel}","templated":true}]}}