{"id":1090,"date":"2015-10-02T17:21:27","date_gmt":"2015-10-02T17:21:27","guid":{"rendered":"http:\/\/vrigstadshembygdsforening.se\/?page_id=1090"},"modified":"2022-03-26T17:59:37","modified_gmt":"2022-03-26T17:59:37","slug":"torget-1","status":"publish","type":"page","link":"https:\/\/vrigstadshembygdsforening.se\/?page_id=1090","title":{"rendered":"Torget 1"},"content":{"rendered":"<p><strong>Torgvandring 2017-09-03<br \/>\n<\/strong>\u00a9 Stig Marz<\/p>\n<p>Jag tror jag v\u00e5gar s\u00e4ga att det hus vi har framf\u00f6r oss \u00e4r Vrigstads \u00e4ldsta hus. P\u00e5 en karta fr\u00e5n 1600-talets andra h\u00e4lft ligger ett hus just p\u00e5 denna plats och anges d\u00e5 vara G\u00e4stgivarg\u00e5rd. Med st\u00f6rsta sannolikhet \u00e4r det detta huset.<\/p>\n<p>D\u00e5 vi under v\u00e5r vandring kommer att ber\u00f6ra G\u00e4stgiverier \u00e4r det p\u00e5 sin plats att i korthet n\u00e4mna n\u00e5got om G\u00e4stgivarev\u00e4sendets historia. Redan p\u00e5 1200-talet hade problemen med v\u00e5ldg\u00e4stning uppm\u00e4rksammats, vilket resulterade i att det lagstadgades om att i varje by skulle tills\u00e4ttas en s.k. skjutsr\u00e4ttare, som mot betalning skulle anvisa var de resande kunde f\u00e5 kost och logi. Detta g\u00e4llde fram till G\u00e4stgivare f\u00f6rordningen kom 1649.<\/p>\n<p>Vilka de f\u00f6rsta skjutsr\u00e4ttarna i Vrigstad var vet vi inte, men 1636 var Per i Boda Skjutsr\u00e4ttare. Han avl\u00f6stes 1646 av Peder Jonsson i H\u00f6ga Stenstorp, som l\u00e5g intill Lundholmen.<\/p>\n<p>Varf\u00f6r fanns Skjutsr\u00e4ttarna just i Boda och Lundholmen, kan man fr\u00e5ga sig? Det var s\u00e5 att d\u00e5varande v\u00e4gen mellan J\u00f6nk\u00f6ping och V\u00e4xj\u00f6 vek av vid Boda och gick \u00f6ver f\u00e4lten vid Lundholmen och \u00f6ver en bro som gick \u00f6ver \u00e5n mellan H\u00f6gebrosj\u00f6n och Pelikroken och vidare s\u00f6derut \u00f6ver Sunnerby Norreg\u00e5rds \u00e4gor och f\u00f6rbi Bautastenarna, som st\u00e5r d\u00e4r. Om inte v\u00e4gen \u00e4r uppl\u00f6jd s\u00e5 kan man se den \u00e4n idag. Den fanns i varje fall kvar 1977 d\u00e5 jag var d\u00e4r och fotograferade bautastenarna.<\/p>\n<p>Namnet H\u00f6gebrosj\u00f6n \u00e4r ett arv efter den bro som gick \u00f6ver \u00e5n d\u00e4r. Namnet H\u00f6gbro s\u00e4ger att det var en riktig bro och inte ett vadst\u00e4lle. Pelikroken \u00e4r s\u00e4kerligen en f\u00f6rvanskning av \u201dPelarkrog\u201d. Utefter f\u00e4rdv\u00e4garna fanns under medeltiden s.k. pelarkrogar d\u00e4r v\u00e4garna gick intill vattendrag. Pelarkrogarna bestod av en p\u00e5le med krokar d\u00e4r det h\u00e4ngde krus, som de resande anv\u00e4nde f\u00f6r att ta upp vatten ur vattendraget och dricka till den medhavda reskosten..<\/p>\n<p>N\u00e4r byggdes d\u00e5 detta hus? Min teori \u00e4r f\u00f6ljande: 1649 kom den lag som kom att kallas \u201dKrogare-och G\u00e4stgifware ordningen\u201d. Det gamla systemet med skjutsr\u00e4ttare upph\u00f6rde och resandet kn\u00f6ts nu till G\u00e4stgivarg\u00e5rdar, som skulle ligga med c:a tv\u00e5 mils avst\u00e5nd ifr\u00e5n varandra.<\/p>\n<p>Vi vet att bron \u00f6ver \u00e5n mellan H\u00f6gebrosj\u00f6n och Pelikroken , som jag n\u00e4mnde om tidigare, var ganska f\u00f6rfallen vid 1600-talets mitt men bron i Vrigstad var i gott skick varf\u00f6r v\u00e4gen J\u00f6nk\u00f6ping-V\u00e4xj\u00f6 nu kom att g\u00e5 genom Vrigstad. V\u00e4gen \u00f6sterifr\u00e5n hade sedan tidigare vikit av h\u00e4r vid torget och g\u00e5tt s\u00f6derut, ungef\u00e4r med samma str\u00e4ckning den har idag och anslutit till J\u00f6nk\u00f6ping-V\u00e4xj\u00f6v\u00e4gen i Sunnerby.<\/p>\n<p>S\u00e5 l\u00e4nge den gamla v\u00e4gstr\u00e4ckningen var i bruk var Kyrkarp skjutsst\u00e4lle och krog. N\u00e4r v\u00e4gstr\u00e4ckningen sedan kom att g\u00e5 genom Vrigstad lades g\u00e4stgivarg\u00e5rden i Kyrkarp ned och en av g\u00e5rdarna i Lundby blev g\u00e4stgivareg\u00e5rd. 1656 har vi n\u00e4mnligen en g\u00e4stgivare Nils Eriksson i Lundby. Han avs\u00e4ger sig g\u00e4stgiveriet 1665 och Lunnaberg anses som en b\u00e4ttre plats f\u00f6r g\u00e4stgiveri 1666. Det var ju ganska logiskt d\u00e5 alla resande s\u00f6derut passerade Lunnaberg, \u00e4ven de som kom \u00f6sterifr\u00e5n, fr\u00e5n Vetlanda och Eksj\u00f6. Marknadsplatsen l\u00e5g ju ocks\u00e5 utefter V\u00e4xj\u00f6v\u00e4gen, vilket s\u00e4kert var en av anledningarna till att Lunnaberg blev g\u00e4stgiveri.<\/p>\n<p>I Lunnaberg var g\u00e4stgiveriet fram till 1687-88, d\u00e5 g\u00e4stgivaren Nils Andersson flyttar till detta huset, det vi idag kallar Torget 1. Huset var d\u00e5 troligen nybyggt varf\u00f6r vi troligtvis med viss reservation kan ange byggnads\u00e5ret till 1687-88. Enligt reglerna skulle G\u00e4stgivarg\u00e5rdarna ha, f\u00f6rutom g\u00e4stgivarens egna rum, tre kammare, en f\u00f6r \u201dadlige st\u00e5ndspersoner\u201d, en f\u00f6r \u201dannat hederligt folk\u201d, och en f\u00f6r \u201dgemene man\u201d, d.v.s. vanligt folk.<\/p>\n<p>Huset hade ursprungligen endast en v\u00e5ning, men skall enligt ett f\u00f6rs\u00e4kringsbrev vara p\u00e5byggt med en andra v\u00e5ning 1795. John Johansson, som \u00f6vertog huset 1930 har ber\u00e4ttat att han 1938 gjorde en omfattande renovering och kunde d\u00e5 konstatera att \u00f6verv\u00e5ningens timmer var av helt annan grovlek och behuggning. Han l\u00e4t d\u00e5 ocks\u00e5 riva en stor bakugn, som var s\u00e5 djup att man inte n\u00e5dde botten med ett r\u00e4fseskaft enligt John.<\/p>\n<p>Huset uppf\u00f6rdes ursprungligen som G\u00e4stgivarg\u00e5rd, v\u00e5gar vi nog s\u00e4ga och jag tror jag \u00e4r ganska n\u00e4ra sanningen om jag s\u00e4ger att h\u00e4r var g\u00e4stgivarg\u00e5rd till omkring 1845. D\u00e5 blev fastigheten Torget 9 g\u00e4stgiveri.<\/p>\n<p>H\u00e4r i Torget 1 etablerade sig 1848 en handlanden Frans August Petersson, som f\u00f6ljdes av Magnus Lindahl, Boberg och Sj\u00f6lander, vilka alla drev lanthandel i huset.<\/p>\n<p>N\u00e4ringsfrihetsf\u00f6rordningen, som kom 1846, till\u00e4t n\u00e4ringsidkare att etablera sig p\u00e5 landsbygden, vilket inte varit m\u00f6jligt tidigare.<\/p>\n<p>1869 flyttade Albert Wadell hit och \u00f6ppnade aff\u00e4r. Han kom fr\u00e5n Bolagsg\u00e5rden d\u00e4r han haft diverseaff\u00e4r ett antal \u00e5r.<\/p>\n<figure id=\"attachment_1091\" aria-describedby=\"caption-attachment-1091\" style=\"width: 700px\" class=\"wp-caption alignnone\"><a href=\"https:\/\/media.vrigstadshembygdsforening.se\/\/Torget1_1890.jpg\"><img loading=\"lazy\" decoding=\"async\" class=\"wp-image-1091 size-full\" src=\"https:\/\/media.vrigstadshembygdsforening.se\/\/Torget1_1890.jpg\" alt=\"\" width=\"700\" height=\"360\" srcset=\"https:\/\/media.vrigstadshembygdsforening.se\/Torget1_1890.jpg 700w, https:\/\/media.vrigstadshembygdsforening.se\/Torget1_1890-300x154.jpg 300w\" sizes=\"auto, (max-width: 700px) 100vw, 700px\" \/><\/a><figcaption id=\"caption-attachment-1091\" class=\"wp-caption-text\">Fastigheten l\u00e4r vara en av Vrigstads \u00e4ldsta byggnader. Wadell byggde p\u00e5 1870-talet byggnaden bakom Torget 1. Det huset brann ner 1956. Bildarkivet &#8211; cirka 1890.<\/figcaption><\/figure>\n<p>1897 gjorde Wadell konkurs och st\u00f6rste fodrings\u00e4gare var grossistf\u00f6retaget Berggren i Halmstad. Tv\u00e5 systrar Berggren \u00f6vertog aff\u00e4ren. De \u00f6verl\u00e4mnade den ganska snart till Carl Sandwall, som gjorde konkurs 1900.<\/p>\n<p>1901 tog John Kilian Bengtsson \u00f6ver aff\u00e4ren. Han kallades allm\u00e4nt f\u00f6r \u201dKilo Bengtsson\u201d. Han var Hall\u00e4ning, f\u00f6dd i Breared och hade haft aff\u00e4r i Skillingaryd. Han drev framg\u00e5ngsrikt aff\u00e4ren till 1930 d\u00e5 han avled.<\/p>\n<figure id=\"attachment_1092\" aria-describedby=\"caption-attachment-1092\" style=\"width: 700px\" class=\"wp-caption alignnone\"><a href=\"https:\/\/media.vrigstadshembygdsforening.se\/\/Torget1_1915.jpg\"><img loading=\"lazy\" decoding=\"async\" class=\"wp-image-1092 size-full\" src=\"https:\/\/media.vrigstadshembygdsforening.se\/\/Torget1_1915.jpg\" alt=\"Bildarkivet - cirka 1915\" width=\"700\" height=\"433\" srcset=\"https:\/\/media.vrigstadshembygdsforening.se\/Torget1_1915.jpg 700w, https:\/\/media.vrigstadshembygdsforening.se\/Torget1_1915-300x186.jpg 300w\" sizes=\"auto, (max-width: 700px) 100vw, 700px\" \/><\/a><figcaption id=\"caption-attachment-1092\" class=\"wp-caption-text\">Bildarkivet &#8211; cirka 1915.<\/figcaption><\/figure>\n<figure id=\"attachment_1093\" aria-describedby=\"caption-attachment-1093\" style=\"width: 350px\" class=\"wp-caption alignnone\"><a href=\"https:\/\/media.vrigstadshembygdsforening.se\/\/Torget1_JKBengtsson.jpg\"><img loading=\"lazy\" decoding=\"async\" class=\"wp-image-1093 size-full\" src=\"https:\/\/media.vrigstadshembygdsforening.se\/\/Torget1_JKBengtsson.jpg\" alt=\"J.K. &quot;Kilo&quot; Bengtsson - 1971-1930. Bildarkivet - cirka 1910.\" width=\"350\" height=\"419\" srcset=\"https:\/\/media.vrigstadshembygdsforening.se\/Torget1_JKBengtsson.jpg 350w, https:\/\/media.vrigstadshembygdsforening.se\/Torget1_JKBengtsson-251x300.jpg 251w\" sizes=\"auto, (max-width: 350px) 100vw, 350px\" \/><\/a><figcaption id=\"caption-attachment-1093\" class=\"wp-caption-text\">J.K. &#8221;Kilo&#8221; Bengtsson &#8211; 1871-1930.<br \/>Bildarkivet &#8211; cirka 1910.<\/figcaption><\/figure>\n<p>John Johansson, f\u00f6dd i S\u00e4vsj\u00f6 1890, kom som aff\u00e4rsbitr\u00e4de till Kilo Bengtsson 1910. Efter Bengtssons bortg\u00e5ng \u00f6vertog John aff\u00e4ren och huset.<\/p>\n<figure id=\"attachment_1149\" aria-describedby=\"caption-attachment-1149\" style=\"width: 700px\" class=\"wp-caption alignnone\"><a href=\"https:\/\/media.vrigstadshembygdsforening.se\/\/Torget1_1930.jpg\"><img loading=\"lazy\" decoding=\"async\" class=\"size-full wp-image-1149\" src=\"https:\/\/media.vrigstadshembygdsforening.se\/\/Torget1_1930.jpg\" alt=\"John Johansson vid bensinpumpen. Bilden \u00e4r fr\u00e5n 1930-talet d\u00e5 bensinen kostade 20 \u00f6re litern.\" width=\"700\" height=\"651\" srcset=\"https:\/\/media.vrigstadshembygdsforening.se\/Torget1_1930.jpg 700w, https:\/\/media.vrigstadshembygdsforening.se\/Torget1_1930-300x279.jpg 300w\" sizes=\"auto, (max-width: 700px) 100vw, 700px\" \/><\/a><figcaption id=\"caption-attachment-1149\" class=\"wp-caption-text\">John Johansson vid bensinpumpen. Bilden \u00e4r fr\u00e5n 1930-talet d\u00e5 bensinen kostade 20 \u00f6re litern.<\/figcaption><\/figure>\n<p>John drev aff\u00e4ren till 1947 d\u00e5 ny \u00e4gare blev Gunnar Gustafsson, som tidigare varit f\u00f6rest\u00e5ndare f\u00f6r Konsumbutiken i Vrigstad. 1968 lade Gunnar ned aff\u00e4ren. I och med det var diversehandelns saga all i huset.<\/p>\n<figure id=\"attachment_1094\" aria-describedby=\"caption-attachment-1094\" style=\"width: 700px\" class=\"wp-caption alignnone\"><a href=\"https:\/\/media.vrigstadshembygdsforening.se\/\/Torget1_1960.jpg\"><img loading=\"lazy\" decoding=\"async\" class=\"size-full wp-image-1094\" src=\"https:\/\/media.vrigstadshembygdsforening.se\/\/Torget1_1960.jpg\" alt=\"Aff\u00e4ren beh\u00f6ll namnet efter f\u00f6retr\u00e4daren. Bildarkivet - cirka 1960.\" width=\"700\" height=\"441\" srcset=\"https:\/\/media.vrigstadshembygdsforening.se\/Torget1_1960.jpg 700w, https:\/\/media.vrigstadshembygdsforening.se\/Torget1_1960-300x189.jpg 300w\" sizes=\"auto, (max-width: 700px) 100vw, 700px\" \/><\/a><figcaption id=\"caption-attachment-1094\" class=\"wp-caption-text\">Aff\u00e4ren beh\u00f6ll namnet efter f\u00f6retr\u00e4daren. Bildarkivet &#8211; cirka 1960.<\/figcaption><\/figure>\n<figure id=\"attachment_1095\" aria-describedby=\"caption-attachment-1095\" style=\"width: 700px\" class=\"wp-caption alignnone\"><a href=\"https:\/\/media.vrigstadshembygdsforening.se\/\/Torget1_GG.jpg\"><img loading=\"lazy\" decoding=\"async\" class=\"wp-image-1095 size-full\" src=\"https:\/\/media.vrigstadshembygdsforening.se\/\/Torget1_GG.jpg\" alt=\"Torget1_GG\" width=\"700\" height=\"509\" srcset=\"https:\/\/media.vrigstadshembygdsforening.se\/Torget1_GG.jpg 700w, https:\/\/media.vrigstadshembygdsforening.se\/Torget1_GG-300x218.jpg 300w, https:\/\/media.vrigstadshembygdsforening.se\/Torget1_GG-260x190.jpg 260w\" sizes=\"auto, (max-width: 700px) 100vw, 700px\" \/><\/a><figcaption id=\"caption-attachment-1095\" class=\"wp-caption-text\">Gunnar Gustavsson i aff\u00e4ren. Bildarkivet &#8211; 1968.<\/figcaption><\/figure>\n<p>Samma \u00e5r tog Biblioteket \u00f6ver de gamla butikslokalerna och hade sin verksamhet h\u00e4r till 1982 d\u00e5 biblioteket flyttade till Torget 9, som vi s\u00e5 sm\u00e5ningom kommer till.<\/p>\n<p><strong>Lite kuriosa<\/strong><br \/>\n1895 etablerade Telefon AB L. M. Ericsson en telefonstation i ett rum i husets \u00f6stra del. Den som sk\u00f6tte v\u00e4xeln var Jochen Dahlstr\u00f6m, dotterson till prosten Bergqvist i Vrigstad. Hans far var Regementsskrivare och hade 1869 rymt till Amerika med regementskassan. Jochen hade att betj\u00e4na sju abonnenter, s\u00e5 det var nog ett ganska behagligt jobb. Telefonstationen var kvar h\u00e4r till 1906 d\u00e5 den flyttade till Torget 2 d\u00e4r den sedan var kvar till automatiseringen 1962.<\/p>\n<p>S\u00e4kerligen har m\u00e5nga prominenta personer \u00f6vernattat h\u00e4r under tiden huset var G\u00e4stgivarg\u00e5rd. En som vi med s\u00e4kerhet vet \u00f6vernattat h\u00e4r \u00e4r sj\u00e4lvaste \u201dBlomsterkungen\u201d Carl von Linn\u00e9. Den 17 augusti 1741 \u00f6vernattade han h\u00e4r ber\u00e4ttar han i sina anteckningar p\u00e5 sin Gotl\u00e4ndska resa.<\/p>\n<p>Kilo Bengtsson, som hade aff\u00e4r h\u00e4r under \u00e5ren 1901 till 1930, var en glad och trevlig s\u00e4llskapsm\u00e4nniska. Gustaf Dahl har ber\u00e4ttat f\u00f6ljande historia f\u00f6r mig, som h\u00e4r kommer i f\u00f6rkortad version: Det hela utspelade sig p\u00e5 v\u00e5ren 1914. Man b\u00f6rjade ana att ett v\u00e4rldskrig inte var s\u00e5 avl\u00e4gset. Vrigstads ledighetskommitte satt p\u00e5 kaffes\u00e4ckarna i Bengtssons aff\u00e4r och spekulerade. N\u00e5gon hade h\u00f6rt att det skulle bli ransonering p\u00e5 bl.a. kaffe och att det ocks\u00e5 var risk f\u00f6r att det skulle bli ont om br\u00f6d. Ett rykte hade spritts om att en Dansk hade k\u00f6pt upp Stockaryds mosse och skulle g\u00f6ra kn\u00e4ckebr\u00f6d av torven. Festprissen Kilo sa: \u201dInnan tiderna blir f\u00f6r sv\u00e5ra ska vi roa oss rej\u00e4lt. Vi reser till K\u00f6penhamn och p\u00e5 v\u00e4gen kan vi bes\u00f6ka Gustaf Dahl i Lund, han kan beh\u00f6va lite avbrott i studierna\u201d. Sagt och gjort.<\/p>\n<p>N\u00e4r s\u00e4llskapet steg av t\u00e5get i Lund sa Kilo:\u201dJag har lite ont i halsen\u201d. \u201dDet ska vi snart sk\u00f6lja bort med l\u00e4mpliga drycker\u201d, sa n\u00e5gon i s\u00e4llskapet. Men dryckerna, som intogs p\u00e5 Akademiska f\u00f6reningens restaurang, ledde inte till n\u00e5gon f\u00f6rb\u00e4ttring. Fram p\u00e5 natten fick de hj\u00e4lpa Kilo upp p\u00e5 hans rum p\u00e5 hotellet.D\u00e4r blev han liggande i h\u00f6g feber. Det lilla s\u00e4llskapet f\u00f6rs\u00f6kte muntra upp honom, men inget hj\u00e4lpte, Kilo blev bara s\u00e4mre och s\u00e4mre.<\/p>\n<p>Gustaf, som hade gjort rekryten som sjukv\u00e5rdssoldat, kunde konstatera att hans halsonda var en halsb\u00f6ld. D\u00e5 inga tillr\u00e4ckligt l\u00e5nga knivar fanns att tillg\u00e5 f\u00f6r ett operativt ingrepp, visste n\u00e5gon att varm \u00f6l tillsatt med ingef\u00e4ra skulle vara bra mot halsb\u00f6ld. Man blandade till \u201dmedicinen\u201d, men vad som h\u00e4nde var att Kilo fick ett kv\u00e4vningsanfall och blev h\u00f6gr\u00f6d i ansiktet. Medan man diskuterade vad man skulle g\u00f6ra reste sig Kilo upp i s\u00e4ngen och med blodspr\u00e4ngda \u00f6gon v\u00e4ste han fram:\u201dGe mig en revolver\u201d.<\/p>\n<p>Kilo uttalade revolver med sina Hall\u00e4ndska tungrots r med s\u00e5 kraftig skorrning att halsb\u00f6lden brast. Efter ett par dagar var Kilo \u00e5terst\u00e4lld och s\u00e4llskapet kunde \u00e5terv\u00e4nda till Vrigstad. Efter\u00e5t sa kilo:\u201dTill K\u00f6penhamn kom vi inte men det blev lika dyrt i alla fall\u201d.<\/p>\n<figure id=\"attachment_1108\" aria-describedby=\"caption-attachment-1108\" style=\"width: 700px\" class=\"wp-caption alignnone\"><a href=\"https:\/\/media.vrigstadshembygdsforening.se\/\/Torget1_Dans.jpg\"><img loading=\"lazy\" decoding=\"async\" class=\"wp-image-1108 size-full\" src=\"https:\/\/media.vrigstadshembygdsforening.se\/\/Torget1_Dans.jpg\" alt=\"Torget1_Dans\" width=\"700\" height=\"457\" srcset=\"https:\/\/media.vrigstadshembygdsforening.se\/Torget1_Dans.jpg 700w, https:\/\/media.vrigstadshembygdsforening.se\/Torget1_Dans-300x196.jpg 300w\" sizes=\"auto, (max-width: 700px) 100vw, 700px\" \/><\/a><figcaption id=\"caption-attachment-1108\" class=\"wp-caption-text\">Dan Andersson startade och drev Dan&#8217;s Fritidsbod h\u00e4r under \u00e5ren 1986-1993. Verksamheten flyttade d\u00e5 till Torget 3.<\/figcaption><\/figure>\n<figure id=\"attachment_1096\" aria-describedby=\"caption-attachment-1096\" style=\"width: 700px\" class=\"wp-caption alignnone\"><a href=\"https:\/\/media.vrigstadshembygdsforening.se\/\/Torget1.jpg\"><img loading=\"lazy\" decoding=\"async\" class=\"wp-image-1096 size-full\" src=\"https:\/\/media.vrigstadshembygdsforening.se\/\/Torget1.jpg\" alt=\"Sedan 1997 finns Atelj\u00e9 Stuvbiten i fastigheten.\" width=\"700\" height=\"401\" srcset=\"https:\/\/media.vrigstadshembygdsforening.se\/Torget1.jpg 700w, https:\/\/media.vrigstadshembygdsforening.se\/Torget1-300x172.jpg 300w\" sizes=\"auto, (max-width: 700px) 100vw, 700px\" \/><\/a><figcaption id=\"caption-attachment-1096\" class=\"wp-caption-text\">1997 flyttade Annelie Ericsson med Atelj\u00e9 Stuvbiten in i fastigheten. Kommunen har bl.a. bedrivit projektverksamhet d\u00e4r sedan dess.<\/figcaption><\/figure>\n","protected":false},"excerpt":{"rendered":"<p>Torgvandring 2017-09-03 \u00a9 Stig Marz Jag tror jag v\u00e5gar s\u00e4ga att det hus vi har framf\u00f6r oss \u00e4r Vrigstads \u00e4ldsta<\/p>\n","protected":false},"author":1,"featured_media":0,"parent":0,"menu_order":0,"comment_status":"closed","ping_status":"closed","template":"","meta":{"footnotes":""},"class_list":["post-1090","page","type-page","status-publish","hentry"],"_links":{"self":[{"href":"https:\/\/vrigstadshembygdsforening.se\/index.php?rest_route=\/wp\/v2\/pages\/1090","targetHints":{"allow":["GET"]}}],"collection":[{"href":"https:\/\/vrigstadshembygdsforening.se\/index.php?rest_route=\/wp\/v2\/pages"}],"about":[{"href":"https:\/\/vrigstadshembygdsforening.se\/index.php?rest_route=\/wp\/v2\/types\/page"}],"author":[{"embeddable":true,"href":"https:\/\/vrigstadshembygdsforening.se\/index.php?rest_route=\/wp\/v2\/users\/1"}],"replies":[{"embeddable":true,"href":"https:\/\/vrigstadshembygdsforening.se\/index.php?rest_route=%2Fwp%2Fv2%2Fcomments&post=1090"}],"version-history":[{"count":10,"href":"https:\/\/vrigstadshembygdsforening.se\/index.php?rest_route=\/wp\/v2\/pages\/1090\/revisions"}],"predecessor-version":[{"id":5230,"href":"https:\/\/vrigstadshembygdsforening.se\/index.php?rest_route=\/wp\/v2\/pages\/1090\/revisions\/5230"}],"wp:attachment":[{"href":"https:\/\/vrigstadshembygdsforening.se\/index.php?rest_route=%2Fwp%2Fv2%2Fmedia&parent=1090"}],"curies":[{"name":"wp","href":"https:\/\/api.w.org\/{rel}","templated":true}]}}